{"id":3754,"date":"2022-10-13T12:45:47","date_gmt":"2022-10-13T10:45:47","guid":{"rendered":"https:\/\/forumqualenergia.it\/2022\/?page_id=3754"},"modified":"2025-09-02T19:39:06","modified_gmt":"2025-09-02T17:39:06","slug":"home-2","status":"publish","type":"page","link":"https:\/\/forumqualenergia.it\/2022\/home-2\/","title":{"rendered":"Home 2022"},"content":{"rendered":"<p>[vc_row][vc_column width=&#8221;1\/2&#8243;][vc_video link=&#8221;https:\/\/www.youtube.com\/playlist?list=PLxg8zeR6Dh5Y66-7e-BLNRnHd5AT1nZTp&#8221; align=&#8221;center&#8221; title=&#8221;Le Dirette&#8221;][\/vc_column][vc_column width=&#8221;1\/2&#8243;][vc_video link=&#8221;https:\/\/youtube.com\/playlist?list=PLxg8zeR6Dh5YzO9Q9iEMDrjBhZAU62wCR&#8221; title=&#8221;Le Interviste&#8221;][\/vc_column][\/vc_row][vc_row disable_element=&#8221;yes&#8221;][vc_column width=&#8221;1\/2&#8243;][vc_video link=&#8221;https:\/\/youtu.be\/1_ZER9vcxqw&#8221; align=&#8221;center&#8221; title=&#8221;Diretta MATTINA 29 novembre&#8221;][\/vc_column][vc_column width=&#8221;1\/2&#8243;][vc_video link=&#8221;https:\/\/youtu.be\/lIqZYIne7p4&#8243; title=&#8221;Diretta POMERIGGIO 29 novembre&#8221;][\/vc_column][\/vc_row][vc_row equal_height=&#8221;yes&#8221; margin_top=&#8221;-1em&#8221; bg_color=&#8221;#efefef&#8221;][vc_column delimiter=&#8221;vline&#8221; css=&#8221;.vc_custom_1599924830763{margin-top: 0px !important;margin-bottom: 0px !important;}&#8221;][vc_column_text]<\/p>\n<h2>Forum &#8220;QualEnergia?&#8221; &#8211; XV edizione<\/h2>\n<p class=\"p1\" style=\"text-align: left;\">Nato dall\u2019esperienza del bimestrale QualEnergia, il Forum propone un confronto tra istituzioni, imprese, mondo dell\u2019economia e della ricerca sull\u2019efficienza energetica e le fonti rinnovabili. Due giorni di dibattito con amministratori pubblici, docenti universitari e imprenditori impegnati in incontri e faccia a faccia condotti da giornalisti specializzati. Nel 2022 si \u00e8 tenuto il <strong>29 e 30 novembre<\/strong> <strong>a Roma<\/strong> presso la<strong> <a href=\"https:\/\/www.hotelquirinale.it\/location-contatti\/\" target=\"_blank\" rel=\"noopener\">Sala Verdi dell&#8217;Hotel Quirinale, in via Nazionale 7.<\/a><\/strong><\/p>\n<p>[\/vc_column_text][\/vc_column][\/vc_row][vc_row][vc_column width=&#8221;1\/2&#8243;][vc_cta h2=&#8221;Dossier Legambiente&#8221; txt_align=&#8221;center&#8221; remove_margins=&#8221;yes&#8221; add_button=&#8221;bottom&#8221; css_animation=&#8221;slideInRight&#8221; btn_color=&#8221;custom&#8221; btn_title=&#8221;Sussidi fossili&#8221; btn_link=&#8221;url:https%3A%2F%2Fstaging.forumqualenergia.it\/2022%2Fwp-content%2Fuploads%2F2022%2F12%2FStop-sussidi-ambientalmente-dannosi-2021.pdf||target:%20_blank|&#8221; el_class=&#8221;cta-newsletter&#8221; btn_custom_color=&#8221;#ef792c&#8221;][\/vc_column][vc_column width=&#8221;1\/2&#8243;][vc_cta h2=&#8221;Leggi le sessioni&#8221; txt_align=&#8221;center&#8221; remove_margins=&#8221;yes&#8221; add_button=&#8221;bottom&#8221; css_animation=&#8221;slideInRight&#8221; btn_color=&#8221;custom&#8221; btn_title=&#8221;Programma&#8221; btn_link=&#8221;url:https%3A%2F%2Fstaging.forumqualenergia.it\/2022%2Fprogramma-2022||target:%20_blank|&#8221; el_class=&#8221;cta-newsletter&#8221; btn_custom_color=&#8221;#ef792c&#8221;][\/vc_column][\/vc_row][vc_row equal_height=&#8221;yes&#8221; content_placement=&#8221;top&#8221; disable_element=&#8221;yes&#8221; bg_color=&#8221;#313131&#8243;][vc_column width=&#8221;1\/3&#8243; css=&#8221;.vc_custom_1638537118749{margin-top: 0px !important;margin-right: 0px !important;margin-bottom: 0px !important;margin-left: 0px !important;border-top-width: 0px !important;border-right-width: 0px !important;border-bottom-width: 0px !important;border-left-width: 0px !important;}&#8221;][vc_cta h2=&#8221;Osservatorio gli italiani e l&#8217;energia Sondaggio 2021&#8243; h4=&#8221;Ipsos Legambiente Nuova Ecologia Kyoto Club&#8221; txt_align=&#8221;center&#8221; remove_margins=&#8221;yes&#8221; add_button=&#8221;bottom&#8221; css_animation=&#8221;slideInRight&#8221; btn_color=&#8221;custom&#8221; btn_title=&#8221;Scarica i risultati&#8221; btn_link=&#8221;url:https%3A%2F%2Fstaging.forumqualenergia.it\/2022%2Fwp-content%2Fuploads%2F2021%2F12%2FIPSOS_Forum-Qualenergia_Report_novembre2021.pdf||target:%20_blank|&#8221; el_class=&#8221;cta-newsletter&#8221; btn_custom_color=&#8221;#ef792c&#8221;][\/vc_column][vc_column width=&#8221;1\/3&#8243;][\/vc_column][vc_column width=&#8221;1\/3&#8243;][vc_cta h2=&#8221;I refrigeranti e il clima secondo Legambiente&#8221; h4=&#8221;Rinfreschiamoci senza riscaldare il Pianeta 4.0&#8243; txt_align=&#8221;center&#8221; remove_margins=&#8221;yes&#8221; add_button=&#8221;bottom&#8221; css_animation=&#8221;slideInRight&#8221; btn_color=&#8221;custom&#8221; btn_title=&#8221;Scarica il dossier&#8221; btn_link=&#8221;url:https%3A%2F%2Fstaging.forumqualenergia.it\/2022%2Fwp-content%2Fuploads%2F2021%2F12%2FREPORT-FGAS_Legambiente-2021.pdf||target:%20_blank|&#8221; el_class=&#8221;cta-newsletter&#8221; btn_custom_color=&#8221;#ef792c&#8221;][\/vc_column][\/vc_row][vc_row disable_element=&#8221;yes&#8221; margin_top=&#8221;-1em&#8221; bg_color=&#8221;#f2f2f2&#8243;][vc_column delimiter=&#8221;vline&#8221; css=&#8221;.vc_custom_1599924830763{margin-top: 0px !important;margin-bottom: 0px !important;}&#8221;][vc_column_text]<\/p>\n<h2 class=\"p1\">Le sessioni<\/h2>\n<ol>\n<li>\n<h4>Nuovi obiettivi climatici al 2030, PNRR e rilancio dell\u2019economia<\/h4>\n<\/li>\n<li>\n<h4>Rinnovabili di nuovo in pista: comunit\u00e0 energetiche e sistemi di accumulo, revamping eolico e offshore,centrali solari e agrovoltaico<\/h4>\n<\/li>\n<li>\n<h4>Idrogeno verde, elettrolizzatori e prime applicazioni<\/h4>\n<\/li>\n<li>\n<h4>Superbonus per l\u2019edilizia, bilanci e prospettive<\/h4>\n<\/li>\n<li>\n<h4>Biometano: tra organico e spinta all\u2019agroecologia<\/h4>\n<\/li>\n<li>\n<h4>La mobilit\u00e0 elettrica: bilanci e prospettive, sistemi di ricarica, fabbriche di auto e di batterie<\/h4>\n<\/li>\n<\/ol>\n<p>[\/vc_column_text][\/vc_column][\/vc_row][vc_row disable_element=&#8221;yes&#8221; margin_top=&#8221;-1em&#8221;][vc_column width=&#8221;5\/12&#8243; delimiter=&#8221;vline&#8221;][vc_empty_space height=&#8221;2em&#8221;][vc_column_text]<\/p>\n<h2>L&#8217;ECONOMIA CIRCOLARE<\/h2>\n<p>L\u2019economia circolare deve essere uno dei pilastri del Recovery Plan per il decollo di una delle pi\u00f9 importanti eccellenze del nostro Paese.<\/p>\n<p>Per valorizzare le esperienze, le conoscenze e le motivazioni di un settore dalle grandi potenzialit\u00e0 servono, per\u00f2, volont\u00e0 politica e strumenti adeguati.[\/vc_column_text][vc_empty_space height=&#8221;2.5em&#8221; mobile_hide=&#8221;yes&#8221;][\/vc_column][vc_column width=&#8221;7\/12&#8243; delimiter=&#8221;vline&#8221;][vc_empty_space height=&#8221;2em&#8221;][vc_column_text]<\/p>\n<h2>LA RIVOLUZIONE<\/h2>\n<p>Rottamare discariche e combustione dei rifiuti a fini energetici. Ma la rivoluzione non finisce qui. Si pone tra gli obiettivi la lotta allo spreco di cibo, la raccolta separata della frazione organica, l\u2019allungamento della vita dei prodotti, impone vincoli alla riciclabilit\u00e0 e riparabilit\u00e0 dei beni.<\/p>\n<p>Il recupero e il riutilizzo diventano parte integrante dei processi, insieme alle misure volte ridurre i costi di produzione, la dipendenza dalle materie prime vergini, dare impulso alla crescita di opportunit\u00e0 lavorative, al contenimento dell\u2019inquinamento proveniente dai rifiuti e dalle emissioni del processo produttivo.[\/vc_column_text][vc_empty_space height=&#8221;2.5em&#8221; mobile_hide=&#8221;yes&#8221;][\/vc_column][\/vc_row][vc_row padding_top=&#8221;0&#8243; margin_top=&#8221;0&#8243; el_id=&#8221;Protagonisti&#8221;][vc_column][om_reduce_space height=&#8221;2em&#8221;][vc_custom_heading text=&#8221;(color3)I(\/color3) (color2)protagonisti(\/color2)&#8221; uppercase=&#8221;yes&#8221; add_shadow_text=&#8221;yes&#8221; font_container=&#8221;tag:h1|text_align:center|line_height:1&#8243; css_animation=&#8221;none&#8221; shadow_text=&#8221;PROTAGONISTI&#8221;][vc_tta_accordion color=&#8221;om-accent-color-2&#8243; remove_margins=&#8221;yes&#8221; active_section=&#8221;&#8221; css_animation=&#8221;zoomIn&#8221; collapsible_all=&#8221;true&#8221; title=&#8221;CLICCA SUI NOMI DELLE SESSIONI PER CONOSCERE ALCUNI DEI PROTAGONISTI&#8221; el_id=&#8221;Protagonisti&#8221;][vc_tta_section title=&#8221;I Sessione &#8211; GAS E RINNOVABILI: DOVE VA L\u2019EUROPA?&#8221; tab_id=&#8221;1604487181576-4a7e00b5-ea83&#8243;][om_speakers filter=&#8221;category&#8221; columns=&#8221;4&#8243; categories=&#8221;29&#8243;][\/vc_tta_section][vc_tta_section title=&#8221;II Sessione &#8211; RINNOVABILI ALLA VELOCITA\u2019 DELLA LUCE \u2013 QUANTO GIRA L\u2019EOLICO&#8221; tab_id=&#8221;1604487392153-4619b023-6c94&#8243;][om_speakers filter=&#8221;category&#8221; columns=&#8221;4&#8243; categories=&#8221;30&#8243;][\/vc_tta_section][vc_tta_section title=&#8221;III Sessione &#8211; RINNOVABILI ALLA VELOCITA\u2019 DELLA LUCE \u2013 FOTO&amp;AGRIVOLTAICO&#8221; tab_id=&#8221;1604487436635-2f4c5769-7573&#8243;][om_speakers filter=&#8221;category&#8221; columns=&#8221;4&#8243; categories=&#8221;40&#8243;][\/vc_tta_section][vc_tta_section title=&#8221;IV Sessione &#8211; RINNOVABILI ALLA VELOCITA\u2019 DELLA LUCE \u2013 COMUNIT\u00c0 ENERGETICHE ED EFFICIENTAMENTO, SISTEMI DI ACCUMULO E DIGITALIZZAZIONE&#8221; tab_id=&#8221;1605095389057-7fe8d1e3-9289&#8243;][om_speakers filter=&#8221;category&#8221; columns=&#8221;4&#8243; categories=&#8221;32&#8243;][\/vc_tta_section][vc_tta_section title=&#8221;V Sessione &#8211; ECONOMIA E CIRCOLARIT\u00c0: LA LEVA CHE FA BENE AI CAMBIAMENTI CLIMATICI&#8221; tab_id=&#8221;1605095297795-5b7ceef4-ddd8&#8243;][om_speakers filter=&#8221;category&#8221; columns=&#8221;4&#8243; categories=&#8221;33&#8243;][\/vc_tta_section][vc_tta_section title=&#8221;VI Sessione: RICERCA IPSOS LEGAMBIENTE NUOVA ECOLOGIA KYOTO CLUB &#8211; GLI ITALIANI E L\u2019ENERGIA&#8221; tab_id=&#8221;1604487497786-9bbd014c-cd07&#8243;][om_speakers filter=&#8221;category&#8221; columns=&#8221;4&#8243; categories=&#8221;41&#8243;][\/vc_tta_section][vc_tta_section title=&#8221;VII Sessione &#8211; RIGENERAZIONE URBANA ED EDILIZIA SOSTENIBILE&#8221; tab_id=&#8221;1606748244593-6bce72ab-7307&#8243;][om_speakers filter=&#8221;category&#8221; columns=&#8221;4&#8243; categories=&#8221;35&#8243;][\/vc_tta_section][vc_tta_section title=&#8221;VIII Sessione &#8211; BIOMETANO: TRA ECONOMIA CIRCOLARE E SPINTA ALL\u2019AGROECOLOGIA&#8221; tab_id=&#8221;1636111443511-fae81f5b-9fc1&#8243;][om_speakers filter=&#8221;category&#8221; columns=&#8221;4&#8243; categories=&#8221;36&#8243;][\/vc_tta_section][vc_tta_section title=&#8221;IX Sessione &#8211; LA MOBILIT\u00c0 SOSTENIBILE: ELETTRICA, PUBBLICA E A 2 RUOTE&#8221; tab_id=&#8221;1669457743072-315c79d7-0603&#8243;][om_speakers filter=&#8221;category&#8221; columns=&#8221;4&#8243; categories=&#8221;46&#8243;][\/vc_tta_section][vc_tta_section title=&#8221;X Sessione &#8211; LA DECARBONIZZAZIONE NELLA REFRIGERAZIONE E NEL SETTORE DEL RISCALDAMENTO.&#8221; tab_id=&#8221;1669457758849-e5b31bd3-c3f2&#8243;][om_speakers filter=&#8221;category&#8221; columns=&#8221;4&#8243; categories=&#8221;47&#8243;][\/vc_tta_section][\/vc_tta_accordion][\/vc_column][\/vc_row][vc_row content_placement=&#8221;top&#8221; disable_element=&#8221;yes&#8221;][vc_column css=&#8221;.vc_custom_1606933571102{margin-top: -35px !important;}&#8221;][vc_column_text]<\/p>\n<h3 style=\"margin-top: -30px; text-align: right;\"><strong><span style=\"color: #000000;\"><a style=\"color: #000000;\" href=\"https:\/\/staging.forumqualenergia.it\/2022\/notizie\/\">LEGGI TUTTE LE NOTIZIE &gt;&gt;<\/a><\/span><\/strong><\/h3>\n<p>[\/vc_column_text][vc_empty_space height=&#8221;60px&#8221;][vc_separator border_width=&#8221;2&#8243;][\/vc_column][\/vc_row][vc_row equal_height=&#8221;yes&#8221; padding_top=&#8221;0&#8243; margin_top=&#8221;0&#8243; el_id=&#8221;partner&#8221;][vc_column][vc_empty_space][vc_custom_heading text=&#8221;(color3)I (\/color3)(color2)partner(\/color2) (color3)di Forum QualEnergia(\/color3)&#8221; uppercase=&#8221;yes&#8221; add_shadow_text=&#8221;yes&#8221; font_container=&#8221;tag:h1|text_align:center&#8221; css_animation=&#8221;none&#8221; shadow_text=&#8221;PARTNER&#8221;][\/vc_column][\/vc_row][vc_row equal_height=&#8221;yes&#8221; padding_top=&#8221;0&#8243; margin_top=&#8221;0&#8243;][vc_column][vc_custom_heading text=&#8221;Premium Partner&#8221; uppercase=&#8221;yes&#8221; font_container=&#8221;tag:h4|text_align:left|color:%23000000&#8243; css_animation=&#8221;none&#8221; el_class=&#8221;titoli_testimonial&#8221; css=&#8221;.vc_custom_1669394009404{margin-bottom: -50px !important;padding-top: 20px !important;padding-bottom: 30px !important;}&#8221;][om_testimonials filter=&#8221;category&#8221; el_class=&#8221;link_testimonial&#8221; categories=&#8221;48&#8243;][om_reduce_space height=&#8221;2em&#8221;][vc_separator border_width=&#8221;3&#8243;][\/vc_column][\/vc_row][vc_row equal_height=&#8221;yes&#8221; padding_top=&#8221;0&#8243; margin_top=&#8221;0&#8243;][vc_column][vc_custom_heading text=&#8221;Platinum Partner&#8221; uppercase=&#8221;yes&#8221; font_container=&#8221;tag:h4|text_align:left|color:%23000000&#8243; css_animation=&#8221;none&#8221; el_class=&#8221;titoli_testimonial&#8221; css=&#8221;.vc_custom_1669394039672{margin-bottom: -50px !important;padding-top: 20px !important;padding-bottom: 30px !important;}&#8221;][om_testimonials filter=&#8221;category&#8221; timeout=&#8221;3000&#8243; randomize=&#8221;yes&#8221; el_class=&#8221;link_testimonial&#8221; categories=&#8221;49&#8243;][om_reduce_space height=&#8221;2em&#8221;][vc_separator border_width=&#8221;3&#8243;][\/vc_column][\/vc_row][vc_row padding_top=&#8221;0&#8243; margin_top=&#8221;0&#8243;][vc_column][vc_custom_heading text=&#8221;Gold Partner&#8221; uppercase=&#8221;yes&#8221; font_container=&#8221;tag:h4|text_align:left|color:%23000000&#8243; css_animation=&#8221;none&#8221; el_class=&#8221;titoli_testimonial&#8221; css=&#8221;.vc_custom_1669454378910{margin-bottom: -50px !important;padding-top: 20px !important;padding-bottom: 30px !important;}&#8221;][om_testimonials filter=&#8221;category&#8221; timeout=&#8221;3000&#8243; pause=&#8221;yes&#8221; randomize=&#8221;yes&#8221; el_class=&#8221;link_testimonial&#8221; categories=&#8221;50&#8243;][om_reduce_space height=&#8221;2em&#8221;][vc_separator border_width=&#8221;3&#8243;][\/vc_column][\/vc_row][vc_row equal_height=&#8221;yes&#8221; padding_top=&#8221;0&#8243; margin_top=&#8221;0&#8243;][vc_column][vc_custom_heading text=&#8221;Main Partner&#8221; uppercase=&#8221;yes&#8221; font_container=&#8221;tag:h4|text_align:left|color:%23000000&#8243; css_animation=&#8221;none&#8221; el_class=&#8221;titoli_testimonial&#8221; css=&#8221;.vc_custom_1669454994621{margin-bottom: -50px !important;padding-top: 20px !important;padding-bottom: 30px !important;}&#8221;][om_testimonials filter=&#8221;category&#8221; timeout=&#8221;2000&#8243; pause=&#8221;yes&#8221; randomize=&#8221;yes&#8221; el_class=&#8221;link_testimonial&#8221; categories=&#8221;51&#8243;][om_reduce_space height=&#8221;2em&#8221;][vc_separator border_width=&#8221;3&#8243;][\/vc_column][\/vc_row][vc_row equal_height=&#8221;yes&#8221; padding_top=&#8221;0&#8243; margin_top=&#8221;0&#8243;][vc_column][vc_custom_heading text=&#8221;Sponsor&#8221; uppercase=&#8221;yes&#8221; font_container=&#8221;tag:h4|text_align:left|color:%23000000&#8243; css_animation=&#8221;none&#8221; el_class=&#8221;titoli_testimonial&#8221; css=&#8221;.vc_custom_1605266856614{margin-bottom: -50px !important;padding-top: 20px !important;padding-bottom: 30px !important;}&#8221;][om_testimonials filter=&#8221;category&#8221; timeout=&#8221;2000&#8243; pause=&#8221;yes&#8221; randomize=&#8221;yes&#8221; el_class=&#8221;link_testimonial&#8221; categories=&#8221;28&#8243;][om_reduce_space height=&#8221;2em&#8221;][vc_separator border_width=&#8221;3&#8243;][\/vc_column][\/vc_row][vc_row padding_top=&#8221;0&#8243; margin_top=&#8221;0&#8243;][vc_column][vc_custom_heading text=&#8221;In collaborazione con&#8221; uppercase=&#8221;yes&#8221; font_container=&#8221;tag:h4|text_align:left|color:%23000000|line_height:2&#8243; css_animation=&#8221;none&#8221; el_class=&#8221;titoli_testimonial&#8221;][om_testimonials filter=&#8221;category&#8221; timeout=&#8221;3000&#8243; el_class=&#8221;link_testimonial&#8221; categories=&#8221;25&#8243;][om_reduce_space height=&#8221;2em&#8221;][\/vc_column][\/vc_row][vc_row disable_element=&#8221;yes&#8221; padding_top=&#8221;0&#8243; margin_top=&#8221;0&#8243;][vc_column][vc_custom_heading text=&#8221;Si ringrazia&#8221; uppercase=&#8221;yes&#8221; font_container=&#8221;tag:h4|text_align:left|color:%23000000|line_height:2&#8243; css_animation=&#8221;none&#8221; el_class=&#8221;titoli_testimonial&#8221;][om_testimonials filter=&#8221;category&#8221; el_class=&#8221;link_testimonial&#8221; categories=&#8221;43&#8243;][om_reduce_space height=&#8221;2em&#8221;][\/vc_column][\/vc_row][vc_row disable_element=&#8221;yes&#8221; padding_top=&#8221;0&#8243; margin_top=&#8221;0&#8243;][vc_column][om_reduce_space height=&#8221;2em&#8221;][vc_custom_heading text=&#8221;(color3)I (\/color3)(color2)contenuti(\/color2) (color3)di Ecoforum(\/color3)&#8221; uppercase=&#8221;yes&#8221; add_shadow_text=&#8221;yes&#8221; font_container=&#8221;tag:h1|text_align:center&#8221; css_animation=&#8221;none&#8221; shadow_text=&#8221;contenuti&#8221;][om_reduce_space height=&#8221;2em&#8221;][\/vc_column][\/vc_row][vc_row disable_element=&#8221;yes&#8221; bg_type=&#8221;image&#8221; padding_top=&#8221;0&#8243; margin_top=&#8221;40&#8243; margin_bottom=&#8221;0&#8243; padding_bottom=&#8221;0&#8243;][vc_column width=&#8221;5\/12&#8243;][vc_single_image image=&#8221;667&#8243;][\/vc_column][vc_column width=&#8221;7\/12&#8243;][vc_custom_heading text=&#8221;Un dibattito a (color1)360\u00b0(\/color1)&#8221; font_container=&#8221;tag:h2|text_align:left|line_height:50px&#8221;][om_reduce_space height=&#8221;24px&#8221; mobile_hide=&#8221;yes&#8221;][vc_column_text]Sar\u00e0 l\u2019occasione per stimolare un dibattito e un confronto tra <strong>Governo, istituzioni nazionali, regionali e locali, imprese, consorzi di filiera, operatori del settore e associazioni<\/strong>.<br \/>\nL\u2019Ecoforum si pone l\u2019obiettivo di individuare soluzioni e proposte comuni, stimolare percorsi virtuosi uniformi su tutto il territorio nazionale, chiedere al Governo il superamento degli ostacoli non tecnologici che rischiano di bloccare il protagonismo dell\u2019economia circolare made in Italy e i mercati dei prodotti circolari.[\/vc_column_text][\/vc_column][\/vc_row][vc_row disable_element=&#8221;yes&#8221; bg_type=&#8221;image&#8221; padding_top=&#8221;0px&#8221; margin_top=&#8221;0px&#8221; margin_bottom=&#8221;0&#8243;][vc_column width=&#8221;7\/12&#8243;][vc_custom_heading text=&#8221;Le (color1)priorit\u00e0(\/color1) in agenda&#8221; font_container=&#8221;tag:h2|text_align:right|line_height:50px&#8221;][om_reduce_space height=&#8221;24px&#8221; mobile_hide=&#8221;yes&#8221;][vc_column_text]<\/p>\n<p style=\"text-align: right;\">Il recepimento della Direttiva europea, l&#8217;approvazione dei decreti ministeriali sul cosiddetto end of waste, la realizzazione dei nuovi impianti, lo sviluppo del biometano sul territorio, la creazione di condizioni che favoriscano i mercati dei prodotti riciclati e usati, e la spinta al Green Public Procurement devono essere la\u00a0priorit\u00e0 dell&#8217;agenda politica nazionale\u00a0e saranno i temi centrali dell\u2019Ecoforum 2020.<\/p>\n<p>[\/vc_column_text][\/vc_column][vc_column width=&#8221;5\/12&#8243;][vc_single_image image=&#8221;668&#8243;][\/vc_column][\/vc_row][vc_row disable_element=&#8221;yes&#8221;][vc_column][vc_custom_heading text=&#8221;Our (color1)World Class(\/color1) Speakers&#8221; uppercase=&#8221;yes&#8221; text_additional=&#8221;Major speakers below, see all list on the speakers page&#8221; add_shadow_text=&#8221;yes&#8221; font_container=&#8221;tag:h1|text_align:center&#8221; css_animation=&#8221;custom&#8221; shadow_text=&#8221;Speakers&#8221;][om_reduce_space height=&#8221;1em&#8221;][om_speakers filter=&#8221;category&#8221; description=&#8221;next&#8221; categories=&#8221;major&#8221; margin_top=&#8221;0&#8243; margin_bottom=&#8221;0&#8243;][\/vc_column][\/vc_row][vc_row disable_element=&#8221;yes&#8221; bg_type=&#8221;gradient&#8221; gradient_type=&#8221;diagonal2&#8243; bg_color=&#8221;#676767&#8243; bg_color2=&#8221;#313131&#8243; font_color=&#8221;#ffffff&#8221;][vc_column][om_testimonials filter=&#8221;category&#8221; categories=&#8221;group-1&#8243;][\/vc_column][\/vc_row][vc_row disable_element=&#8221;yes&#8221;][vc_column][vc_empty_space height=&#8221;3em&#8221;][vc_custom_heading text=&#8221;(color1)Major(\/color1) Conference sections&#8221; uppercase=&#8221;yes&#8221; text_additional=&#8221;That&#8217;s not all, more sections on the schedule page&#8221; add_shadow_text=&#8221;yes&#8221; font_container=&#8221;tag:h1|text_align:center&#8221; css_animation=&#8221;custom&#8221; shadow_text=&#8221;Schedule&#8221;][om_reduce_space height=&#8221;2em&#8221;][om_agenda description_expand=&#8221;yes&#8221;][om_agenda_day title=&#8221;Day 1&#8243; date=&#8221;18 Sep 2016&#8243;][om_agenda_item time=&#8221;10:00 &#8211; 11:00&#8243; room=&#8221;Room A1&#8243; speaker_ids=&#8221;117&#8243; title=&#8221;Morning Committee Meetings&#8221;]Base extend alignments cutting-edge monetize uniquely brand web-readiness completely create other&#8217;s efficient clicks-and-mortar resource.[\/om_agenda_item][om_agenda_item time=&#8221;12:00 &#8211; 14:00&#8243; room=&#8221;Room D&#8221; speaker_ids=&#8221;118&#8243; title=&#8221;Modern marketing strategies and tactics&#8221;]Maximizing items mission-critical expedite convergence top-line vectors best methodologies top-line reliable productivate total. Incubate reconceptualize cross-unit envisioneer communicate client-centric worldwide objectively collaboratively compliant wireless prospective brand.[\/om_agenda_item][om_agenda_item time=&#8221;13:00 &#8211; 15:20&#8243; room=&#8221;Video Room&#8221; speaker_ids=&#8221;116&#8243; title=&#8221;Management Development Program&#8221;]Uniquely myocardinate incubate invested applications leadership &#8220;outside the box&#8221; plagiarize distinctive leading-edge. Virtual &#8220;organic&#8221; functionalized resources iterate seize repurpose fully turnkey collaboration experiences enabled standards network.[\/om_agenda_item][\/om_agenda_day][om_agenda_day title=&#8221;Day 2&#8243; date=&#8221;19 Sep 2016&#8243;][om_agenda_item time=&#8221;10:00 &#8211; 12:00&#8243; room=&#8221;Room D&#8221; speaker_ids=&#8221;113&#8243; title=&#8221;Software Applications &amp; Services&#8221;]Items future-proof an uniquely innovate monetize base empowerment users target via innovative markets for. Architect integrate promote based enhance supply e-enable evolve fashion bricks-and-clicks user dynamic drive.[\/om_agenda_item][om_agenda_item time=&#8221;11:30 &#8211; 13:00&#8243; speaker_ids=&#8221;114&#8243; title=&#8221;IT Infrastructure \/ Operations Management&#8221; room=&#8221;Room A1&#8243;]Sustainable interactive conveniently niche effective action intellectual utilize credibly synthesize alignments cost client-centered outsourcing. Functionalities areas interfaces progressive productize process-centric fabricate cross granular completely energistically promote scenarios backward-compatible.[\/om_agenda_item][om_agenda_item time=&#8221;13:00 &#8211; 15:00&#8243; room=&#8221;Video Room&#8221; speaker_ids=&#8221;112&#8243; title=&#8221;Build Better Teams That Achieve More&#8221;]Growth conceptualize state deliver communities researched architectures opportunities time enterprise-wide of B2B timely. Distinctively aggregate sources go engage expertise &#8220;organic&#8221; top-line pursue syndicate before customize.[\/om_agenda_item][\/om_agenda_day][\/om_agenda][om_reduce_space height=&#8221;26px&#8221;][om_tc_cta_ticket h2=&#8221;Number of participants is limited!&#8221; remove_margins=&#8221;yes&#8221; btn_title=&#8221;Buy a Ticket&#8221; h4=&#8221;Don&#8217;t miss your seat. Join the discussion in San Francisco now&#8221; id=&#8221;576&#8243;][\/vc_column][\/vc_row][vc_row padding_top=&#8221;0&#8243; margin_top=&#8221;0&#8243; el_id=&#8221;programma&#8221;][vc_column][vc_custom_heading text=&#8221;(color3)GLI(\/color3) (color2)ARGOMENTI(\/color2)&#8221; uppercase=&#8221;yes&#8221; add_shadow_text=&#8221;yes&#8221; font_container=&#8221;tag:h1|text_align:center&#8221; css_animation=&#8221;none&#8221; shadow_text=&#8221;ARGOMENTI&#8221;][om_agenda layout=&#8221;tabs&#8221; display_room=&#8221;&#8221; display_speakers=&#8221;&#8221;][om_agenda_day color=&#8221;om-accent-color-2&#8243; title=&#8221;CLIMA&#8221;][om_agenda_item icon_fontawesome=&#8221;fas fa-sun&#8221; speaker_links=&#8221;&#8221; title=&#8221;Il contributo delle rinnovabili e dell&#8217;efficienza energetica \u00e8 sempre pi\u00f9 fondamentale nel contrastare la portata dei cambiamenti climatici e mitigarne gli effetti disastrosi&#8221;][\/om_agenda_item][\/om_agenda_day][om_agenda_day color=&#8221;om-accent-color-3&#8243; title=&#8221;RINNOVABILI&#8221;][om_agenda_item icon_fontawesome=&#8221;fas fa-wind&#8221; room=&#8221;Room A1&#8243; speaker_ids=&#8221;117&#8243; title=&#8221;Le risposte delle rinnovabili: smart grid e sistemi di accumulo, revamping eolico e offshore, centrali solari, fotovoltaico e agrovoltaico&#8221;][\/om_agenda_item][\/om_agenda_day][om_agenda_day color=&#8221;om-accent-color-2&#8243; title=&#8221;COMUNITA&#8217; ENERGETICHE&#8221;][om_agenda_item icon_fontawesome=&#8221;fas fa-solar-panel&#8221; speaker_links=&#8221;&#8221; title=&#8221;La rivoluzione energetica \u00e8 in corso. aziende, famiglie, amministrazioni, enti, condomini hanno deciso di investire in un sistema innovativo e comunitario, contro la povert\u00e0 energetica&#8221;][\/om_agenda_item][\/om_agenda_day][\/om_agenda][om_agenda layout=&#8221;tabs&#8221; display_room=&#8221;&#8221; display_speakers=&#8221;&#8221;][om_agenda_day color=&#8221;om-accent-color-3&#8243; title=&#8221;EDILIZIA&#8221;][om_agenda_item icon_fontawesome=&#8221;fas fa-home&#8221; speaker_links=&#8221;&#8221; title=&#8221;Valutazioni sugli effetti del superbonus e prospettive per un&#8217;edilizia sostenibile nei materiali e capace di ridurre i consumi energetici&#8221;][\/om_agenda_item][\/om_agenda_day][om_agenda_day color=&#8221;om-accent-color-2&#8243; title=&#8221;BIOMETANO&#8221;][om_agenda_item icon_fontawesome=&#8221;fas fa-leaf&#8221; room=&#8221;Room A1&#8243; speaker_ids=&#8221;117&#8243; title=&#8221;Decarbonizzazione, ottimizzazione di differenziata e scarti agroalimentari, riduzione del problema degli spandimenti: tutti i vantaggi del biocombustibile a km zero.&#8221;][\/om_agenda_item][\/om_agenda_day][om_agenda_day color=&#8221;om-accent-color-3&#8243; title=&#8221;MOBILIT\u00c0&#8221;][om_agenda_item icon_fontawesome=&#8221;fas fa-charging-station&#8221; speaker_links=&#8221;&#8221; title=&#8221;Mobilit\u00e0 pubblica e condivisa, digitalizzazione, zero emissioni: come minimizzare gli impatti ambientali degli spostamenti.&#8221;][\/om_agenda_item][\/om_agenda_day][\/om_agenda][om_agenda layout=&#8221;tabs&#8221; display_room=&#8221;&#8221; display_speakers=&#8221;&#8221;][om_agenda_day color=&#8221;om-accent-color-2&#8243; title=&#8221;ECONOMIA CIRCOLARE&#8221;][om_agenda_item icon_fontawesome=&#8221;fas fa-recycle&#8221; speaker_links=&#8221;&#8221; title=&#8221;Economia e circolarit\u00e0: la leva che fa bene ai cambiamenti climatici.&#8221;][\/om_agenda_item][\/om_agenda_day][om_agenda_day color=&#8221;om-accent-color-3&#8243; title=&#8221;DECARBONIZZAZIONE&#8221;][om_agenda_item icon_fontawesome=&#8221;fas fa-snowflake&#8221; room=&#8221;Room A1&#8243; speaker_ids=&#8221;117&#8243; title=&#8221;La decarbonizzazione dei nuovi sistemi di climatizzazione e refrigerazione. Gli F-gas oggi rappresentano il 4,4% delle emissioni serra complessive in Italia e sono in forte crescita: occorre un ragionamento sulla regolarizzazione.&#8221;][\/om_agenda_item][\/om_agenda_day][om_agenda_day color=&#8221;om-accent-color-2&#8243; title=&#8221;EFFICIENZA&#8221;][om_agenda_item icon_fontawesome=&#8221;fas fa-chart-line&#8221; speaker_links=&#8221;&#8221; title=&#8221;L&#8217;efficienza energetica \u00e8 un tema ormai ineludibile nella commercializzazione di ogni bene ed erogazione di ogni servizio. Pubbliche amministrazioni, aziende e singoli cittadini devono elaborare strategie di produzione e consumo sempre meno energeticamente impattanti.&#8221;][\/om_agenda_item][\/om_agenda_day][\/om_agenda][om_reduce_space height=&#8221;2em&#8221;][\/vc_column][\/vc_row][vc_row content_placement=&#8221;bottom&#8221; padding_top=&#8221;0&#8243; margin_top=&#8221;-1em&#8221; el_class=&#8221;rsss&#8221;][vc_column][vc_custom_heading text=&#8221;(color3)notizie da (\/color3)&#8221; uppercase=&#8221;yes&#8221; add_shadow_text=&#8221;yes&#8221; font_container=&#8221;tag:h2|text_align:center|color:%23000000&#8243; css_animation=&#8221;none&#8221; shadow_text=&#8221;lanuovaecologia&#8221;][vc_column_text][the-post-grid id=&#8221;1457&#8243; title=&#8221;lne&#8221;][\/vc_column_text][vc_single_image image=&#8221;1451&#8243; img_size=&#8221;260&#215;68&#8243; alignment=&#8221;center&#8221; css=&#8221;.vc_custom_1606814724990{margin-top: -80px !important;padding-bottom: 20px !important;}&#8221;][\/vc_column][\/vc_row][vc_row][vc_column][vc_empty_space height=&#8221;2em&#8221;][vc_separator][vc_custom_heading text=&#8221;(color2)Gli (\/color2)(color3)Organizzatori(\/color3)&#8221; uppercase=&#8221;yes&#8221; font_container=&#8221;tag:h1|text_align:center&#8221;][om_logos onclick=&#8221;custom_link&#8221; links_target=&#8221;_blank&#8221; images=&#8221;2244,2241,2243&#8243; custom_links=&#8221;https:\/\/www.lanuovaecologia.it\/cosa-facciamo\/,https:\/\/www.legambiente.it,https:\/\/www.kyotoclub.org&#8221; img_size=&#8221;full&#8221;][vc_empty_space height=&#8221;1em&#8221;][vc_separator][vc_custom_heading text=&#8221;(color2)I (\/color2)(color3)Patrocini(\/color3)&#8221; uppercase=&#8221;yes&#8221; font_container=&#8221;tag:h1|text_align:center&#8221;][om_logos onclick=&#8221;custom_link&#8221; links_target=&#8221;_blank&#8221; images=&#8221;2229,3862,955&#8243; custom_links=&#8221;https:\/\/www.mite.gov.it\/,https:\/\/www.mit.gov.it\/,http:\/\/www.regione.lazio.it\/rl_main\/&#8221;][vc_empty_space height=&#8221;1em&#8221;][vc_separator][vc_custom_heading text=&#8221;(color2)IL(\/color2)(color3) PREMIUM PARTNER(\/color3)&#8221; uppercase=&#8221;yes&#8221; font_container=&#8221;tag:h1|text_align:center&#8221;][om_logos onclick=&#8221;custom_link&#8221; links_target=&#8221;_blank&#8221; images=&#8221;772&#8243; custom_links=&#8221;http:\/\/www.cobat.it&#8221; img_size=&#8221;200&#215;120&#8243;][vc_empty_space height=&#8221;1em&#8221;][vc_separator][vc_custom_heading text=&#8221;(color2)I (\/color2)(color3)Platinum Partner(\/color3)&#8221; uppercase=&#8221;yes&#8221; font_container=&#8221;tag:h1|text_align:center&#8221;][om_logos onclick=&#8221;custom_link&#8221; links_target=&#8221;_blank&#8221; images=&#8221;2245,3977,3838&#8243; custom_links=&#8221;https:\/\/www.elettricitafutura.it\/,https:\/\/www.enel.it\/,https:\/\/www.renexia.it\/,,&#8221;][om_logos onclick=&#8221;custom_link&#8221; links_target=&#8221;_blank&#8221; images=&#8221;4422,4441&#8243; custom_links=&#8221;https:\/\/www.rwe.com\/,https:\/\/www.terna.it\/it&#8221;][vc_empty_space height=&#8221;1em&#8221;][vc_separator][vc_custom_heading text=&#8221;(color2)I (\/color2)(color3)Gold Partner(\/color3)&#8221; uppercase=&#8221;yes&#8221; font_container=&#8221;tag:h1|text_align:center&#8221;][om_logos onclick=&#8221;custom_link&#8221; links_target=&#8221;_blank&#8221; images=&#8221;4672,760,3843&#8243; img_size=&#8221;180&#215;100&#8243; custom_links=&#8221;https:\/\/www.anev.org\/,http:\/\/www.assocarta.it\/it\/,https:\/\/chint.it\/&#8221;][om_logos onclick=&#8221;custom_link&#8221; links_target=&#8221;_blank&#8221; images=&#8221;2276,1081&#8243; img_size=&#8221;180&#215;100&#8243; custom_links=&#8221;https:\/\/www.consorzioricrea.org\/,https:\/\/www.zcscompany.com\/&#8221;][vc_empty_space height=&#8221;1em&#8221;][vc_separator][vc_custom_heading text=&#8221;(color2)I (\/color2)(color3)Main Partner(\/color3)&#8221; uppercase=&#8221;yes&#8221; font_container=&#8221;tag:h1|text_align:center&#8221;][om_logos onclick=&#8221;custom_link&#8221; links_target=&#8221;_blank&#8221; images=&#8221;3878,4076,4116,3874&#8243; custom_links=&#8221;https:\/\/www.asja.energy\/,https:\/\/www.anima.it\/associazioni\/elenco\/assofoodtec\/chi-siamo\/assocold\/assocold.kl,https:\/\/www.carel.it\/,https:\/\/www.consorziobiogas.it\/&#8221; img_size=&#8221;full&#8221;][om_logos onclick=&#8221;custom_link&#8221; links_target=&#8221;_blank&#8221; images=&#8221;3852,4425,4175,2259&#8243; custom_links=&#8221;https:\/\/italia.cleanwatts.energy\/,https:\/\/www.cvaspa.it\/,https:\/\/www.eptarefrigeration.com\/it,https:\/\/www.girardienergia.com\/index.php&#8221;][om_logos onclick=&#8221;custom_link&#8221; links_target=&#8221;_blank&#8221; images=&#8221;3870,4589,3831,1069&#8243; custom_links=&#8221;https:\/\/www.lazzarilucchini.com\/,https:\/\/mich.center\/,https:\/\/nextchem.it\/,https:\/\/www.rockwool.it\/&#8221;][vc_empty_space height=&#8221;1em&#8221;][vc_separator][vc_custom_heading text=&#8221;(color3)Sponsor(\/color3)&#8221; uppercase=&#8221;yes&#8221; font_container=&#8221;tag:h1|text_align:center&#8221;][om_logos onclick=&#8221;custom_link&#8221; links_target=&#8221;_blank&#8221; images=&#8221;1084,2454&#8243; custom_links=&#8221;https:\/\/www.exaltoenergia.it\/it\/,https:\/\/www.keyenergy.it\/&#8221;][om_logos onclick=&#8221;custom_link&#8221; links_target=&#8221;_blank&#8221; images=&#8221;2275,2357&#8243; custom_links=&#8221;https:\/\/www.teon.it\/,https:\/\/www.veosgroup.it\/&#8221; img_size=&#8221;medium&#8221;][vc_empty_space height=&#8221;1em&#8221;][vc_separator][vc_custom_heading text=&#8221;(color2) In (\/color2)(color3)Collaborazione(\/color3)&#8221; uppercase=&#8221;yes&#8221; font_container=&#8221;tag:h1|text_align:center&#8221;][om_logos onclick=&#8221;custom_link&#8221; links_target=&#8221;_blank&#8221; images=&#8221;3835,1201&#8243; custom_links=&#8221;https:\/\/www.azzeroco2.it\/,https:\/\/www.qualenergia.it,&#8221; img_size=&#8221;medium&#8221;][vc_empty_space height=&#8221;1em&#8221;][vc_separator][vc_custom_heading text=&#8221;(color2) I (\/color2) (color3)Media Partner(\/color3)&#8221; uppercase=&#8221;yes&#8221; font_container=&#8221;tag:h1|text_align:center&#8221;][om_logos onclick=&#8221;custom_link&#8221; links_target=&#8221;_blank&#8221; images=&#8221;2399,2398,2397,1223&#8243; custom_links=&#8221;https:\/\/www.ecodallecitta.it\/,https:\/\/www.e-gazette.it\/,https:\/\/greenreport.it\/,https:\/\/www.nonsoloambiente.it\/&#8221;][vc_empty_space height=&#8221;1em&#8221;][vc_separator][om_logos onclick=&#8221;custom_link&#8221; links_target=&#8221;_blank&#8221; images=&#8221;3886&#8243; custom_links=&#8221;https:\/\/www.azzeroco2.it\/&#8221;][vc_separator][\/vc_column][\/vc_row][vc_row padding_top=&#8221;0&#8243; margin_top=&#8221;0&#8243; el_id=&#8221;archivio&#8221;][vc_column][vc_custom_heading text=&#8221;(color3)Archivio di tutte le(\/color3) (color2)edizioni(\/color2)&#8221; uppercase=&#8221;yes&#8221; add_shadow_text=&#8221;yes&#8221; font_container=&#8221;tag:h1|text_align:center&#8221; css_animation=&#8221;none&#8221; shadow_text=&#8221;archivio&#8221;][om_agenda layout=&#8221;grid&#8221;][om_agenda_day color=&#8221;om-accent-color-2&#8243; title=&#8221;2023&#8243; date=&#8221;XVi edizione&#8221;][om_agenda_item icon_fontawesome=&#8221;far fa-calendar-alt&#8221; speaker_links=&#8221;&#8221; title=&#8221;Rinnovabili: innovazione in cantiere&#8221; time=&#8221;12 &#8211; 13 dicembre 2023&#8243; link=&#8221;url:%2F2023%2F|title:Vai%20al%20sito%20del%202023|target:_blank&#8221;]_[\/om_agenda_item][\/om_agenda_day][om_agenda_day color=&#8221;om-accent-color-2&#8243; title=&#8221;2022&#8243; date=&#8221;XV edizione&#8221;][om_agenda_item icon_fontawesome=&#8221;far fa-calendar-alt&#8221; speaker_links=&#8221;&#8221; title=&#8221;Un&#8217;altra Energia!&#8221; time=&#8221;29-30 Novembre 2022&#8243; link=&#8221;url:%2F2022%2F|title:Vai%20al%20sito%20del%202022|target:_blank&#8221;]_[\/om_agenda_item][\/om_agenda_day][om_agenda_day color=&#8221;om-accent-color-2&#8243; title=&#8221;2021&#8243; date=&#8221;XIV edizione&#8221;][om_agenda_item icon_fontawesome=&#8221;far fa-calendar-alt&#8221; speaker_links=&#8221;&#8221; title=&#8221;L&#8217;ora delle scelte&#8221; time=&#8221;1-2 Dicembre 2021&#8243; link=&#8221;url:%2F2021%2F|title:Vai%20al%20sito%20del%202021|target:%20_blank|&#8221;]_[\/om_agenda_item][\/om_agenda_day][\/om_agenda][om_reduce_space height=&#8221;2em&#8221;][\/vc_column][\/vc_row][vc_row padding_top=&#8221;0&#8243; margin_top=&#8221;0&#8243; el_id=&#8221;archivio2&#8243;][vc_column][om_agenda layout=&#8221;grid&#8221;][om_agenda_day color=&#8221;om-accent-color-2&#8243; title=&#8221;2020&#8243; date=&#8221;XIII edizione&#8221;][om_agenda_item icon_fontawesome=&#8221;far fa-calendar-alt&#8221; speaker_links=&#8221;&#8221; title=&#8221;Per una ripresa Green&#8221; time=&#8221;2-3 Dicembre 2020&#8243; link=&#8221;url:%2F2020%2F|title:Vai%20al%20sito%20del%202020|target:%20_blank|&#8221;]_[\/om_agenda_item][\/om_agenda_day][om_agenda_day color=&#8221;om-accent-color-2&#8243; title=&#8221;2019&#8243; date=&#8221;XII edizione&#8221;][om_agenda_item icon_fontawesome=&#8221;far fa-calendar-alt&#8221; speaker_links=&#8221;&#8221; title=&#8221;Quale futuro per il green new deal&#8221; time=&#8221;3-4 Dicembre 2019&#8243; link=&#8221;url:%2F2019%2F|title:Vai%20al%20sito%20del%202019%20|target:%20_blank|&#8221;]_[\/om_agenda_item][\/om_agenda_day][om_agenda_day color=&#8221;om-accent-color-2&#8243; title=&#8221;2018&#8243; date=&#8221;XI edizione&#8221;][om_agenda_item icon_fontawesome=&#8221;far fa-calendar-alt&#8221; speaker_links=&#8221;&#8221; title=&#8221;+1,5\u00b0C accelerare la rivoluzione energetica&#8221; time=&#8221;26-27 Novembre 2018&#8243; link=&#8221;url:%2F2018%2F|title:Vai%20al%20sito%20del%202018|target:%20_blank|&#8221;]_[\/om_agenda_item][\/om_agenda_day][\/om_agenda][om_reduce_space height=&#8221;2em&#8221;][\/vc_column][\/vc_row][vc_row padding_top=&#8221;0&#8243; margin_top=&#8221;0&#8243;][vc_column][om_agenda layout=&#8221;grid&#8221;][om_agenda_day color=&#8221;om-accent-color-2&#8243; title=&#8221;2017&#8243; date=&#8221;X edizione&#8221;][om_agenda_item icon_fontawesome=&#8221;far fa-calendar-alt&#8221; speaker_links=&#8221;&#8221; title=&#8221;Rinnovabili ed economia circolare per cambiare il futuro&#8221; time=&#8221;28-29-30 Novembre 2017&#8243; link=&#8221;url:%2F2017%2F|title:Vai%20al%20sito%20del%202017|target:%20_blank|&#8221;]_[\/om_agenda_item][\/om_agenda_day][om_agenda_day color=&#8221;om-accent-color-2&#8243; title=&#8221;2016&#8243; date=&#8221;IX edizione&#8221;][om_agenda_item icon_fontawesome=&#8221;far fa-calendar-alt&#8221; speaker_links=&#8221;&#8221; title=&#8221;2030: che clima che fa&#8221; time=&#8221;23-24-25 Novembre 2016&#8243; link=&#8221;url:%2F2016%2F|title:Vai%20al%20sito%20del%202016%20|target:%20_blank|&#8221;]_[\/om_agenda_item][\/om_agenda_day][om_agenda_day color=&#8221;om-accent-color-2&#8243; title=&#8221;2015&#8243; date=&#8221;VIII edizione&#8221;][om_agenda_item icon_fontawesome=&#8221;far fa-calendar-alt&#8221; speaker_links=&#8221;&#8221; title=&#8221;Verso Parigi cogliere la sfida del clima e dell\u2019economia circolare&#8221; time=&#8221;25-26 Novembre 2015&#8243; link=&#8221;url:%2F2015%2F|title:Vai%20al%20sito%20del%202015|target:%20_blank|&#8221;]_[\/om_agenda_item][\/om_agenda_day][\/om_agenda][om_reduce_space height=&#8221;2em&#8221;][\/vc_column][\/vc_row][vc_row padding_top=&#8221;0&#8243; margin_top=&#8221;0&#8243;][vc_column][om_agenda layout=&#8221;grid&#8221;][om_agenda_day color=&#8221;om-accent-color-2&#8243; title=&#8221;2014&#8243; date=&#8221;VII edizione&#8221;][om_agenda_item icon_fontawesome=&#8221;far fa-calendar-alt&#8221; speaker_links=&#8221;&#8221; title=&#8221;Nuove ricette per (com)battere la crisi&#8221; time=&#8221;26-27-28 Novembre 2014&#8243; link=&#8221;url:%2F2014%2F|title:Vai%20al%20sito%20del%202014|target:%20_blank|&#8221;]_[\/om_agenda_item][\/om_agenda_day][om_agenda_day color=&#8221;om-accent-color-2&#8243; title=&#8221;2013&#8243; date=&#8221;VI edizione&#8221;][om_agenda_item icon_fontawesome=&#8221;far fa-calendar-alt&#8221; speaker_links=&#8221;&#8221; title=&#8221;La ricetta per (com)battere la crisi&#8221; time=&#8221;27-28 Novembre 2013&#8243; link=&#8221;url:%2F2013%2F|title:Vai%20al%20sito%20del%202013|target:%20_blank|&#8221;]_[\/om_agenda_item][\/om_agenda_day][om_agenda_day color=&#8221;om-accent-color-2&#8243; title=&#8221;2012&#8243; date=&#8221;V edizione&#8221;][om_agenda_item icon_fontawesome=&#8221;far fa-calendar-alt&#8221; speaker_links=&#8221;&#8221; title=&#8221;La rivoluzione energetica in atto&#8221; time=&#8221;29-30 Novembre 2012&#8243; link=&#8221;url:%2F2012%2F|title:Vai%20al%20sito%20del%202012|target:%20_blank|&#8221;]_[\/om_agenda_item][\/om_agenda_day][\/om_agenda][om_reduce_space height=&#8221;2em&#8221;][\/vc_column][\/vc_row]<\/p>\n","protected":false},"excerpt":{"rendered":"<p>[vc_row][vc_column width=&#8221;1\/2&#8243;][vc_video link=&#8221;https:\/\/www.youtube.com\/playlist?list=PLxg8zeR6Dh5Y66-7e-BLNRnHd5AT1nZTp&#8221; align=&#8221;center&#8221; title=&#8221;Le Dirette&#8221;][\/vc_column][vc_column width=&#8221;1\/2&#8243;][vc_video link=&#8221;https:\/\/youtube.com\/playlist?list=PLxg8zeR6Dh5YzO9Q9iEMDrjBhZAU62wCR&#8221; title=&#8221;Le Interviste&#8221;][\/vc_column][\/vc_row][vc_row disable_element=&#8221;yes&#8221;][vc_column width=&#8221;1\/2&#8243;][vc_video link=&#8221;https:\/\/youtu.be\/1_ZER9vcxqw&#8221; align=&#8221;center&#8221; title=&#8221;Diretta MATTINA 29 novembre&#8221;][\/vc_column][vc_column width=&#8221;1\/2&#8243;][vc_video link=&#8221;https:\/\/youtu.be\/lIqZYIne7p4&#8243; title=&#8221;Diretta POMERIGGIO 29 novembre&#8221;][\/vc_column][\/vc_row][vc_row equal_height=&#8221;yes&#8221; margin_top=&#8221;-1em&#8221; bg_color=&#8221;#efefef&#8221;][vc_column delimiter=&#8221;vline&#8221; css=&#8221;.vc_custom_1599924830763{margin-top: 0px !important;margin-bottom: 0px !important;}&#8221;][vc_column_text] Forum &#8220;QualEnergia?&#8221; &#8211; XV edizione Nato dall\u2019esperienza del bimestrale QualEnergia, il Forum propone un confronto tra istituzioni, imprese, mondo dell\u2019economia e della [&hellip;]<\/p>\n","protected":false},"author":3,"featured_media":0,"parent":0,"menu_order":0,"comment_status":"closed","ping_status":"closed","template":"","meta":{"footnotes":""},"class_list":["post-3754","page","type-page","status-publish","hentry"],"yoast_head":"<!-- This site is optimized with the Yoast SEO plugin v27.3 - https:\/\/yoast.com\/product\/yoast-seo-wordpress\/ -->\n<title>Home 2022 - ForumQualEnergia 2022<\/title>\n<meta name=\"robots\" content=\"index, follow, max-snippet:-1, max-image-preview:large, max-video-preview:-1\" \/>\n<link rel=\"canonical\" href=\"https:\/\/forumqualenergia.it\/2022\/home-2\/\" \/>\n<meta property=\"og:locale\" content=\"it_IT\" \/>\n<meta property=\"og:type\" content=\"article\" \/>\n<meta property=\"og:title\" content=\"Home 2022 - ForumQualEnergia 2022\" \/>\n<meta property=\"og:description\" content=\"[vc_row][vc_column width=&#8221;1\/2&#8243;][vc_video link=&#8221;https:\/\/www.youtube.com\/playlist?list=PLxg8zeR6Dh5Y66-7e-BLNRnHd5AT1nZTp&#8221; align=&#8221;center&#8221; title=&#8221;Le Dirette&#8221;][\/vc_column][vc_column width=&#8221;1\/2&#8243;][vc_video link=&#8221;https:\/\/youtube.com\/playlist?list=PLxg8zeR6Dh5YzO9Q9iEMDrjBhZAU62wCR&#8221; title=&#8221;Le Interviste&#8221;][\/vc_column][\/vc_row][vc_row disable_element=&#8221;yes&#8221;][vc_column width=&#8221;1\/2&#8243;][vc_video link=&#8221;https:\/\/youtu.be\/1_ZER9vcxqw&#8221; align=&#8221;center&#8221; title=&#8221;Diretta MATTINA 29 novembre&#8221;][\/vc_column][vc_column width=&#8221;1\/2&#8243;][vc_video link=&#8221;https:\/\/youtu.be\/lIqZYIne7p4&#8243; title=&#8221;Diretta POMERIGGIO 29 novembre&#8221;][\/vc_column][\/vc_row][vc_row equal_height=&#8221;yes&#8221; margin_top=&#8221;-1em&#8221; bg_color=&#8221;#efefef&#8221;][vc_column delimiter=&#8221;vline&#8221; css=&#8221;.vc_custom_1599924830763{margin-top: 0px !important;margin-bottom: 0px !important;}&#8221;][vc_column_text] Forum &#8220;QualEnergia?&#8221; &#8211; XV edizione Nato dall\u2019esperienza del bimestrale QualEnergia, il Forum propone un confronto tra istituzioni, imprese, mondo dell\u2019economia e della [&hellip;]\" \/>\n<meta property=\"og:url\" content=\"https:\/\/forumqualenergia.it\/2022\/home-2\/\" \/>\n<meta property=\"og:site_name\" content=\"ForumQualEnergia 2022\" \/>\n<meta property=\"article:modified_time\" content=\"2025-09-02T17:39:06+00:00\" \/>\n<meta name=\"twitter:card\" content=\"summary_large_image\" \/>\n<meta name=\"twitter:label1\" content=\"Tempo di lettura stimato\" \/>\n\t<meta name=\"twitter:data1\" content=\"10 minuti\" \/>\n<script type=\"application\/ld+json\" class=\"yoast-schema-graph\">{\"@context\":\"https:\\\/\\\/schema.org\",\"@graph\":[{\"@type\":\"WebPage\",\"@id\":\"https:\\\/\\\/forumqualenergia.it\\\/2022\\\/home-2\\\/\",\"url\":\"https:\\\/\\\/forumqualenergia.it\\\/2022\\\/home-2\\\/\",\"name\":\"Home 2022 - ForumQualEnergia 2022\",\"isPartOf\":{\"@id\":\"https:\\\/\\\/forumqualenergia.it\\\/2022\\\/#website\"},\"datePublished\":\"2022-10-13T10:45:47+00:00\",\"dateModified\":\"2025-09-02T17:39:06+00:00\",\"breadcrumb\":{\"@id\":\"https:\\\/\\\/forumqualenergia.it\\\/2022\\\/home-2\\\/#breadcrumb\"},\"inLanguage\":\"it-IT\",\"potentialAction\":[{\"@type\":\"ReadAction\",\"target\":[\"https:\\\/\\\/forumqualenergia.it\\\/2022\\\/home-2\\\/\"]}]},{\"@type\":\"BreadcrumbList\",\"@id\":\"https:\\\/\\\/forumqualenergia.it\\\/2022\\\/home-2\\\/#breadcrumb\",\"itemListElement\":[{\"@type\":\"ListItem\",\"position\":1,\"name\":\"Home\",\"item\":\"https:\\\/\\\/forumqualenergia.it\\\/2022\\\/\"},{\"@type\":\"ListItem\",\"position\":2,\"name\":\"Home 2022\"}]},{\"@type\":\"WebSite\",\"@id\":\"https:\\\/\\\/forumqualenergia.it\\\/2022\\\/#website\",\"url\":\"https:\\\/\\\/forumqualenergia.it\\\/2022\\\/\",\"name\":\"ForumQualEnergia 2022\",\"description\":\"Il forum della sostenibilit\u00e0 energetica\",\"publisher\":{\"@id\":\"https:\\\/\\\/forumqualenergia.it\\\/2022\\\/#organization\"},\"potentialAction\":[{\"@type\":\"SearchAction\",\"target\":{\"@type\":\"EntryPoint\",\"urlTemplate\":\"https:\\\/\\\/forumqualenergia.it\\\/2022\\\/?s={search_term_string}\"},\"query-input\":{\"@type\":\"PropertyValueSpecification\",\"valueRequired\":true,\"valueName\":\"search_term_string\"}}],\"inLanguage\":\"it-IT\"},{\"@type\":\"Organization\",\"@id\":\"https:\\\/\\\/forumqualenergia.it\\\/2022\\\/#organization\",\"name\":\"ForumQualEnergia 2022\",\"url\":\"https:\\\/\\\/forumqualenergia.it\\\/2022\\\/\",\"logo\":{\"@type\":\"ImageObject\",\"inLanguage\":\"it-IT\",\"@id\":\"https:\\\/\\\/forumqualenergia.it\\\/2022\\\/#\\\/schema\\\/logo\\\/image\\\/\",\"url\":\"https:\\\/\\\/forumqualenergia.it\\\/2022\\\/wp-content\\\/uploads\\\/sites\\\/23\\\/2025\\\/09\\\/forumqualenergia-logo-2022.png\",\"contentUrl\":\"https:\\\/\\\/forumqualenergia.it\\\/2022\\\/wp-content\\\/uploads\\\/sites\\\/23\\\/2025\\\/09\\\/forumqualenergia-logo-2022.png\",\"width\":600,\"height\":99,\"caption\":\"ForumQualEnergia 2022\"},\"image\":{\"@id\":\"https:\\\/\\\/forumqualenergia.it\\\/2022\\\/#\\\/schema\\\/logo\\\/image\\\/\"}}]}<\/script>\n<!-- \/ Yoast SEO plugin. -->","yoast_head_json":{"title":"Home 2022 - ForumQualEnergia 2022","robots":{"index":"index","follow":"follow","max-snippet":"max-snippet:-1","max-image-preview":"max-image-preview:large","max-video-preview":"max-video-preview:-1"},"canonical":"https:\/\/forumqualenergia.it\/2022\/home-2\/","og_locale":"it_IT","og_type":"article","og_title":"Home 2022 - ForumQualEnergia 2022","og_description":"[vc_row][vc_column width=&#8221;1\/2&#8243;][vc_video link=&#8221;https:\/\/www.youtube.com\/playlist?list=PLxg8zeR6Dh5Y66-7e-BLNRnHd5AT1nZTp&#8221; align=&#8221;center&#8221; title=&#8221;Le Dirette&#8221;][\/vc_column][vc_column width=&#8221;1\/2&#8243;][vc_video link=&#8221;https:\/\/youtube.com\/playlist?list=PLxg8zeR6Dh5YzO9Q9iEMDrjBhZAU62wCR&#8221; title=&#8221;Le Interviste&#8221;][\/vc_column][\/vc_row][vc_row disable_element=&#8221;yes&#8221;][vc_column width=&#8221;1\/2&#8243;][vc_video link=&#8221;https:\/\/youtu.be\/1_ZER9vcxqw&#8221; align=&#8221;center&#8221; title=&#8221;Diretta MATTINA 29 novembre&#8221;][\/vc_column][vc_column width=&#8221;1\/2&#8243;][vc_video link=&#8221;https:\/\/youtu.be\/lIqZYIne7p4&#8243; title=&#8221;Diretta POMERIGGIO 29 novembre&#8221;][\/vc_column][\/vc_row][vc_row equal_height=&#8221;yes&#8221; margin_top=&#8221;-1em&#8221; bg_color=&#8221;#efefef&#8221;][vc_column delimiter=&#8221;vline&#8221; css=&#8221;.vc_custom_1599924830763{margin-top: 0px !important;margin-bottom: 0px !important;}&#8221;][vc_column_text] Forum &#8220;QualEnergia?&#8221; &#8211; XV edizione Nato dall\u2019esperienza del bimestrale QualEnergia, il Forum propone un confronto tra istituzioni, imprese, mondo dell\u2019economia e della [&hellip;]","og_url":"https:\/\/forumqualenergia.it\/2022\/home-2\/","og_site_name":"ForumQualEnergia 2022","article_modified_time":"2025-09-02T17:39:06+00:00","twitter_card":"summary_large_image","twitter_misc":{"Tempo di lettura stimato":"10 minuti"},"schema":{"@context":"https:\/\/schema.org","@graph":[{"@type":"WebPage","@id":"https:\/\/forumqualenergia.it\/2022\/home-2\/","url":"https:\/\/forumqualenergia.it\/2022\/home-2\/","name":"Home 2022 - ForumQualEnergia 2022","isPartOf":{"@id":"https:\/\/forumqualenergia.it\/2022\/#website"},"datePublished":"2022-10-13T10:45:47+00:00","dateModified":"2025-09-02T17:39:06+00:00","breadcrumb":{"@id":"https:\/\/forumqualenergia.it\/2022\/home-2\/#breadcrumb"},"inLanguage":"it-IT","potentialAction":[{"@type":"ReadAction","target":["https:\/\/forumqualenergia.it\/2022\/home-2\/"]}]},{"@type":"BreadcrumbList","@id":"https:\/\/forumqualenergia.it\/2022\/home-2\/#breadcrumb","itemListElement":[{"@type":"ListItem","position":1,"name":"Home","item":"https:\/\/forumqualenergia.it\/2022\/"},{"@type":"ListItem","position":2,"name":"Home 2022"}]},{"@type":"WebSite","@id":"https:\/\/forumqualenergia.it\/2022\/#website","url":"https:\/\/forumqualenergia.it\/2022\/","name":"ForumQualEnergia 2022","description":"Il forum della sostenibilit\u00e0 energetica","publisher":{"@id":"https:\/\/forumqualenergia.it\/2022\/#organization"},"potentialAction":[{"@type":"SearchAction","target":{"@type":"EntryPoint","urlTemplate":"https:\/\/forumqualenergia.it\/2022\/?s={search_term_string}"},"query-input":{"@type":"PropertyValueSpecification","valueRequired":true,"valueName":"search_term_string"}}],"inLanguage":"it-IT"},{"@type":"Organization","@id":"https:\/\/forumqualenergia.it\/2022\/#organization","name":"ForumQualEnergia 2022","url":"https:\/\/forumqualenergia.it\/2022\/","logo":{"@type":"ImageObject","inLanguage":"it-IT","@id":"https:\/\/forumqualenergia.it\/2022\/#\/schema\/logo\/image\/","url":"https:\/\/forumqualenergia.it\/2022\/wp-content\/uploads\/sites\/23\/2025\/09\/forumqualenergia-logo-2022.png","contentUrl":"https:\/\/forumqualenergia.it\/2022\/wp-content\/uploads\/sites\/23\/2025\/09\/forumqualenergia-logo-2022.png","width":600,"height":99,"caption":"ForumQualEnergia 2022"},"image":{"@id":"https:\/\/forumqualenergia.it\/2022\/#\/schema\/logo\/image\/"}}]}},"_links":{"self":[{"href":"https:\/\/forumqualenergia.it\/2022\/wp-json\/wp\/v2\/pages\/3754","targetHints":{"allow":["GET"]}}],"collection":[{"href":"https:\/\/forumqualenergia.it\/2022\/wp-json\/wp\/v2\/pages"}],"about":[{"href":"https:\/\/forumqualenergia.it\/2022\/wp-json\/wp\/v2\/types\/page"}],"author":[{"embeddable":true,"href":"https:\/\/forumqualenergia.it\/2022\/wp-json\/wp\/v2\/users\/3"}],"replies":[{"embeddable":true,"href":"https:\/\/forumqualenergia.it\/2022\/wp-json\/wp\/v2\/comments?post=3754"}],"version-history":[{"count":0,"href":"https:\/\/forumqualenergia.it\/2022\/wp-json\/wp\/v2\/pages\/3754\/revisions"}],"wp:attachment":[{"href":"https:\/\/forumqualenergia.it\/2022\/wp-json\/wp\/v2\/media?parent=3754"}],"curies":[{"name":"wp","href":"https:\/\/api.w.org\/{rel}","templated":true}]}}