{"id":6534,"date":"2023-12-28T18:07:57","date_gmt":"2023-12-28T17:07:57","guid":{"rendered":"https:\/\/forumqualenergia.it\/2023\/?page_id=6534"},"modified":"2025-09-18T12:51:47","modified_gmt":"2025-09-18T10:51:47","slug":"documenti","status":"publish","type":"page","link":"https:\/\/forumqualenergia.it\/2023\/documenti\/","title":{"rendered":"DOCUMENTI"},"content":{"rendered":"\t\t<div data-elementor-type=\"wp-page\" data-elementor-id=\"6534\" class=\"elementor elementor-6534\" data-elementor-post-type=\"page\">\n\t\t\t\t<div class=\"elementor-element elementor-element-3eacd68c e-flex e-con-boxed e-con e-parent\" data-id=\"3eacd68c\" data-element_type=\"container\" data-e-type=\"container\">\n\t\t\t\t\t<div class=\"e-con-inner\">\n\t\t<div class=\"elementor-element elementor-element-452a68e8 e-con-full e-flex e-con e-child\" data-id=\"452a68e8\" data-element_type=\"container\" data-e-type=\"container\">\n\t\t\t\t<div class=\"elementor-element elementor-element-3b30d5f9 elementor-widget elementor-widget-heading\" data-id=\"3b30d5f9\" data-element_type=\"widget\" data-e-type=\"widget\" data-settings=\"{&quot;ekit_we_effect_on&quot;:&quot;none&quot;}\" data-widget_type=\"heading.default\">\n\t\t\t\t\t<h2 class=\"elementor-heading-title elementor-size-default\">Documenti<\/h2>\t\t\t\t<\/div>\n\t\t\t\t<\/div>\n\t\t<div class=\"elementor-element elementor-element-504a1879 e-con-full e-flex e-con e-child\" data-id=\"504a1879\" data-element_type=\"container\" data-e-type=\"container\">\n\t\t<div class=\"elementor-element elementor-element-1283feda e-con-full e-flex e-con e-child\" data-id=\"1283feda\" data-element_type=\"container\" data-e-type=\"container\">\n\t\t\t\t<div class=\"elementor-element elementor-element-288847c8 elementor-widget elementor-widget-heading\" data-id=\"288847c8\" data-element_type=\"widget\" data-e-type=\"widget\" data-settings=\"{&quot;ekit_we_effect_on&quot;:&quot;none&quot;}\" data-widget_type=\"heading.default\">\n\t\t\t\t\t<h3 class=\"elementor-heading-title elementor-size-default\">Scarica le presentazioni delle relatrici e dei relatori.\n<\/h3>\t\t\t\t<\/div>\n\t\t\t\t<div class=\"elementor-element elementor-element-6c772ccd elementor-widget elementor-widget-text-editor\" data-id=\"6c772ccd\" data-element_type=\"widget\" data-e-type=\"widget\" data-settings=\"{&quot;ekit_we_effect_on&quot;:&quot;none&quot;}\" data-widget_type=\"text-editor.default\">\n\t\t\t\t\t\t\t\t\tPagina in aggiornamento con i materiali per i quali \u00e8 stata concessa liberatoria\t\t\t\t\t\t\t\t<\/div>\n\t\t\t\t<div class=\"elementor-element elementor-element-38f97fb6 elementor-widget-divider--view-line elementor-widget elementor-widget-divider\" data-id=\"38f97fb6\" data-element_type=\"widget\" data-e-type=\"widget\" data-settings=\"{&quot;ekit_we_effect_on&quot;:&quot;none&quot;}\" data-widget_type=\"divider.default\">\n\t\t\t\t\t\t\t<div class=\"elementor-divider\">\n\t\t\t<span class=\"elementor-divider-separator\">\n\t\t\t\t\t\t<\/span>\n\t\t<\/div>\n\t\t\t\t\t\t<\/div>\n\t\t\t\t<\/div>\n\t\t\t\t<\/div>\n\t\t\t\t\t<\/div>\n\t\t\t\t<\/div>\n\t\t<div class=\"elementor-element elementor-element-55857074 e-flex e-con-boxed e-con e-parent\" data-id=\"55857074\" data-element_type=\"container\" data-e-type=\"container\">\n\t\t\t\t\t<div class=\"e-con-inner\">\n\t\t<div class=\"elementor-element elementor-element-5337972b e-con-full e-flex e-con e-child\" data-id=\"5337972b\" data-element_type=\"container\" data-e-type=\"container\">\n\t\t\t\t<div class=\"elementor-element elementor-element-3e3a4fff elementor-widget elementor-widget-image\" data-id=\"3e3a4fff\" data-element_type=\"widget\" data-e-type=\"widget\" data-settings=\"{&quot;ekit_we_effect_on&quot;:&quot;none&quot;}\" data-widget_type=\"image.default\">\n\t\t\t\t\t\t\t\t\t\t\t\t\t\t\t\t<a href=\"https:\/\/www.leitwind.com\/it\/turbine-eoliche-leitwind\/1-0.html\" target=\"_blank\">\n\t\t\t\t\t\t\t<img decoding=\"async\" width=\"300\" height=\"70\" src=\"https:\/\/forumqualenergia.it\/2023\/wp-content\/uploads\/sites\/24\/2024\/01\/Logo-Leitwind-vettoriale_ATTUALE-300x70.png\" class=\"attachment-medium size-medium wp-image-6640\" alt=\"\" srcset=\"https:\/\/forumqualenergia.it\/2023\/wp-content\/uploads\/sites\/24\/2024\/01\/Logo-Leitwind-vettoriale_ATTUALE-300x70.png 300w, https:\/\/forumqualenergia.it\/2023\/wp-content\/uploads\/sites\/24\/2024\/01\/Logo-Leitwind-vettoriale_ATTUALE.png 343w\" sizes=\"(max-width: 300px) 100vw, 300px\" \/>\t\t\t\t\t\t\t\t<\/a>\n\t\t\t\t\t\t\t\t\t\t\t\t\t\t\t<\/div>\n\t\t\t\t<\/div>\n\t\t<div class=\"elementor-element elementor-element-54d6e678 e-con-full e-flex e-con e-child\" data-id=\"54d6e678\" data-element_type=\"container\" data-e-type=\"container\">\n\t\t\t\t<div class=\"elementor-element elementor-element-7123059 elementor-widget elementor-widget-exhibz-speaker\" data-id=\"7123059\" data-element_type=\"widget\" data-e-type=\"widget\" data-settings=\"{&quot;ekit_we_effect_on&quot;:&quot;none&quot;}\" data-widget_type=\"exhibz-speaker.default\">\n\t\t\t\t<div class=\"elementor-widget-container\">\n\t\t\t\t\t\t\t\t            <div class=\"ts-speaker\" style=\"--speaker-color: #25CD44\">\n                <div class=\"speaker-img\">\n\t\t\t\t\t                        <img decoding=\"async\" src=\"https:\/\/staging.forumqualenergia.it\/2023\/wp-content\/uploads\/sites\/24\/2023\/12\/IMG_2603-1.jpg\"\n                             alt=\"Davide Albani\">\n\t\t\t\t\t                    <a href=\"#popup_71230598051\"\n                       class=\"view-speaker ts-image-popup\" data-effect=\"mfp-zoom-in\">\n                        <i class=\"icon icon-plus\"><\/i>\n                    <\/a>\n                <\/div>\n                <div class=\"ts-speaker-info\">\n                    <h3 class=\"ts-title\">\n                        <a href=\"https:\/\/forumqualenergia.it\/2023\/blog\/speaker\/davide-albani\/\"> Davide Albani <\/a>\n                    <\/h3>\n                    <p>\n\t\t\t\t\t\tHead of Business Unit Leitwind                    <\/p>\n                <\/div>\n                <!--- speaker info end -->\n                <!-- popup start-->\n                <div id=\"popup_71230598051\"\n                     class=\"container ts-speaker-popup mfp-hide\">\n                    <div class=\"row\">\n                        <div class=\"col-lg-6\">\n                            <div class=\"ts-speaker-popup-img\">\n\t\t\t\t\t\t\t\t                                    <img decoding=\"async\" src=\"https:\/\/staging.forumqualenergia.it\/2023\/wp-content\/uploads\/sites\/24\/2023\/12\/IMG_2603-1.jpg\"\n                                         alt=\"Davide Albani\">\n\t\t\t\t\t\t\t\t                            <\/div>\n                        <\/div>\n                        <!-- col end-->\n                        <div class=\"col-lg-6\">\n                            <div class=\"ts-speaker-popup-content\">\n                                <h3 class=\"ts-title\"><a\n                                            href=\"https:\/\/forumqualenergia.it\/2023\/blog\/speaker\/davide-albani\/\"> Davide Albani <\/a>\n                                <\/h3>\n                                <span class=\"speakder-designation\"> Head of Business Unit Leitwind<\/span>\n\t\t\t\t\t\t\t\t                                    <img decoding=\"async\" src=\"\"\n                                         alt=\"\">\n\t\t\t\t\t\t\t\t                                <p>\n\t\t\t\t\t\t\t\t\t<p class=\"x_MsoNormal\">Dopo aver conseguito una laurea in Ingegneria Gestionale presso l\u2019Universit\u00e0 di Padova e un Master in International Management a Londra, ha trascorso i primi tre anni della sua carriera lavorativa presso Commerzbank a Londra.<\/p>\r\n<p class=\"x_MsoNormal\">Da 14 anni \u00e8 in Leitner, dapprima ha gestito le relazioni bancarie dei finanziamenti dei parchi eolici di propriet\u00e0 del gruppo; quindi, ha assunto anche la responsabilit\u00e0 dello sviluppo commerciale e delle vendite Leitwind.<\/p>\r\n<p class=\"x_MsoNormal\">Negli ultimi 8 anni in azienda ha gestito la Business Unit Leitwind, e, dallo scorso febbraio, grazie all\u2019esperienza maturata nel settore dell\u2019energia, \u00e8 entrato nel Consiglio di Amministrazione di Troyer Spa, azienda che produce ed installa turbine idroelettriche.<\/p>                                <\/p>\n                                <div class=\"ts-speakers-social\">\n\t\t\t\t\t\t\t\t\t\t\t\t\t\t\t\t\t\t\t\t\t\t\t\t\t\t\t\t                                <\/div>\n                            <\/div>\n                            <!-- ts-speaker-popup-content end-->\n                        <\/div>\n                        <!-- col end-->\n                    <\/div>\n                    <!-- row end-->\n                <\/div>\n                <!-- popup end-->\n            <\/div>\n            <!-- ts-speaker end  -->\n\t\t\n\n\t\t\t\n\t\t\t\n\t\t\t\n\n\t\t\t\t\t\t<\/div>\n\t\t\t\t<\/div>\n\t\t\t\t<\/div>\n\t\t<div class=\"elementor-element elementor-element-551693f e-con-full e-flex e-con e-child\" data-id=\"551693f\" data-element_type=\"container\" data-e-type=\"container\">\n\t\t\t\t<div class=\"elementor-element elementor-element-bc56634 elementor-align-left elementor-invisible elementor-widget elementor-widget-button\" data-id=\"bc56634\" data-element_type=\"widget\" data-e-type=\"widget\" data-settings=\"{&quot;_animation&quot;:&quot;fadeInUp&quot;,&quot;_animation_delay&quot;:450,&quot;ekit_we_effect_on&quot;:&quot;none&quot;}\" data-widget_type=\"button.default\">\n\t\t\t\t\t\t\t\t\t\t<a class=\"elementor-button elementor-button-link elementor-size-md\" href=\"https:\/\/forumqualenergia.it\/2023\/wp-content\/uploads\/2024\/01\/Albani.pdf\" target=\"_blank\">\n\t\t\t\t\t\t<span class=\"elementor-button-content-wrapper\">\n\t\t\t\t\t\t\t\t\t<span class=\"elementor-button-text\">Scarica le slide<\/span>\n\t\t\t\t\t<\/span>\n\t\t\t\t\t<\/a>\n\t\t\t\t\t\t\t\t<\/div>\n\t\t\t\t<div class=\"elementor-element elementor-element-54069717 elementor-widget elementor-widget-text-editor\" data-id=\"54069717\" data-element_type=\"widget\" data-e-type=\"widget\" data-settings=\"{&quot;ekit_we_effect_on&quot;:&quot;none&quot;}\" data-widget_type=\"text-editor.default\">\n\t\t\t\t\t\t\t\t\t<p>Le prospettive delle CER<\/p>\t\t\t\t\t\t\t\t<\/div>\n\t\t\t\t<\/div>\n\t\t\t\t\t<\/div>\n\t\t\t\t<\/div>\n\t\t<div class=\"elementor-element elementor-element-51e59bf3 e-flex e-con-boxed e-con e-parent\" data-id=\"51e59bf3\" data-element_type=\"container\" data-e-type=\"container\">\n\t\t\t\t\t<div class=\"e-con-inner\">\n\t\t\t\t<div class=\"elementor-element elementor-element-7732160f elementor-widget-divider--view-line elementor-widget elementor-widget-divider\" data-id=\"7732160f\" data-element_type=\"widget\" data-e-type=\"widget\" data-settings=\"{&quot;ekit_we_effect_on&quot;:&quot;none&quot;}\" data-widget_type=\"divider.default\">\n\t\t\t\t\t\t\t<div class=\"elementor-divider\">\n\t\t\t<span class=\"elementor-divider-separator\">\n\t\t\t\t\t\t<\/span>\n\t\t<\/div>\n\t\t\t\t\t\t<\/div>\n\t\t\t\t\t<\/div>\n\t\t\t\t<\/div>\n\t\t<div class=\"elementor-element elementor-element-6443e627 e-flex e-con-boxed e-con e-parent\" data-id=\"6443e627\" data-element_type=\"container\" data-e-type=\"container\">\n\t\t\t\t\t<div class=\"e-con-inner\">\n\t\t<div class=\"elementor-element elementor-element-675f9c5b e-con-full e-flex e-con e-child\" data-id=\"675f9c5b\" data-element_type=\"container\" data-e-type=\"container\">\n\t\t\t\t<div class=\"elementor-element elementor-element-36da04ac elementor-widget elementor-widget-image\" data-id=\"36da04ac\" data-element_type=\"widget\" data-e-type=\"widget\" data-settings=\"{&quot;ekit_we_effect_on&quot;:&quot;none&quot;}\" data-widget_type=\"image.default\">\n\t\t\t\t\t\t\t\t\t\t\t\t\t\t\t\t<a href=\"https:\/\/www.assanovara.it\/\" target=\"_blank\">\n\t\t\t\t\t\t\t<img decoding=\"async\" width=\"300\" height=\"79\" src=\"https:\/\/forumqualenergia.it\/2023\/wp-content\/uploads\/sites\/24\/2023\/12\/assa-novara-logo-300x79.jpg\" class=\"attachment-medium size-medium wp-image-6549\" alt=\"\" srcset=\"https:\/\/forumqualenergia.it\/2023\/wp-content\/uploads\/sites\/24\/2023\/12\/assa-novara-logo-300x79.jpg 300w, https:\/\/forumqualenergia.it\/2023\/wp-content\/uploads\/sites\/24\/2023\/12\/assa-novara-logo.jpg 370w\" sizes=\"(max-width: 300px) 100vw, 300px\" \/>\t\t\t\t\t\t\t\t<\/a>\n\t\t\t\t\t\t\t\t\t\t\t\t\t\t\t<\/div>\n\t\t\t\t<\/div>\n\t\t<div class=\"elementor-element elementor-element-1dd49b2 e-con-full e-flex e-con e-child\" data-id=\"1dd49b2\" data-element_type=\"container\" data-e-type=\"container\">\n\t\t\t\t<div class=\"elementor-element elementor-element-32a8b5fe elementor-widget elementor-widget-exhibz-speaker\" data-id=\"32a8b5fe\" data-element_type=\"widget\" data-e-type=\"widget\" data-settings=\"{&quot;ekit_we_effect_on&quot;:&quot;none&quot;}\" data-widget_type=\"exhibz-speaker.default\">\n\t\t\t\t<div class=\"elementor-widget-container\">\n\t\t\t\t\t\t\t\t            <div class=\"ts-speaker\" style=\"--speaker-color: #25CD44\">\n                <div class=\"speaker-img\">\n\t\t\t\t\t                        <img decoding=\"async\" src=\"https:\/\/staging.forumqualenergia.it\/2023\/wp-content\/uploads\/sites\/24\/2021\/11\/ALX7143.jpg\"\n                             alt=\"Alessandro Battaglino\">\n\t\t\t\t\t                    <a href=\"#popup_32a8b5fe8032\"\n                       class=\"view-speaker ts-image-popup\" data-effect=\"mfp-zoom-in\">\n                        <i class=\"icon icon-plus\"><\/i>\n                    <\/a>\n                <\/div>\n                <div class=\"ts-speaker-info\">\n                    <h3 class=\"ts-title\">\n                        <a href=\"https:\/\/forumqualenergia.it\/2023\/blog\/speaker\/alessandro-battaglino\/\"> Alessandro Battaglino <\/a>\n                    <\/h3>\n                    <p>\n\t\t\t\t\t\tDirettore Generale Assa S.p.a.                    <\/p>\n                <\/div>\n                <!--- speaker info end -->\n                <!-- popup start-->\n                <div id=\"popup_32a8b5fe8032\"\n                     class=\"container ts-speaker-popup mfp-hide\">\n                    <div class=\"row\">\n                        <div class=\"col-lg-6\">\n                            <div class=\"ts-speaker-popup-img\">\n\t\t\t\t\t\t\t\t                                    <img decoding=\"async\" src=\"https:\/\/staging.forumqualenergia.it\/2023\/wp-content\/uploads\/sites\/24\/2021\/11\/ALX7143.jpg\"\n                                         alt=\"Alessandro Battaglino\">\n\t\t\t\t\t\t\t\t                            <\/div>\n                        <\/div>\n                        <!-- col end-->\n                        <div class=\"col-lg-6\">\n                            <div class=\"ts-speaker-popup-content\">\n                                <h3 class=\"ts-title\"><a\n                                            href=\"https:\/\/forumqualenergia.it\/2023\/blog\/speaker\/alessandro-battaglino\/\"> Alessandro Battaglino <\/a>\n                                <\/h3>\n                                <span class=\"speakder-designation\"> Direttore Generale Assa S.p.a.<\/span>\n\t\t\t\t\t\t\t\t                                    <img decoding=\"async\" src=\"\"\n                                         alt=\"\">\n\t\t\t\t\t\t\t\t                                <p>\n\t\t\t\t\t\t\t\t\t<p class=\"x_MsoNormal\">Torinese, 53 anni, Alessandro Battaglino \u00e8 laureato in Scienza delle Finanze. Inizia la sua carriera al Comune di Torino, accompagnando proprio il processo di privatizzazione di AEM S.p.A. (oggi IREN S.p.A.), per poi passare nel 2005 alla Regione Piemonte a fianco del Vicepresidente della Giunta. Nel 2006 \u00e8 amministratore delegato di Environment Park S.p.A.<br \/>Dal 2014 al 2020 \u00e8 presidente Barricalla S.p.A., il pi\u00f9 grande impianto di smaltimento di rifiuti speciali pericolosi e non d\u2019Italia, oggi un impianto-modello a livello europeo per l\u2019alto standard di sicurezza e dei criteri di gestione. Da luglio 2019 \u00e8 direttore generale di ASSA S.p.A. a Novara, societ\u00e0 che si occupa di raccolta, trasporto e smaltimento di rifiuti urbani e di igiene ambientale.<\/p>\r\n<p class=\"x_MsoNormal\">Dal l 2018 nel direttivo di Fise Assoambiente, Sezione Rifiuti speciali, Intermediazione e Bonifiche.<\/p>\r\n<p class=\"x_MsoNormal\">Da settembre 2022 \u00e8 membro del Consiglio Direttivo ambiente di Utilitalia.<br \/>Attivo nel campo sociale (\u00e8 direttore della onlus dei religiosi camilliani di Torino Madian Orizzonti) \u00a0\u00e8 amante degli spazi aperti e della montagna ed \u00e8 istruttore di sci per disabili.<\/p>                                <\/p>\n                                <div class=\"ts-speakers-social\">\n\t\t\t\t\t\t\t\t\t\t\t\t\t\t\t\t\t\t\t\t\t\t\t\t\t\t\t\t                                <\/div>\n                            <\/div>\n                            <!-- ts-speaker-popup-content end-->\n                        <\/div>\n                        <!-- col end-->\n                    <\/div>\n                    <!-- row end-->\n                <\/div>\n                <!-- popup end-->\n            <\/div>\n            <!-- ts-speaker end  -->\n\t\t\n\n\t\t\t\n\t\t\t\n\t\t\t\n\n\t\t\t\t\t\t<\/div>\n\t\t\t\t<\/div>\n\t\t\t\t<\/div>\n\t\t<div class=\"elementor-element elementor-element-7e1218f e-con-full e-flex e-con e-child\" data-id=\"7e1218f\" data-element_type=\"container\" data-e-type=\"container\">\n\t\t\t\t<div class=\"elementor-element elementor-element-54f5d8b3 elementor-align-left elementor-invisible elementor-widget elementor-widget-button\" data-id=\"54f5d8b3\" data-element_type=\"widget\" data-e-type=\"widget\" data-settings=\"{&quot;_animation&quot;:&quot;fadeInUp&quot;,&quot;_animation_delay&quot;:450,&quot;ekit_we_effect_on&quot;:&quot;none&quot;}\" data-widget_type=\"button.default\">\n\t\t\t\t\t\t\t\t\t\t<a class=\"elementor-button elementor-button-link elementor-size-md\" href=\"https:\/\/forumqualenergia.it\/2023\/wp-content\/uploads\/2023\/12\/Assa-slide-v2.pdf\" target=\"_blank\">\n\t\t\t\t\t\t<span class=\"elementor-button-content-wrapper\">\n\t\t\t\t\t\t\t\t\t<span class=\"elementor-button-text\">Scarica le slide<\/span>\n\t\t\t\t\t<\/span>\n\t\t\t\t\t<\/a>\n\t\t\t\t\t\t\t\t<\/div>\n\t\t\t\t<div class=\"elementor-element elementor-element-2dc24a73 elementor-widget elementor-widget-text-editor\" data-id=\"2dc24a73\" data-element_type=\"widget\" data-e-type=\"widget\" data-settings=\"{&quot;ekit_we_effect_on&quot;:&quot;none&quot;}\" data-widget_type=\"text-editor.default\">\n\t\t\t\t\t\t\t\t\t<p>La gestione del verde a Novara<\/p>\t\t\t\t\t\t\t\t<\/div>\n\t\t\t\t<\/div>\n\t\t\t\t\t<\/div>\n\t\t\t\t<\/div>\n\t\t<div class=\"elementor-element elementor-element-4e0f9a7e e-flex e-con-boxed e-con e-parent\" data-id=\"4e0f9a7e\" data-element_type=\"container\" data-e-type=\"container\">\n\t\t\t\t\t<div class=\"e-con-inner\">\n\t\t\t\t<div class=\"elementor-element elementor-element-5ac9d035 elementor-widget-divider--view-line elementor-widget elementor-widget-divider\" data-id=\"5ac9d035\" data-element_type=\"widget\" data-e-type=\"widget\" data-settings=\"{&quot;ekit_we_effect_on&quot;:&quot;none&quot;}\" data-widget_type=\"divider.default\">\n\t\t\t\t\t\t\t<div class=\"elementor-divider\">\n\t\t\t<span class=\"elementor-divider-separator\">\n\t\t\t\t\t\t<\/span>\n\t\t<\/div>\n\t\t\t\t\t\t<\/div>\n\t\t\t\t\t<\/div>\n\t\t\t\t<\/div>\n\t\t<div class=\"elementor-element elementor-element-2c163448 e-flex e-con-boxed e-con e-parent\" data-id=\"2c163448\" data-element_type=\"container\" data-e-type=\"container\">\n\t\t\t\t\t<div class=\"e-con-inner\">\n\t\t<div class=\"elementor-element elementor-element-38e8079e e-con-full e-flex e-con e-child\" data-id=\"38e8079e\" data-element_type=\"container\" data-e-type=\"container\">\n\t\t\t\t<div class=\"elementor-element elementor-element-1cd413d7 elementor-widget elementor-widget-image\" data-id=\"1cd413d7\" data-element_type=\"widget\" data-e-type=\"widget\" data-settings=\"{&quot;ekit_we_effect_on&quot;:&quot;none&quot;}\" data-widget_type=\"image.default\">\n\t\t\t\t\t\t\t\t\t\t\t\t\t\t\t\t<a href=\"https:\/\/pqmlegal.com\/\" target=\"_blank\">\n\t\t\t\t\t\t\t<img decoding=\"async\" width=\"207\" height=\"90\" src=\"https:\/\/forumqualenergia.it\/2023\/wp-content\/uploads\/sites\/24\/2023\/12\/logo-pqm-azzurro.png\" class=\"attachment-medium size-medium wp-image-6552\" alt=\"\" \/>\t\t\t\t\t\t\t\t<\/a>\n\t\t\t\t\t\t\t\t\t\t\t\t\t\t\t<\/div>\n\t\t\t\t<\/div>\n\t\t<div class=\"elementor-element elementor-element-45e82fb3 e-con-full e-flex e-con e-child\" data-id=\"45e82fb3\" data-element_type=\"container\" data-e-type=\"container\">\n\t\t\t\t<div class=\"elementor-element elementor-element-792c05f0 elementor-widget elementor-widget-exhibz-speaker\" data-id=\"792c05f0\" data-element_type=\"widget\" data-e-type=\"widget\" data-settings=\"{&quot;ekit_we_effect_on&quot;:&quot;none&quot;}\" data-widget_type=\"exhibz-speaker.default\">\n\t\t\t\t<div class=\"elementor-widget-container\">\n\t\t\t\t\t\t\t\t            <div class=\"ts-speaker\" style=\"--speaker-color: #25CD44\">\n                <div class=\"speaker-img\">\n\t\t\t\t\t                        <img decoding=\"async\" src=\"https:\/\/staging.forumqualenergia.it\/2023\/wp-content\/uploads\/sites\/24\/2023\/12\/Bisaro-foto.png.jpg\"\n                             alt=\"Bisaro foto\">\n\t\t\t\t\t                    <a href=\"#popup_792c05f08023\"\n                       class=\"view-speaker ts-image-popup\" data-effect=\"mfp-zoom-in\">\n                        <i class=\"icon icon-plus\"><\/i>\n                    <\/a>\n                <\/div>\n                <div class=\"ts-speaker-info\">\n                    <h3 class=\"ts-title\">\n                        <a href=\"https:\/\/forumqualenergia.it\/2023\/blog\/speaker\/francesca-bisaro\/\"> Francesca Bisaro <\/a>\n                    <\/h3>\n                    <p>\n\t\t\t\t\t\tSocio fondatore Studio PQM Legal                    <\/p>\n                <\/div>\n                <!--- speaker info end -->\n                <!-- popup start-->\n                <div id=\"popup_792c05f08023\"\n                     class=\"container ts-speaker-popup mfp-hide\">\n                    <div class=\"row\">\n                        <div class=\"col-lg-6\">\n                            <div class=\"ts-speaker-popup-img\">\n\t\t\t\t\t\t\t\t                                    <img decoding=\"async\" src=\"https:\/\/staging.forumqualenergia.it\/2023\/wp-content\/uploads\/sites\/24\/2023\/12\/Bisaro-foto.png.jpg\"\n                                         alt=\"Bisaro foto\">\n\t\t\t\t\t\t\t\t                            <\/div>\n                        <\/div>\n                        <!-- col end-->\n                        <div class=\"col-lg-6\">\n                            <div class=\"ts-speaker-popup-content\">\n                                <h3 class=\"ts-title\"><a\n                                            href=\"https:\/\/forumqualenergia.it\/2023\/blog\/speaker\/francesca-bisaro\/\"> Francesca Bisaro <\/a>\n                                <\/h3>\n                                <span class=\"speakder-designation\"> Socio fondatore Studio PQM Legal<\/span>\n\t\t\t\t\t\t\t\t                                    <img decoding=\"async\" src=\"\"\n                                         alt=\"\">\n\t\t\t\t\t\t\t\t                                <p>\n\t\t\t\t\t\t\t\t\tIscritta all\u2019Ordine degli Avvocati di Torino, sono Socio fondatore di PQM Legal e mi occupo di attivit\u00e0 di consulenza, assistenza legale e contrattualistica nel settore dell\u2019energia, con un focus sull\u2019individuazione delle strategie e delle soluzioni per risolvere le criticit\u00e0 che di norma costituiscono un ostacolo allo svolgimento del business.\r\n\r\nPer oltre 10 anni ho ricoperto il ruolo di General Counsel in diverse societ\u00e0 che operano nel settore energetico nazionale e internazionale e successivamente ho coordinato e gestito i dipartimenti energy in studi legali tra Milano e Torino.\r\n\r\nSvolgo con efficacia il ruolo di \u201csesto uomo\u201d nel mondo del diritto delle energie rinnovabili cercando di portare un risultato concreto ai miei clienti.                                <\/p>\n                                <div class=\"ts-speakers-social\">\n\t\t\t\t\t\t\t\t\t\t\t\t\t\t\t\t\t\t\t\t\t\t\t\t\t\t\t\t                                <\/div>\n                            <\/div>\n                            <!-- ts-speaker-popup-content end-->\n                        <\/div>\n                        <!-- col end-->\n                    <\/div>\n                    <!-- row end-->\n                <\/div>\n                <!-- popup end-->\n            <\/div>\n            <!-- ts-speaker end  -->\n\t\t\n\n\t\t\t\n\t\t\t\n\t\t\t\n\n\t\t\t\t\t\t<\/div>\n\t\t\t\t<\/div>\n\t\t\t\t<\/div>\n\t\t<div class=\"elementor-element elementor-element-29d3cde1 e-con-full e-flex e-con e-child\" data-id=\"29d3cde1\" data-element_type=\"container\" data-e-type=\"container\">\n\t\t\t\t<div class=\"elementor-element elementor-element-2d2c1456 elementor-align-left elementor-invisible elementor-widget elementor-widget-button\" data-id=\"2d2c1456\" data-element_type=\"widget\" data-e-type=\"widget\" data-settings=\"{&quot;_animation&quot;:&quot;fadeInUp&quot;,&quot;_animation_delay&quot;:450,&quot;ekit_we_effect_on&quot;:&quot;none&quot;}\" data-widget_type=\"button.default\">\n\t\t\t\t\t\t\t\t\t\t<a class=\"elementor-button elementor-button-link elementor-size-md\" href=\"https:\/\/forumqualenergia.it\/2023\/wp-content\/uploads\/2023\/12\/Bisaro_PQMLegal.pdf\" target=\"_blank\">\n\t\t\t\t\t\t<span class=\"elementor-button-content-wrapper\">\n\t\t\t\t\t\t\t\t\t<span class=\"elementor-button-text\">Scarica le slide<\/span>\n\t\t\t\t\t<\/span>\n\t\t\t\t\t<\/a>\n\t\t\t\t\t\t\t\t<\/div>\n\t\t\t\t<div class=\"elementor-element elementor-element-28e35b71 elementor-widget elementor-widget-text-editor\" data-id=\"28e35b71\" data-element_type=\"widget\" data-e-type=\"widget\" data-settings=\"{&quot;ekit_we_effect_on&quot;:&quot;none&quot;}\" data-widget_type=\"text-editor.default\">\n\t\t\t\t\t\t\t\t\t<p><span class=\"TextRun BCX0 SCXP215939030\" lang=\"IT-IT\" xml:lang=\"IT-IT\" data-scheme-color=\"@275B96,,\" data-usefontface=\"false\" data-contrast=\"none\"><span class=\"NormalTextRun BCX0 SCXP215939030\">Riflessioni sulla strumentalizzazione dell\u2019<\/span><\/span><span class=\"TextRun BCX0 SCXP215939030\" lang=\"IT-IT\" xml:lang=\"IT-IT\" data-scheme-color=\"@275B96,,\" data-usefontface=\"false\" data-contrast=\"none\"><span class=\"SpellingError BCX0 SCXP215939030\">agrivoltaico<\/span><\/span><span class=\"TextRun BCX0 SCXP215939030\" lang=\"IT-IT\" xml:lang=\"IT-IT\" data-scheme-color=\"@275B96,,\" data-usefontface=\"false\" data-contrast=\"none\"><span class=\"NormalTextRun BCX0 SCXP215939030\">\u00a0da\u00a0<\/span><\/span><span class=\"TextRun BCX0 SCXP215939030\" lang=\"IT-IT\" xml:lang=\"IT-IT\" data-scheme-color=\"@275B96,,\" data-usefontface=\"false\" data-contrast=\"none\"><span class=\"NormalTextRun BCX0 SCXP215939030\">parte delle Regioni\u00a0<\/span><\/span><\/p>\t\t\t\t\t\t\t\t<\/div>\n\t\t\t\t<\/div>\n\t\t\t\t\t<\/div>\n\t\t\t\t<\/div>\n\t\t<div class=\"elementor-element elementor-element-2170f19f e-flex e-con-boxed e-con e-parent\" data-id=\"2170f19f\" data-element_type=\"container\" data-e-type=\"container\">\n\t\t\t\t\t<div class=\"e-con-inner\">\n\t\t\t\t<div class=\"elementor-element elementor-element-3d403a1f elementor-widget-divider--view-line elementor-widget elementor-widget-divider\" data-id=\"3d403a1f\" data-element_type=\"widget\" data-e-type=\"widget\" data-settings=\"{&quot;ekit_we_effect_on&quot;:&quot;none&quot;}\" data-widget_type=\"divider.default\">\n\t\t\t\t\t\t\t<div class=\"elementor-divider\">\n\t\t\t<span class=\"elementor-divider-separator\">\n\t\t\t\t\t\t<\/span>\n\t\t<\/div>\n\t\t\t\t\t\t<\/div>\n\t\t\t\t\t<\/div>\n\t\t\t\t<\/div>\n\t\t<div class=\"elementor-element elementor-element-10671a91 e-flex e-con-boxed e-con e-parent\" data-id=\"10671a91\" data-element_type=\"container\" data-e-type=\"container\">\n\t\t\t\t\t<div class=\"e-con-inner\">\n\t\t<div class=\"elementor-element elementor-element-36300c62 e-con-full e-flex e-con e-child\" data-id=\"36300c62\" data-element_type=\"container\" data-e-type=\"container\">\n\t\t\t\t<div class=\"elementor-element elementor-element-b336a49 elementor-widget elementor-widget-image\" data-id=\"b336a49\" data-element_type=\"widget\" data-e-type=\"widget\" data-settings=\"{&quot;ekit_we_effect_on&quot;:&quot;none&quot;}\" data-widget_type=\"image.default\">\n\t\t\t\t\t\t\t\t\t\t\t\t\t\t\t\t<a href=\"https:\/\/www.erg.eu\/it\/home\" target=\"_blank\">\n\t\t\t\t\t\t\t<img loading=\"lazy\" decoding=\"async\" width=\"184\" height=\"47\" src=\"https:\/\/forumqualenergia.it\/2023\/wp-content\/uploads\/sites\/24\/2023\/12\/Erg-logo-sito.png\" class=\"attachment-medium size-medium wp-image-6555\" alt=\"\" \/>\t\t\t\t\t\t\t\t<\/a>\n\t\t\t\t\t\t\t\t\t\t\t\t\t\t\t<\/div>\n\t\t\t\t<\/div>\n\t\t<div class=\"elementor-element elementor-element-437c6d2f e-con-full e-flex e-con e-child\" data-id=\"437c6d2f\" data-element_type=\"container\" data-e-type=\"container\">\n\t\t\t\t<div class=\"elementor-element elementor-element-5c023aef elementor-widget elementor-widget-exhibz-speaker\" data-id=\"5c023aef\" data-element_type=\"widget\" data-e-type=\"widget\" data-settings=\"{&quot;ekit_we_effect_on&quot;:&quot;none&quot;}\" data-widget_type=\"exhibz-speaker.default\">\n\t\t\t\t<div class=\"elementor-widget-container\">\n\t\t\t\t\t\t\t\t            <div class=\"ts-speaker\" style=\"--speaker-color: #25CD44\">\n                <div class=\"speaker-img\">\n\t\t\t\t\t                        <img decoding=\"async\" src=\"https:\/\/staging.forumqualenergia.it\/2023\/wp-content\/uploads\/sites\/24\/2020\/11\/Bragoli_Luca_ERG.jpg\"\n                             alt=\"Lucas bragoli\">\n\t\t\t\t\t                    <a href=\"#popup_5c023aef8015\"\n                       class=\"view-speaker ts-image-popup\" data-effect=\"mfp-zoom-in\">\n                        <i class=\"icon icon-plus\"><\/i>\n                    <\/a>\n                <\/div>\n                <div class=\"ts-speaker-info\">\n                    <h3 class=\"ts-title\">\n                        <a href=\"https:\/\/forumqualenergia.it\/2023\/blog\/speaker\/luca-bragoli\/\"> Luca Bragoli <\/a>\n                    <\/h3>\n                    <p>\n\t\t\t\t\t\tChief Regulatory &amp; Public Affairs Officer Erg                    <\/p>\n                <\/div>\n                <!--- speaker info end -->\n                <!-- popup start-->\n                <div id=\"popup_5c023aef8015\"\n                     class=\"container ts-speaker-popup mfp-hide\">\n                    <div class=\"row\">\n                        <div class=\"col-lg-6\">\n                            <div class=\"ts-speaker-popup-img\">\n\t\t\t\t\t\t\t\t                                    <img decoding=\"async\" src=\"https:\/\/staging.forumqualenergia.it\/2023\/wp-content\/uploads\/sites\/24\/2020\/11\/Bragoli_Luca_ERG.jpg\"\n                                         alt=\"Lucas bragoli\">\n\t\t\t\t\t\t\t\t                            <\/div>\n                        <\/div>\n                        <!-- col end-->\n                        <div class=\"col-lg-6\">\n                            <div class=\"ts-speaker-popup-content\">\n                                <h3 class=\"ts-title\"><a\n                                            href=\"https:\/\/forumqualenergia.it\/2023\/blog\/speaker\/luca-bragoli\/\"> Luca Bragoli <\/a>\n                                <\/h3>\n                                <span class=\"speakder-designation\"> Chief Regulatory &amp; Public Affairs Officer Erg<\/span>\n\t\t\t\t\t\t\t\t                                    <img decoding=\"async\" src=\"\"\n                                         alt=\"\">\n\t\t\t\t\t\t\t\t                                <p>\n\t\t\t\t\t\t\t\t\tLaureato in Giurisprudenza, cum laude e menzione presso l\u2019Universit\u00e0 di Genova (1997), ha conseguito il MBA SOGEA in Processi di internazionalizzazione dell\u2019Impresa (2000).\r\n\r\nDal 2005 \u00e8 entrato a far parte del gruppo ERG, dove attualmente ricopre il ruolo di Chief Regulatory &amp; Public Affairs Officer con la responsabilit\u00e0 e l\u2019obiettivo di creare valore attraverso il perseguimento del fine regolatorio per i mercati di interesse nonch\u00e9 lo sviluppo ed il consolidamento del patrimonio relazionale con istituzioni ed enti di riferimento a sostegno delle attivit\u00e0 del Gruppo.\r\n\r\nAltri incarichi ricoperti\r\n\r\n\u00b7 Dal 2020: Vicepresidente di ANEV, Associazione Nazionale Energia del Vento, con delega all\u2019internazionale\r\n\r\n\u00b7 Dal 2020: membro del Board of Directors di WindEurope\r\n\r\n\u00b7 Dal 2020: Chair del Markets and Regulation Working group di WindEurope\r\n\r\n\u00b7 Dal 2018: membro dell\u2019Advisory Board di Elettricit\u00e0 Futura\r\n\r\n\u00b7 Dal 2016 al 2020: membro di Consiglio Direttivo del WEC Italia\r\n\r\n\u00b7 Dal 2012: membro del Consiglio Direttivo della sezione Risorse Energetiche di Confindustria Genova\r\n\r\nSino al 2005 ha svolto attivit\u00e0 forense nell\u2019area del diritto commerciale con particolare riferimento alla contrattualistica internazionale.\r\n\r\nAl di fuori del lavoro e della famiglia, la sua principale passione \u00e8 lo sport, in particolare il canottaggio.                                <\/p>\n                                <div class=\"ts-speakers-social\">\n\t\t\t\t\t\t\t\t\t\t\t\t\t\t\t\t\t\t\t\t\t\t\t\t\t\t\t\t                                <\/div>\n                            <\/div>\n                            <!-- ts-speaker-popup-content end-->\n                        <\/div>\n                        <!-- col end-->\n                    <\/div>\n                    <!-- row end-->\n                <\/div>\n                <!-- popup end-->\n            <\/div>\n            <!-- ts-speaker end  -->\n\t\t\n\n\t\t\t\n\t\t\t\n\t\t\t\n\n\t\t\t\t\t\t<\/div>\n\t\t\t\t<\/div>\n\t\t\t\t<\/div>\n\t\t<div class=\"elementor-element elementor-element-5908ac98 e-con-full e-flex e-con e-child\" data-id=\"5908ac98\" data-element_type=\"container\" data-e-type=\"container\">\n\t\t\t\t<div class=\"elementor-element elementor-element-28f1daa7 elementor-align-left elementor-invisible elementor-widget elementor-widget-button\" data-id=\"28f1daa7\" data-element_type=\"widget\" data-e-type=\"widget\" data-settings=\"{&quot;_animation&quot;:&quot;fadeInUp&quot;,&quot;_animation_delay&quot;:450,&quot;ekit_we_effect_on&quot;:&quot;none&quot;}\" data-widget_type=\"button.default\">\n\t\t\t\t\t\t\t\t\t\t<a class=\"elementor-button elementor-button-link elementor-size-md\" href=\"https:\/\/forumqualenergia.it\/2023\/wp-content\/uploads\/2023\/12\/Bragoli-Luca-ERG.pdf\" target=\"_blank\">\n\t\t\t\t\t\t<span class=\"elementor-button-content-wrapper\">\n\t\t\t\t\t\t\t\t\t<span class=\"elementor-button-text\">Scarica il documento<\/span>\n\t\t\t\t\t<\/span>\n\t\t\t\t\t<\/a>\n\t\t\t\t\t\t\t\t<\/div>\n\t\t\t\t<div class=\"elementor-element elementor-element-6e34429f elementor-widget elementor-widget-text-editor\" data-id=\"6e34429f\" data-element_type=\"widget\" data-e-type=\"widget\" data-settings=\"{&quot;ekit_we_effect_on&quot;:&quot;none&quot;}\" data-widget_type=\"text-editor.default\">\n\t\t\t\t\t\t\t\t\tRiciclo di terre rare da magneti permanenti esauriti: il progetto di Itelyum\t\t\t\t\t\t\t\t<\/div>\n\t\t\t\t<\/div>\n\t\t\t\t\t<\/div>\n\t\t\t\t<\/div>\n\t\t<div class=\"elementor-element elementor-element-1095b14 e-flex e-con-boxed e-con e-parent\" data-id=\"1095b14\" data-element_type=\"container\" data-e-type=\"container\">\n\t\t\t\t\t<div class=\"e-con-inner\">\n\t\t\t\t<div class=\"elementor-element elementor-element-5427780 elementor-widget-divider--view-line elementor-widget elementor-widget-divider\" data-id=\"5427780\" data-element_type=\"widget\" data-e-type=\"widget\" data-settings=\"{&quot;ekit_we_effect_on&quot;:&quot;none&quot;}\" data-widget_type=\"divider.default\">\n\t\t\t\t\t\t\t<div class=\"elementor-divider\">\n\t\t\t<span class=\"elementor-divider-separator\">\n\t\t\t\t\t\t<\/span>\n\t\t<\/div>\n\t\t\t\t\t\t<\/div>\n\t\t\t\t\t<\/div>\n\t\t\t\t<\/div>\n\t\t<div class=\"elementor-element elementor-element-7db2dce e-flex e-con-boxed e-con e-parent\" data-id=\"7db2dce\" data-element_type=\"container\" data-e-type=\"container\">\n\t\t\t\t\t<div class=\"e-con-inner\">\n\t\t<div class=\"elementor-element elementor-element-55670bda e-con-full e-flex e-con e-child\" data-id=\"55670bda\" data-element_type=\"container\" data-e-type=\"container\">\n\t\t\t\t<div class=\"elementor-element elementor-element-179362c3 elementor-widget elementor-widget-image\" data-id=\"179362c3\" data-element_type=\"widget\" data-e-type=\"widget\" data-settings=\"{&quot;ekit_we_effect_on&quot;:&quot;none&quot;}\" data-widget_type=\"image.default\">\n\t\t\t\t\t\t\t\t\t\t\t\t\t\t\t\t<a href=\"https:\/\/www.ipsos.com\/it-it\" target=\"_blank\">\n\t\t\t\t\t\t\t<img loading=\"lazy\" decoding=\"async\" width=\"234\" height=\"216\" src=\"https:\/\/forumqualenergia.it\/2023\/wp-content\/uploads\/sites\/24\/2020\/12\/ipsos.png\" class=\"attachment-medium size-medium wp-image-1831\" alt=\"\" \/>\t\t\t\t\t\t\t\t<\/a>\n\t\t\t\t\t\t\t\t\t\t\t\t\t\t\t<\/div>\n\t\t\t\t<\/div>\n\t\t<div class=\"elementor-element elementor-element-2ad7d8f4 e-con-full e-flex e-con e-child\" data-id=\"2ad7d8f4\" data-element_type=\"container\" data-e-type=\"container\">\n\t\t\t\t<div class=\"elementor-element elementor-element-1f06fbd0 elementor-widget elementor-widget-exhibz-speaker\" data-id=\"1f06fbd0\" data-element_type=\"widget\" data-e-type=\"widget\" data-settings=\"{&quot;ekit_we_effect_on&quot;:&quot;none&quot;}\" data-widget_type=\"exhibz-speaker.default\">\n\t\t\t\t<div class=\"elementor-widget-container\">\n\t\t\t\t\t\t\t\t            <div class=\"ts-speaker\" style=\"--speaker-color: #25CD44\">\n                <div class=\"speaker-img\">\n\t\t\t\t\t                        <img decoding=\"async\" src=\"https:\/\/staging.forumqualenergia.it\/2023\/wp-content\/uploads\/sites\/24\/2020\/11\/Andrea-Alemanno.jpeg\"\n                             alt=\"\">\n\t\t\t\t\t                    <a href=\"#popup_1f06fbd08028\"\n                       class=\"view-speaker ts-image-popup\" data-effect=\"mfp-zoom-in\">\n                        <i class=\"icon icon-plus\"><\/i>\n                    <\/a>\n                <\/div>\n                <div class=\"ts-speaker-info\">\n                    <h3 class=\"ts-title\">\n                        <a href=\"https:\/\/forumqualenergia.it\/2023\/blog\/speaker\/andrea-alemanno\/\"> Andrea Alemanno <\/a>\n                    <\/h3>\n                    <p>\n\t\t\t\t\t\tResponsabile Ricerche Sostenibilit\u00e0 IPSOS                    <\/p>\n                <\/div>\n                <!--- speaker info end -->\n                <!-- popup start-->\n                <div id=\"popup_1f06fbd08028\"\n                     class=\"container ts-speaker-popup mfp-hide\">\n                    <div class=\"row\">\n                        <div class=\"col-lg-6\">\n                            <div class=\"ts-speaker-popup-img\">\n\t\t\t\t\t\t\t\t                                    <img decoding=\"async\" src=\"https:\/\/staging.forumqualenergia.it\/2023\/wp-content\/uploads\/sites\/24\/2020\/11\/Andrea-Alemanno.jpeg\"\n                                         alt=\"\">\n\t\t\t\t\t\t\t\t                            <\/div>\n                        <\/div>\n                        <!-- col end-->\n                        <div class=\"col-lg-6\">\n                            <div class=\"ts-speaker-popup-content\">\n                                <h3 class=\"ts-title\"><a\n                                            href=\"https:\/\/forumqualenergia.it\/2023\/blog\/speaker\/andrea-alemanno\/\"> Andrea Alemanno <\/a>\n                                <\/h3>\n                                <span class=\"speakder-designation\"> Responsabile Ricerche Sostenibilit\u00e0 IPSOS<\/span>\n\t\t\t\t\t\t\t\t                                    <img decoding=\"async\" src=\"\"\n                                         alt=\"\">\n\t\t\t\t\t\t\t\t                                <p>\n\t\t\t\t\t\t\t\t\tCon oltre 20 anni di esperienza nelle ricerche di mercato, Andrea Alemanno, dopo la laurea in economia presso l\u2019Universit\u00e0 Cattolica, ha conseguito il MEC-Master in Economics presso l\u2019Universit\u00e0 Luigi Bocconi di Milano.\u00a0Ha lavorato in Millward Brown, Abacus, TNS (ora Kantar) e Ipsos. Tra le aree di ricerca ci sono primariamente i temi reputazionali a 360 gradi e in particolare quelli legati e alla sostenibilit\u00e0, le ricerche di scenario ed \u00e8 il referente in Ipsos di tutte le ricerche di tipo bancario e finanziario oltre a quelle di Crisis Management.\u00a0Insegna economia e tecnica della comunicazione d\u2019impresa presso l\u2019Universit\u00e0 Bicocca di Milano.\u00a0\u00c8 parte del team internazionale del IGRC \u2013 Ipsos Global Reputation Center.                                <\/p>\n                                <div class=\"ts-speakers-social\">\n\t\t\t\t\t\t\t\t\t\t\t\t\t\t\t\t\t\t\t\t\t\t\t\t\t\t\t\t                                <\/div>\n                            <\/div>\n                            <!-- ts-speaker-popup-content end-->\n                        <\/div>\n                        <!-- col end-->\n                    <\/div>\n                    <!-- row end-->\n                <\/div>\n                <!-- popup end-->\n            <\/div>\n            <!-- ts-speaker end  -->\n\t\t\n\n\t\t\t\n\t\t\t\n\t\t\t\n\n\t\t\t\t\t\t<\/div>\n\t\t\t\t<\/div>\n\t\t\t\t<\/div>\n\t\t<div class=\"elementor-element elementor-element-7742cbd5 e-con-full e-flex e-con e-child\" data-id=\"7742cbd5\" data-element_type=\"container\" data-e-type=\"container\">\n\t\t\t\t<div class=\"elementor-element elementor-element-c5dd357 elementor-align-left elementor-invisible elementor-widget elementor-widget-button\" data-id=\"c5dd357\" data-element_type=\"widget\" data-e-type=\"widget\" data-settings=\"{&quot;_animation&quot;:&quot;fadeInUp&quot;,&quot;_animation_delay&quot;:450,&quot;ekit_we_effect_on&quot;:&quot;none&quot;}\" data-widget_type=\"button.default\">\n\t\t\t\t\t\t\t\t\t\t<a class=\"elementor-button elementor-button-link elementor-size-md\" href=\"https:\/\/forumqualenergia.it\/2023\/wp-content\/uploads\/2023\/12\/Cazzaniga-IPSOS_Forum-Qualenergia_Report_2023_Intervento_v2.pptx\" target=\"_blank\">\n\t\t\t\t\t\t<span class=\"elementor-button-content-wrapper\">\n\t\t\t\t\t\t\t\t\t<span class=\"elementor-button-text\">Scarica il report<\/span>\n\t\t\t\t\t<\/span>\n\t\t\t\t\t<\/a>\n\t\t\t\t\t\t\t\t<\/div>\n\t\t\t\t<div class=\"elementor-element elementor-element-29407462 elementor-widget elementor-widget-text-editor\" data-id=\"29407462\" data-element_type=\"widget\" data-e-type=\"widget\" data-settings=\"{&quot;ekit_we_effect_on&quot;:&quot;none&quot;}\" data-widget_type=\"text-editor.default\">\n\t\t\t\t\t\t\t\t\t<p>Osservatorio gli Italiani e l\u2019Energia. Report Ipsos \u2013 Legambiente \u2013 Nuova Ecologia \u2013 Kyoto Club<\/p>\t\t\t\t\t\t\t\t<\/div>\n\t\t\t\t<\/div>\n\t\t\t\t\t<\/div>\n\t\t\t\t<\/div>\n\t\t<div class=\"elementor-element elementor-element-15e755b3 e-flex e-con-boxed e-con e-parent\" data-id=\"15e755b3\" data-element_type=\"container\" data-e-type=\"container\">\n\t\t\t\t\t<div class=\"e-con-inner\">\n\t\t\t\t<div class=\"elementor-element elementor-element-72c2f482 elementor-widget-divider--view-line elementor-widget elementor-widget-divider\" data-id=\"72c2f482\" data-element_type=\"widget\" data-e-type=\"widget\" data-settings=\"{&quot;ekit_we_effect_on&quot;:&quot;none&quot;}\" data-widget_type=\"divider.default\">\n\t\t\t\t\t\t\t<div class=\"elementor-divider\">\n\t\t\t<span class=\"elementor-divider-separator\">\n\t\t\t\t\t\t<\/span>\n\t\t<\/div>\n\t\t\t\t\t\t<\/div>\n\t\t\t\t\t<\/div>\n\t\t\t\t<\/div>\n\t\t<div class=\"elementor-element elementor-element-2160b729 e-flex e-con-boxed e-con e-parent\" data-id=\"2160b729\" data-element_type=\"container\" data-e-type=\"container\">\n\t\t\t\t\t<div class=\"e-con-inner\">\n\t\t<div class=\"elementor-element elementor-element-3b18584e e-con-full e-flex e-con e-child\" data-id=\"3b18584e\" data-element_type=\"container\" data-e-type=\"container\">\n\t\t\t\t<div class=\"elementor-element elementor-element-41e5b6ee elementor-widget elementor-widget-image\" data-id=\"41e5b6ee\" data-element_type=\"widget\" data-e-type=\"widget\" data-settings=\"{&quot;ekit_we_effect_on&quot;:&quot;none&quot;}\" data-widget_type=\"image.default\">\n\t\t\t\t\t\t\t\t\t\t\t\t\t\t\t\t<a href=\"https:\/\/chint.it\/\" target=\"_blank\">\n\t\t\t\t\t\t\t<img loading=\"lazy\" decoding=\"async\" width=\"190\" height=\"143\" src=\"https:\/\/forumqualenergia.it\/2023\/wp-content\/uploads\/sites\/24\/2022\/10\/logo_chint.png\" class=\"attachment-medium size-medium wp-image-3843\" alt=\"\" \/>\t\t\t\t\t\t\t\t<\/a>\n\t\t\t\t\t\t\t\t\t\t\t\t\t\t\t<\/div>\n\t\t\t\t<\/div>\n\t\t<div class=\"elementor-element elementor-element-72d3ff0c e-con-full e-flex e-con e-child\" data-id=\"72d3ff0c\" data-element_type=\"container\" data-e-type=\"container\">\n\t\t\t\t<div class=\"elementor-element elementor-element-479280b0 elementor-widget elementor-widget-exhibz-speaker\" data-id=\"479280b0\" data-element_type=\"widget\" data-e-type=\"widget\" data-settings=\"{&quot;ekit_we_effect_on&quot;:&quot;none&quot;}\" data-widget_type=\"exhibz-speaker.default\">\n\t\t\t\t<div class=\"elementor-widget-container\">\n\t\t\t\t\t\t\t\t            <div class=\"ts-speaker\" style=\"--speaker-color: #25CD44\">\n                <div class=\"speaker-img\">\n\t\t\t\t\t                        <img decoding=\"async\" src=\"https:\/\/staging.forumqualenergia.it\/2023\/wp-content\/uploads\/sites\/24\/2022\/11\/Iames-Chiarello-300x300-1.png\"\n                             alt=\"Iames Chiarello\">\n\t\t\t\t\t                    <a href=\"#popup_479280b08021\"\n                       class=\"view-speaker ts-image-popup\" data-effect=\"mfp-zoom-in\">\n                        <i class=\"icon icon-plus\"><\/i>\n                    <\/a>\n                <\/div>\n                <div class=\"ts-speaker-info\">\n                    <h3 class=\"ts-title\">\n                        <a href=\"https:\/\/forumqualenergia.it\/2023\/blog\/speaker\/iames-chiarello\/\"> Iames Chiarello <\/a>\n                    <\/h3>\n                    <p>\n\t\t\t\t\t\tSales Engineer Chint Italia Investment                    <\/p>\n                <\/div>\n                <!--- speaker info end -->\n                <!-- popup start-->\n                <div id=\"popup_479280b08021\"\n                     class=\"container ts-speaker-popup mfp-hide\">\n                    <div class=\"row\">\n                        <div class=\"col-lg-6\">\n                            <div class=\"ts-speaker-popup-img\">\n\t\t\t\t\t\t\t\t                                    <img decoding=\"async\" src=\"https:\/\/staging.forumqualenergia.it\/2023\/wp-content\/uploads\/sites\/24\/2022\/11\/Iames-Chiarello-300x300-1.png\"\n                                         alt=\"Iames Chiarello\">\n\t\t\t\t\t\t\t\t                            <\/div>\n                        <\/div>\n                        <!-- col end-->\n                        <div class=\"col-lg-6\">\n                            <div class=\"ts-speaker-popup-content\">\n                                <h3 class=\"ts-title\"><a\n                                            href=\"https:\/\/forumqualenergia.it\/2023\/blog\/speaker\/iames-chiarello\/\"> Iames Chiarello <\/a>\n                                <\/h3>\n                                <span class=\"speakder-designation\"> Sales Engineer Chint Italia Investment<\/span>\n\t\t\t\t\t\t\t\t                                    <img decoding=\"async\" src=\"\"\n                                         alt=\"\">\n\t\t\t\t\t\t\t\t                                <p>\n\t\t\t\t\t\t\t\t\t<span class=\"TextRun SCXW89870038 BCX0\"><span class=\"NormalTextRun SCXW89870038 BCX0\">Dopo aver frequentato la facolt\u00e0 di\u00a0<\/span><span class=\"NormalTextRun SCXW89870038 BCX0\">Ingegneria elettrica presso l\u2019<\/span><span class=\"NormalTextRun SCXW89870038 BCX0\">Universit\u00e0 degli Studi di Padova<\/span><span class=\"NormalTextRun SCXW89870038 BCX0\">,<\/span><span class=\"NormalTextRun SCXW89870038 BCX0\">\u00a0con specializzazione in impianti elettrici<\/span><span class=\"NormalTextRun SCXW89870038 BCX0\">\u00a0e<\/span><span class=\"NormalTextRun SCXW89870038 BCX0\">\u00a0impianti in media ed alta tensione<\/span><span class=\"NormalTextRun SCXW89870038 BCX0\">,\u00a0<\/span><span class=\"NormalTextRun SCXW89870038 BCX0\">inizia il proprio percorso professionale nel 2001 in qualit\u00e0 di tecnico nell\u2019ambito della progettazione di impianti elettrici speciali (antintrusione, antincendio e videosorveglianza) per poi passare nel 2007 all\u2019ambito degli impianti e sistemi di sicurezza in qualit\u00e0 di consulente, svolgendo al contempo docenze presso alcuni istituti di insegnamento superiore nelle province di Rovigo e Padova.\r\nEntra a far parte di Chint Italia nel 2011\u00a0<\/span><span class=\"NormalTextRun SCXW89870038 BCX0\">in qualit\u00e0 di<\/span><span class=\"NormalTextRun SCXW89870038 BCX0\">\u00a0coordinatore dell\u2019ufficio tecnico e nel 2019, con il passaggio dell\u2019azienda sotto l\u2019insegna della casa madre cinese (e sotto la nuova denominazione di Chint Italia Investment Srl), assume il ruolo di Product Manager, con funzione di\u00a0<\/span><span class=\"NormalTextRun SCXW89870038 BCX0\">a<\/span><span class=\"NormalTextRun SCXW89870038 BCX0\">nalisi e valutazione nuovi prodotti<\/span><span class=\"NormalTextRun SCXW89870038 BCX0\">,\u00a0<\/span><span class=\"NormalTextRun SCXW89870038 BCX0\">analisi normative, sviluppo strategie commerciali<\/span><span class=\"NormalTextRun SCXW89870038 BCX0\">\u00a0e supporto al marketing di prodotto<\/span><span class=\"NormalTextRun SCXW89870038 BCX0\">.\r\nDa pochi mesi riveste il ruolo di Sales\u00a0<\/span><span class=\"NormalTextRun SpellingErrorV2Themed SCXW89870038 BCX0\">Engineer<\/span><span class=\"NormalTextRun SCXW89870038 BCX0\">, portando la propria esperienza<\/span><span class=\"NormalTextRun SCXW89870038 BCX0\">\u00a0tecnica<\/span><span class=\"NormalTextRun SCXW89870038 BCX0\">\u00a0anche nell\u2019abito delle vendite.\r\n<\/span><\/span><span class=\"TextRun SCXW89870038 BCX0\"><span class=\"NormalTextRun SCXW89870038 BCX0\">Dal 2022\u00a0riveste il ruolo di Sales Engineer, portando la propria esperienza tecnica anche nell\u2019abito delle vendite. Nel tempo libero si dedica al tennis, al calcio e al basket con il figlioletto e adora trascorrere piacevoli momenti di condivisione con la sua famiglia.<\/span><\/span><span class=\"EOP SCXW89870038 BCX0\">\u00a0<\/span>                                <\/p>\n                                <div class=\"ts-speakers-social\">\n\t\t\t\t\t\t\t\t\t\t\t\t\t\t\t\t\t\t\t\t\t\t\t\t\t\t\t\t                                <\/div>\n                            <\/div>\n                            <!-- ts-speaker-popup-content end-->\n                        <\/div>\n                        <!-- col end-->\n                    <\/div>\n                    <!-- row end-->\n                <\/div>\n                <!-- popup end-->\n            <\/div>\n            <!-- ts-speaker end  -->\n\t\t\n\n\t\t\t\n\t\t\t\n\t\t\t\n\n\t\t\t\t\t\t<\/div>\n\t\t\t\t<\/div>\n\t\t\t\t<\/div>\n\t\t<div class=\"elementor-element elementor-element-6541acbe e-con-full e-flex e-con e-child\" data-id=\"6541acbe\" data-element_type=\"container\" data-e-type=\"container\">\n\t\t\t\t<div class=\"elementor-element elementor-element-1f9953a2 elementor-align-left elementor-invisible elementor-widget elementor-widget-button\" data-id=\"1f9953a2\" data-element_type=\"widget\" data-e-type=\"widget\" data-settings=\"{&quot;_animation&quot;:&quot;fadeInUp&quot;,&quot;_animation_delay&quot;:450,&quot;ekit_we_effect_on&quot;:&quot;none&quot;}\" data-widget_type=\"button.default\">\n\t\t\t\t\t\t\t\t\t\t<a class=\"elementor-button elementor-button-link elementor-size-md\" href=\"https:\/\/forumqualenergia.it\/2023\/wp-content\/uploads\/2023\/12\/CHIARELLO-CHINT-Forum-Quale-Energia-Chint.pdf\" target=\"_blank\">\n\t\t\t\t\t\t<span class=\"elementor-button-content-wrapper\">\n\t\t\t\t\t\t\t\t\t<span class=\"elementor-button-text\">Scarica le slide<\/span>\n\t\t\t\t\t<\/span>\n\t\t\t\t\t<\/a>\n\t\t\t\t\t\t\t\t<\/div>\n\t\t\t\t<div class=\"elementor-element elementor-element-427bf119 elementor-widget elementor-widget-text-editor\" data-id=\"427bf119\" data-element_type=\"widget\" data-e-type=\"widget\" data-settings=\"{&quot;ekit_we_effect_on&quot;:&quot;none&quot;}\" data-widget_type=\"text-editor.default\">\n\t\t\t\t\t\t\t\t\t<p>Le rinnovabili ripartono: dall\u2019agrivoltaico agli impianti di taglia industriale, dagli accumuli alle reti<\/p>\t\t\t\t\t\t\t\t<\/div>\n\t\t\t\t<\/div>\n\t\t\t\t\t<\/div>\n\t\t\t\t<\/div>\n\t\t<div class=\"elementor-element elementor-element-278797c4 e-flex e-con-boxed e-con e-parent\" data-id=\"278797c4\" data-element_type=\"container\" data-e-type=\"container\">\n\t\t\t\t\t<div class=\"e-con-inner\">\n\t\t\t\t<div class=\"elementor-element elementor-element-4451925a elementor-widget-divider--view-line elementor-widget elementor-widget-divider\" data-id=\"4451925a\" data-element_type=\"widget\" data-e-type=\"widget\" data-settings=\"{&quot;ekit_we_effect_on&quot;:&quot;none&quot;}\" data-widget_type=\"divider.default\">\n\t\t\t\t\t\t\t<div class=\"elementor-divider\">\n\t\t\t<span class=\"elementor-divider-separator\">\n\t\t\t\t\t\t<\/span>\n\t\t<\/div>\n\t\t\t\t\t\t<\/div>\n\t\t\t\t\t<\/div>\n\t\t\t\t<\/div>\n\t\t<div class=\"elementor-element elementor-element-2e7675db e-flex e-con-boxed e-con e-parent\" data-id=\"2e7675db\" data-element_type=\"container\" data-e-type=\"container\">\n\t\t\t\t\t<div class=\"e-con-inner\">\n\t\t<div class=\"elementor-element elementor-element-70e8e02 e-con-full e-flex e-con e-child\" data-id=\"70e8e02\" data-element_type=\"container\" data-e-type=\"container\">\n\t\t\t\t<div class=\"elementor-element elementor-element-4c457e07 elementor-widget elementor-widget-image\" data-id=\"4c457e07\" data-element_type=\"widget\" data-e-type=\"widget\" data-settings=\"{&quot;ekit_we_effect_on&quot;:&quot;none&quot;}\" data-widget_type=\"image.default\">\n\t\t\t\t\t\t\t\t\t\t\t\t\t\t\t\t<a href=\"https:\/\/www.elettricitafutura.it\/\" target=\"_blank\">\n\t\t\t\t\t\t\t<img loading=\"lazy\" decoding=\"async\" width=\"170\" height=\"64\" src=\"https:\/\/forumqualenergia.it\/2023\/wp-content\/uploads\/sites\/24\/2025\/09\/logo_elettricitafutura_partner.jpg\" class=\"attachment-medium size-medium wp-image-7869\" alt=\"\" \/>\t\t\t\t\t\t\t\t<\/a>\n\t\t\t\t\t\t\t\t\t\t\t\t\t\t\t<\/div>\n\t\t\t\t<\/div>\n\t\t<div class=\"elementor-element elementor-element-3e06c945 e-con-full e-flex e-con e-child\" data-id=\"3e06c945\" data-element_type=\"container\" data-e-type=\"container\">\n\t\t\t\t<div class=\"elementor-element elementor-element-205c6ba8 elementor-widget elementor-widget-exhibz-speaker\" data-id=\"205c6ba8\" data-element_type=\"widget\" data-e-type=\"widget\" data-settings=\"{&quot;ekit_we_effect_on&quot;:&quot;none&quot;}\" data-widget_type=\"exhibz-speaker.default\">\n\t\t\t\t<div class=\"elementor-widget-container\">\n\t\t\t\t\t\t\t\t            <div class=\"ts-speaker\" style=\"--speaker-color: #25CD44\">\n                <div class=\"speaker-img\">\n\t\t\t\t\t                        <img decoding=\"async\" src=\"https:\/\/staging.forumqualenergia.it\/2023\/wp-content\/uploads\/sites\/24\/2023\/12\/thumbnail_Edoardo-De-Luca-Elettricita-Futura.jpg\"\n                             alt=\"Edoardo De Luca\">\n\t\t\t\t\t                    <a href=\"#popup_205c6ba88013\"\n                       class=\"view-speaker ts-image-popup\" data-effect=\"mfp-zoom-in\">\n                        <i class=\"icon icon-plus\"><\/i>\n                    <\/a>\n                <\/div>\n                <div class=\"ts-speaker-info\">\n                    <h3 class=\"ts-title\">\n                        <a href=\"https:\/\/forumqualenergia.it\/2023\/blog\/speaker\/edoardo-de-luca\/\"> Edoardo De Luca <\/a>\n                    <\/h3>\n                    <p>\n\t\t\t\t\t\tDirettore Generale Elettricit\u00e0 Futura                    <\/p>\n                <\/div>\n                <!--- speaker info end -->\n                <!-- popup start-->\n                <div id=\"popup_205c6ba88013\"\n                     class=\"container ts-speaker-popup mfp-hide\">\n                    <div class=\"row\">\n                        <div class=\"col-lg-6\">\n                            <div class=\"ts-speaker-popup-img\">\n\t\t\t\t\t\t\t\t                                    <img decoding=\"async\" src=\"https:\/\/staging.forumqualenergia.it\/2023\/wp-content\/uploads\/sites\/24\/2023\/12\/thumbnail_Edoardo-De-Luca-Elettricita-Futura.jpg\"\n                                         alt=\"Edoardo De Luca\">\n\t\t\t\t\t\t\t\t                            <\/div>\n                        <\/div>\n                        <!-- col end-->\n                        <div class=\"col-lg-6\">\n                            <div class=\"ts-speaker-popup-content\">\n                                <h3 class=\"ts-title\"><a\n                                            href=\"https:\/\/forumqualenergia.it\/2023\/blog\/speaker\/edoardo-de-luca\/\"> Edoardo De Luca <\/a>\n                                <\/h3>\n                                <span class=\"speakder-designation\"> Direttore Generale Elettricit\u00e0 Futura<\/span>\n\t\t\t\t\t\t\t\t                                    <img decoding=\"async\" src=\"\"\n                                         alt=\"\">\n\t\t\t\t\t\t\t\t                                <p>\n\t\t\t\t\t\t\t\t\tEdoardo Antonio De Luca dallo scorso settembre \u00e8 Direttore Generale di Elettricit\u00e0 Futura, l\u2019Associazione aderente a Confindustria che rappresenta oltre il 70% del mercato elettrico italiano. In precedenza, ha ricoperto il ruolo di Responsabile Affari legali e istituzionali. Avvocato specializzato negli ambiti del diritto amministrativo e del diritto dell\u2019energia, con particolare attenzione al settore delle energie rinnovabili, ha collaborato con primari studi legali, e ha lavorato al Gestore dei Servizi Energetici \u2013 GSE S.p.A. sia nella Direzione Verifiche e Ispezioni che nella Direzione Legale e Appalti.                                <\/p>\n                                <div class=\"ts-speakers-social\">\n\t\t\t\t\t\t\t\t\t\t\t\t\t\t\t\t\t\t\t\t\t\t\t\t\t\t\t\t                                <\/div>\n                            <\/div>\n                            <!-- ts-speaker-popup-content end-->\n                        <\/div>\n                        <!-- col end-->\n                    <\/div>\n                    <!-- row end-->\n                <\/div>\n                <!-- popup end-->\n            <\/div>\n            <!-- ts-speaker end  -->\n\t\t\n\n\t\t\t\n\t\t\t\n\t\t\t\n\n\t\t\t\t\t\t<\/div>\n\t\t\t\t<\/div>\n\t\t\t\t<\/div>\n\t\t<div class=\"elementor-element elementor-element-12493567 e-con-full e-flex e-con e-child\" data-id=\"12493567\" data-element_type=\"container\" data-e-type=\"container\">\n\t\t\t\t<div class=\"elementor-element elementor-element-6a9c3461 elementor-align-left elementor-invisible elementor-widget elementor-widget-button\" data-id=\"6a9c3461\" data-element_type=\"widget\" data-e-type=\"widget\" data-settings=\"{&quot;_animation&quot;:&quot;fadeInUp&quot;,&quot;_animation_delay&quot;:450,&quot;ekit_we_effect_on&quot;:&quot;none&quot;}\" data-widget_type=\"button.default\">\n\t\t\t\t\t\t\t\t\t\t<a class=\"elementor-button elementor-button-link elementor-size-md\" href=\"https:\/\/forumqualenergia.it\/2023\/wp-content\/uploads\/2023\/12\/De-Luca-Edoardo_EF.pdf\" target=\"_blank\">\n\t\t\t\t\t\t<span class=\"elementor-button-content-wrapper\">\n\t\t\t\t\t\t\t\t\t<span class=\"elementor-button-text\">Scarica le slide<\/span>\n\t\t\t\t\t<\/span>\n\t\t\t\t\t<\/a>\n\t\t\t\t\t\t\t\t<\/div>\n\t\t\t\t<div class=\"elementor-element elementor-element-21b2525f elementor-widget elementor-widget-text-editor\" data-id=\"21b2525f\" data-element_type=\"widget\" data-e-type=\"widget\" data-settings=\"{&quot;ekit_we_effect_on&quot;:&quot;none&quot;}\" data-widget_type=\"text-editor.default\">\n\t\t\t\t\t\t\t\t\t<p>Acceleriamo la Transizione per la sicurezza dell\u2019Italia<\/p>\t\t\t\t\t\t\t\t<\/div>\n\t\t\t\t<\/div>\n\t\t\t\t\t<\/div>\n\t\t\t\t<\/div>\n\t\t<div class=\"elementor-element elementor-element-57ab75c6 e-flex e-con-boxed e-con e-parent\" data-id=\"57ab75c6\" data-element_type=\"container\" data-e-type=\"container\">\n\t\t\t\t\t<div class=\"e-con-inner\">\n\t\t\t\t<div class=\"elementor-element elementor-element-6ef5741e elementor-widget-divider--view-line elementor-widget elementor-widget-divider\" data-id=\"6ef5741e\" data-element_type=\"widget\" data-e-type=\"widget\" data-settings=\"{&quot;ekit_we_effect_on&quot;:&quot;none&quot;}\" data-widget_type=\"divider.default\">\n\t\t\t\t\t\t\t<div class=\"elementor-divider\">\n\t\t\t<span class=\"elementor-divider-separator\">\n\t\t\t\t\t\t<\/span>\n\t\t<\/div>\n\t\t\t\t\t\t<\/div>\n\t\t\t\t\t<\/div>\n\t\t\t\t<\/div>\n\t\t<div class=\"elementor-element elementor-element-61720079 e-flex e-con-boxed e-con e-parent\" data-id=\"61720079\" data-element_type=\"container\" data-e-type=\"container\">\n\t\t\t\t\t<div class=\"e-con-inner\">\n\t\t<div class=\"elementor-element elementor-element-1783e9a2 e-con-full e-flex e-con e-child\" data-id=\"1783e9a2\" data-element_type=\"container\" data-e-type=\"container\">\n\t\t\t\t<div class=\"elementor-element elementor-element-44692bee elementor-widget elementor-widget-image\" data-id=\"44692bee\" data-element_type=\"widget\" data-e-type=\"widget\" data-settings=\"{&quot;ekit_we_effect_on&quot;:&quot;none&quot;}\" data-widget_type=\"image.default\">\n\t\t\t\t\t\t\t\t\t\t\t\t\t\t\t\t<a href=\"https:\/\/www.legambiente.it\/\" target=\"_blank\">\n\t\t\t\t\t\t\t<img loading=\"lazy\" decoding=\"async\" width=\"200\" height=\"118\" src=\"https:\/\/forumqualenergia.it\/2023\/wp-content\/uploads\/sites\/24\/2025\/09\/Logo-Legambiente-e1595929567454-200x118-2.png\" class=\"attachment-medium size-medium wp-image-7947\" alt=\"\" \/>\t\t\t\t\t\t\t\t<\/a>\n\t\t\t\t\t\t\t\t\t\t\t\t\t\t\t<\/div>\n\t\t\t\t<\/div>\n\t\t<div class=\"elementor-element elementor-element-371020a4 e-con-full e-flex e-con e-child\" data-id=\"371020a4\" data-element_type=\"container\" data-e-type=\"container\">\n\t\t\t\t<div class=\"elementor-element elementor-element-375ef98d elementor-widget elementor-widget-exhibz-speaker\" data-id=\"375ef98d\" data-element_type=\"widget\" data-e-type=\"widget\" data-settings=\"{&quot;ekit_we_effect_on&quot;:&quot;none&quot;}\" data-widget_type=\"exhibz-speaker.default\">\n\t\t\t\t<div class=\"elementor-widget-container\">\n\t\t\t\t\t\t\t\t            <div class=\"ts-speaker\" style=\"--speaker-color: #25CD44\">\n                <div class=\"speaker-img\">\n\t\t\t\t\t                        <img decoding=\"async\" src=\"https:\/\/staging.forumqualenergia.it\/2023\/wp-content\/uploads\/sites\/24\/2020\/11\/Katiuscia-Eroe.jpeg\"\n                             alt=\"\">\n\t\t\t\t\t                    <a href=\"#popup_375ef98d8014\"\n                       class=\"view-speaker ts-image-popup\" data-effect=\"mfp-zoom-in\">\n                        <i class=\"icon icon-plus\"><\/i>\n                    <\/a>\n                <\/div>\n                <div class=\"ts-speaker-info\">\n                    <h3 class=\"ts-title\">\n                        <a href=\"https:\/\/forumqualenergia.it\/2023\/blog\/speaker\/katiuscia-eroe\/\"> Katiuscia Eroe <\/a>\n                    <\/h3>\n                    <p>\n\t\t\t\t\t\tResponsabile Energia Legambiente                    <\/p>\n                <\/div>\n                <!--- speaker info end -->\n                <!-- popup start-->\n                <div id=\"popup_375ef98d8014\"\n                     class=\"container ts-speaker-popup mfp-hide\">\n                    <div class=\"row\">\n                        <div class=\"col-lg-6\">\n                            <div class=\"ts-speaker-popup-img\">\n\t\t\t\t\t\t\t\t                                    <img decoding=\"async\" src=\"https:\/\/staging.forumqualenergia.it\/2023\/wp-content\/uploads\/sites\/24\/2020\/11\/Katiuscia-Eroe.jpeg\"\n                                         alt=\"\">\n\t\t\t\t\t\t\t\t                            <\/div>\n                        <\/div>\n                        <!-- col end-->\n                        <div class=\"col-lg-6\">\n                            <div class=\"ts-speaker-popup-content\">\n                                <h3 class=\"ts-title\"><a\n                                            href=\"https:\/\/forumqualenergia.it\/2023\/blog\/speaker\/katiuscia-eroe\/\"> Katiuscia Eroe <\/a>\n                                <\/h3>\n                                <span class=\"speakder-designation\"> Responsabile Energia Legambiente<\/span>\n\t\t\t\t\t\t\t\t                                    <img decoding=\"async\" src=\"\"\n                                         alt=\"\">\n\t\t\t\t\t\t\t\t                                <p>\n\t\t\t\t\t\t\t\t\t<a href=\"https:\/\/it.linkedin.com\/in\/katiusciaeroe\">Profilo della relatrice<\/a>                                <\/p>\n                                <div class=\"ts-speakers-social\">\n\t\t\t\t\t\t\t\t\t\t\t\t\t\t\t\t\t\t\t\t\t\t\t\t\t\t\t\t                                <\/div>\n                            <\/div>\n                            <!-- ts-speaker-popup-content end-->\n                        <\/div>\n                        <!-- col end-->\n                    <\/div>\n                    <!-- row end-->\n                <\/div>\n                <!-- popup end-->\n            <\/div>\n            <!-- ts-speaker end  -->\n\t\t\n\n\t\t\t\n\t\t\t\n\t\t\t\n\n\t\t\t\t\t\t<\/div>\n\t\t\t\t<\/div>\n\t\t\t\t<\/div>\n\t\t<div class=\"elementor-element elementor-element-4d3e041d e-con-full e-flex e-con e-child\" data-id=\"4d3e041d\" data-element_type=\"container\" data-e-type=\"container\">\n\t\t\t\t<div class=\"elementor-element elementor-element-3d2f44b0 elementor-align-left elementor-invisible elementor-widget elementor-widget-button\" data-id=\"3d2f44b0\" data-element_type=\"widget\" data-e-type=\"widget\" data-settings=\"{&quot;_animation&quot;:&quot;fadeInUp&quot;,&quot;_animation_delay&quot;:450,&quot;ekit_we_effect_on&quot;:&quot;none&quot;}\" data-widget_type=\"button.default\">\n\t\t\t\t\t\t\t\t\t\t<a class=\"elementor-button elementor-button-link elementor-size-md\" href=\"https:\/\/forumqualenergia.it\/2023\/wp-content\/uploads\/2023\/12\/EROE_Guida_eolico-1.pdf\" target=\"_blank\">\n\t\t\t\t\t\t<span class=\"elementor-button-content-wrapper\">\n\t\t\t\t\t\t\t\t\t<span class=\"elementor-button-text\">Scarica le slide<\/span>\n\t\t\t\t\t<\/span>\n\t\t\t\t\t<\/a>\n\t\t\t\t\t\t\t\t<\/div>\n\t\t\t\t<div class=\"elementor-element elementor-element-7ebcb5eb elementor-widget elementor-widget-text-editor\" data-id=\"7ebcb5eb\" data-element_type=\"widget\" data-e-type=\"widget\" data-settings=\"{&quot;ekit_we_effect_on&quot;:&quot;none&quot;}\" data-widget_type=\"text-editor.default\">\n\t\t\t\t\t\t\t\t\t<p>Presentazione della guida \u201cParchi del vento\u201d<\/p>\t\t\t\t\t\t\t\t<\/div>\n\t\t\t\t<\/div>\n\t\t\t\t\t<\/div>\n\t\t\t\t<\/div>\n\t\t<div class=\"elementor-element elementor-element-591fbe7f e-flex e-con-boxed e-con e-parent\" data-id=\"591fbe7f\" data-element_type=\"container\" data-e-type=\"container\">\n\t\t\t\t\t<div class=\"e-con-inner\">\n\t\t\t\t<div class=\"elementor-element elementor-element-5e50c31e elementor-widget-divider--view-line elementor-widget elementor-widget-divider\" data-id=\"5e50c31e\" data-element_type=\"widget\" data-e-type=\"widget\" data-settings=\"{&quot;ekit_we_effect_on&quot;:&quot;none&quot;}\" data-widget_type=\"divider.default\">\n\t\t\t\t\t\t\t<div class=\"elementor-divider\">\n\t\t\t<span class=\"elementor-divider-separator\">\n\t\t\t\t\t\t<\/span>\n\t\t<\/div>\n\t\t\t\t\t\t<\/div>\n\t\t\t\t\t<\/div>\n\t\t\t\t<\/div>\n\t\t<div class=\"elementor-element elementor-element-4950b6ba e-flex e-con-boxed e-con e-parent\" data-id=\"4950b6ba\" data-element_type=\"container\" data-e-type=\"container\">\n\t\t\t\t\t<div class=\"e-con-inner\">\n\t\t<div class=\"elementor-element elementor-element-146d0724 e-con-full e-flex e-con e-child\" data-id=\"146d0724\" data-element_type=\"container\" data-e-type=\"container\">\n\t\t\t\t<div class=\"elementor-element elementor-element-3a24af elementor-widget elementor-widget-image\" data-id=\"3a24af\" data-element_type=\"widget\" data-e-type=\"widget\" data-settings=\"{&quot;ekit_we_effect_on&quot;:&quot;none&quot;}\" data-widget_type=\"image.default\">\n\t\t\t\t\t\t\t\t\t\t\t\t\t\t\t\t<a href=\"https:\/\/www.legambiente.it\/\" target=\"_blank\">\n\t\t\t\t\t\t\t<img loading=\"lazy\" decoding=\"async\" width=\"200\" height=\"118\" src=\"https:\/\/forumqualenergia.it\/2023\/wp-content\/uploads\/sites\/24\/2025\/09\/Logo-Legambiente-e1595929567454-200x118-2.png\" class=\"attachment-medium size-medium wp-image-7947\" alt=\"\" \/>\t\t\t\t\t\t\t\t<\/a>\n\t\t\t\t\t\t\t\t\t\t\t\t\t\t\t<\/div>\n\t\t\t\t<\/div>\n\t\t<div class=\"elementor-element elementor-element-331053f7 e-con-full e-flex e-con e-child\" data-id=\"331053f7\" data-element_type=\"container\" data-e-type=\"container\">\n\t\t\t\t<div class=\"elementor-element elementor-element-b99612b elementor-widget elementor-widget-exhibz-speaker\" data-id=\"b99612b\" data-element_type=\"widget\" data-e-type=\"widget\" data-settings=\"{&quot;ekit_we_effect_on&quot;:&quot;none&quot;}\" data-widget_type=\"exhibz-speaker.default\">\n\t\t\t\t<div class=\"elementor-widget-container\">\n\t\t\t\t\t\t\t\t            <div class=\"ts-speaker\" style=\"--speaker-color: #25CD44\">\n                <div class=\"speaker-img\">\n\t\t\t\t\t                        <img decoding=\"async\" src=\"https:\/\/staging.forumqualenergia.it\/2023\/wp-content\/uploads\/sites\/24\/2021\/11\/Marco-Mancini.jpeg\"\n                             alt=\"\">\n\t\t\t\t\t                    <a href=\"#popup_b99612b8047\"\n                       class=\"view-speaker ts-image-popup\" data-effect=\"mfp-zoom-in\">\n                        <i class=\"icon icon-plus\"><\/i>\n                    <\/a>\n                <\/div>\n                <div class=\"ts-speaker-info\">\n                    <h3 class=\"ts-title\">\n                        <a href=\"https:\/\/forumqualenergia.it\/2023\/blog\/speaker\/marco-mancini\/\"> Marco Mancini <\/a>\n                    <\/h3>\n                    <p>\n\t\t\t\t\t\tUfficio Scientifico Legambiente                    <\/p>\n                <\/div>\n                <!--- speaker info end -->\n                <!-- popup start-->\n                <div id=\"popup_b99612b8047\"\n                     class=\"container ts-speaker-popup mfp-hide\">\n                    <div class=\"row\">\n                        <div class=\"col-lg-6\">\n                            <div class=\"ts-speaker-popup-img\">\n\t\t\t\t\t\t\t\t                                    <img decoding=\"async\" src=\"https:\/\/staging.forumqualenergia.it\/2023\/wp-content\/uploads\/sites\/24\/2021\/11\/Marco-Mancini.jpeg\"\n                                         alt=\"\">\n\t\t\t\t\t\t\t\t                            <\/div>\n                        <\/div>\n                        <!-- col end-->\n                        <div class=\"col-lg-6\">\n                            <div class=\"ts-speaker-popup-content\">\n                                <h3 class=\"ts-title\"><a\n                                            href=\"https:\/\/forumqualenergia.it\/2023\/blog\/speaker\/marco-mancini\/\"> Marco Mancini <\/a>\n                                <\/h3>\n                                <span class=\"speakder-designation\"> Ufficio Scientifico Legambiente<\/span>\n\t\t\t\t\t\t\t\t                                    <img decoding=\"async\" src=\"\"\n                                         alt=\"\">\n\t\t\t\t\t\t\t\t                                <p>\n\t\t\t\t\t\t\t\t\t<div class=\"gmail_default\">Marco\u00a0<span class=\"il\">Mancini<\/span>, laureato alla Sapienza in Scienze Ambientali e con un dottorato in Ecologia Forestale dell\u2019ateneo della Tuscia, approda nell\u2019ufficio scientifico di Legambiente occupandosi della Campagna di Monitoraggio Scientifico di Goletta Verde.<\/div>\r\n<div class=\"gmail_default\">Per l\u2019associazione lavora dal 2011 con dedizione e passione ai temi della sostenibilit\u00e0 legati principalmente al problema delle emissioni climalteranti e al nuovo regolamento europeo sui gas fluorurati; sul tema del Green Public Procurement e del monitoraggio civico dei CAM svolto dall\u2019Osservatorio Appalti Verdi; non ultimo segue con attenzione il tema dell\u2019Economia Circolare e della prevenzione, riduzione e riutilizzo nella gestione integrata dei rifiuti.<\/div>                                <\/p>\n                                <div class=\"ts-speakers-social\">\n\t\t\t\t\t\t\t\t\t\t\t\t\t\t\t\t\t\t\t\t\t\t\t\t\t\t\t\t                                <\/div>\n                            <\/div>\n                            <!-- ts-speaker-popup-content end-->\n                        <\/div>\n                        <!-- col end-->\n                    <\/div>\n                    <!-- row end-->\n                <\/div>\n                <!-- popup end-->\n            <\/div>\n            <!-- ts-speaker end  -->\n\t\t\n\n\t\t\t\n\t\t\t\n\t\t\t\n\n\t\t\t\t\t\t<\/div>\n\t\t\t\t<\/div>\n\t\t\t\t<\/div>\n\t\t<div class=\"elementor-element elementor-element-49e2b456 e-con-full e-flex e-con e-child\" data-id=\"49e2b456\" data-element_type=\"container\" data-e-type=\"container\">\n\t\t\t\t<div class=\"elementor-element elementor-element-7716ff77 elementor-align-left elementor-invisible elementor-widget elementor-widget-button\" data-id=\"7716ff77\" data-element_type=\"widget\" data-e-type=\"widget\" data-settings=\"{&quot;_animation&quot;:&quot;fadeInUp&quot;,&quot;_animation_delay&quot;:450,&quot;ekit_we_effect_on&quot;:&quot;none&quot;}\" data-widget_type=\"button.default\">\n\t\t\t\t\t\t\t\t\t\t<a class=\"elementor-button elementor-button-link elementor-size-md\" href=\"https:\/\/forumqualenergia.it\/2023\/wp-content\/uploads\/2023\/12\/EROE_Guida_eolico-1.pdf\" target=\"_blank\">\n\t\t\t\t\t\t<span class=\"elementor-button-content-wrapper\">\n\t\t\t\t\t\t\t\t\t<span class=\"elementor-button-text\">Scarica la presentazione<\/span>\n\t\t\t\t\t<\/span>\n\t\t\t\t\t<\/a>\n\t\t\t\t\t\t\t\t<\/div>\n\t\t\t\t<div class=\"elementor-element elementor-element-6c7a2514 elementor-widget elementor-widget-text-editor\" data-id=\"6c7a2514\" data-element_type=\"widget\" data-e-type=\"widget\" data-settings=\"{&quot;ekit_we_effect_on&quot;:&quot;none&quot;}\" data-widget_type=\"text-editor.default\">\n\t\t\t\t\t\t\t\t\t<p>Presentazione della guida \u201cParchi del vento\u201d<\/p>\t\t\t\t\t\t\t\t<\/div>\n\t\t\t\t<\/div>\n\t\t\t\t\t<\/div>\n\t\t\t\t<\/div>\n\t\t<div class=\"elementor-element elementor-element-1b674ebf e-flex e-con-boxed e-con e-parent\" data-id=\"1b674ebf\" data-element_type=\"container\" data-e-type=\"container\">\n\t\t\t\t\t<div class=\"e-con-inner\">\n\t\t\t\t<div class=\"elementor-element elementor-element-395268dc elementor-widget-divider--view-line elementor-widget elementor-widget-divider\" data-id=\"395268dc\" data-element_type=\"widget\" data-e-type=\"widget\" data-settings=\"{&quot;ekit_we_effect_on&quot;:&quot;none&quot;}\" data-widget_type=\"divider.default\">\n\t\t\t\t\t\t\t<div class=\"elementor-divider\">\n\t\t\t<span class=\"elementor-divider-separator\">\n\t\t\t\t\t\t<\/span>\n\t\t<\/div>\n\t\t\t\t\t\t<\/div>\n\t\t\t\t\t<\/div>\n\t\t\t\t<\/div>\n\t\t<div class=\"elementor-element elementor-element-3e9aa55e e-flex e-con-boxed e-con e-parent\" data-id=\"3e9aa55e\" data-element_type=\"container\" data-e-type=\"container\">\n\t\t\t\t\t<div class=\"e-con-inner\">\n\t\t<div class=\"elementor-element elementor-element-2eb005e1 e-con-full e-flex e-con e-child\" data-id=\"2eb005e1\" data-element_type=\"container\" data-e-type=\"container\">\n\t\t\t\t<div class=\"elementor-element elementor-element-4ab5eb11 elementor-widget elementor-widget-image\" data-id=\"4ab5eb11\" data-element_type=\"widget\" data-e-type=\"widget\" data-settings=\"{&quot;ekit_we_effect_on&quot;:&quot;none&quot;}\" data-widget_type=\"image.default\">\n\t\t\t\t\t\t\t\t\t\t\t\t\t\t\t\t<a href=\"https:\/\/www.anima.it\/associazioni\/elenco\/assofoodtec\/chi-siamo\/assocold\/assocold.kl\" target=\"_blank\">\n\t\t\t\t\t\t\t<img loading=\"lazy\" decoding=\"async\" width=\"250\" height=\"250\" src=\"https:\/\/forumqualenergia.it\/2023\/wp-content\/uploads\/sites\/24\/2022\/10\/Assocold-TESTIMONIAL.png\" class=\"attachment-medium size-medium wp-image-4077\" alt=\"Assocold\" srcset=\"https:\/\/forumqualenergia.it\/2023\/wp-content\/uploads\/sites\/24\/2022\/10\/Assocold-TESTIMONIAL.png 250w, https:\/\/forumqualenergia.it\/2023\/wp-content\/uploads\/sites\/24\/2022\/10\/Assocold-TESTIMONIAL-150x150.png 150w, https:\/\/forumqualenergia.it\/2023\/wp-content\/uploads\/sites\/24\/2022\/10\/Assocold-TESTIMONIAL-144x144.png 144w\" sizes=\"(max-width: 250px) 100vw, 250px\" \/>\t\t\t\t\t\t\t\t<\/a>\n\t\t\t\t\t\t\t\t\t\t\t\t\t\t\t<\/div>\n\t\t\t\t<\/div>\n\t\t<div class=\"elementor-element elementor-element-6b7f94a0 e-con-full e-flex e-con e-child\" data-id=\"6b7f94a0\" data-element_type=\"container\" data-e-type=\"container\">\n\t\t\t\t<div class=\"elementor-element elementor-element-5a8a958e elementor-widget elementor-widget-exhibz-speaker\" data-id=\"5a8a958e\" data-element_type=\"widget\" data-e-type=\"widget\" data-settings=\"{&quot;ekit_we_effect_on&quot;:&quot;none&quot;}\" data-widget_type=\"exhibz-speaker.default\">\n\t\t\t\t<div class=\"elementor-widget-container\">\n\t\t\t\t\t\t\t\t            <div class=\"ts-speaker\" style=\"--speaker-color: #25CD44\">\n                <div class=\"speaker-img\">\n\t\t\t\t\t                        <img decoding=\"async\" src=\"https:\/\/staging.forumqualenergia.it\/2023\/wp-content\/uploads\/sites\/24\/2021\/11\/Mastrapasqua_Francesco.jpg\"\n                             alt=\"Mastrapasqua_Francesco\">\n\t\t\t\t\t                    <a href=\"#popup_5a8a958e8046\"\n                       class=\"view-speaker ts-image-popup\" data-effect=\"mfp-zoom-in\">\n                        <i class=\"icon icon-plus\"><\/i>\n                    <\/a>\n                <\/div>\n                <div class=\"ts-speaker-info\">\n                    <h3 class=\"ts-title\">\n                        <a href=\"https:\/\/forumqualenergia.it\/2023\/blog\/speaker\/francesco-mastrapasqua\/\"> Francesco Mastrapasqua <\/a>\n                    <\/h3>\n                    <p>\n\t\t\t\t\t\tPresidente Assocold                    <\/p>\n                <\/div>\n                <!--- speaker info end -->\n                <!-- popup start-->\n                <div id=\"popup_5a8a958e8046\"\n                     class=\"container ts-speaker-popup mfp-hide\">\n                    <div class=\"row\">\n                        <div class=\"col-lg-6\">\n                            <div class=\"ts-speaker-popup-img\">\n\t\t\t\t\t\t\t\t                                    <img decoding=\"async\" src=\"https:\/\/staging.forumqualenergia.it\/2023\/wp-content\/uploads\/sites\/24\/2021\/11\/Mastrapasqua_Francesco.jpg\"\n                                         alt=\"Mastrapasqua_Francesco\">\n\t\t\t\t\t\t\t\t                            <\/div>\n                        <\/div>\n                        <!-- col end-->\n                        <div class=\"col-lg-6\">\n                            <div class=\"ts-speaker-popup-content\">\n                                <h3 class=\"ts-title\"><a\n                                            href=\"https:\/\/forumqualenergia.it\/2023\/blog\/speaker\/francesco-mastrapasqua\/\"> Francesco Mastrapasqua <\/a>\n                                <\/h3>\n                                <span class=\"speakder-designation\"> Presidente Assocold<\/span>\n\t\t\t\t\t\t\t\t                                    <img decoding=\"async\" src=\"\"\n                                         alt=\"\">\n\t\t\t\t\t\t\t\t                                <p>\n\t\t\t\t\t\t\t\t\t<p class=\"x_MsoNormal\">Laureato in Ingegneria Elettronica e Telecomunicazioni presso l\u2019Universit\u00e0 di Padova, Francesco Mastrapasqua ha maturato un\u2019esperienza di oltre 25 anni nell\u2019area marketing e commercio internazionale di diverse societ\u00e0 multinazionali leader nel settore della refrigerazione e climatizzazione.<\/p>\r\n<p class=\"x_MsoNormal\">Dal 2009 come Institutional Affairs Manager in EPTA \u00e8 portavoce e coordinatore di diverse iniziative normative e di sviluppo industriale sostenibile applicato al food retail.<\/p>\r\n<p class=\"x_MsoNormal\">Dal 2019 \u00e8 Presidente di Assocold, Associazione Italiana che rappresenta i costruttori di apparecchiature e sistemi per la refrigerazione commerciale ed industriale, per la quale mantiene un dialogo costante con le istituzioni e le organizzazioni nazionali ed europee sulla transizione ecologica alla costante ricerca di standard di sostenibilit\u00e0 pi\u00f9 elevati.<\/p>\r\n<p class=\"x_MsoNormal\">Dal 2022 \u00e8 Chairman del gruppo di lavoro Eurovent TF-FGAS dedicato a rappresentare l\u2019industria europea nell\u2019ambito del processo di revisione del regolamento sui gas fluorurati.<\/p>\r\n<p class=\"x_MsoNormal\">Il suo impegno costante a favore della sostenibilit\u00e0 e dell\u2019ambiente lo ha posizionato come punto di riferimento a livello nazionale ed europeo nel settore della refrigerazione.<\/p>                                <\/p>\n                                <div class=\"ts-speakers-social\">\n\t\t\t\t\t\t\t\t\t\t\t\t\t\t\t\t\t\t\t\t\t\t\t\t\t\t\t\t                                <\/div>\n                            <\/div>\n                            <!-- ts-speaker-popup-content end-->\n                        <\/div>\n                        <!-- col end-->\n                    <\/div>\n                    <!-- row end-->\n                <\/div>\n                <!-- popup end-->\n            <\/div>\n            <!-- ts-speaker end  -->\n\t\t\n\n\t\t\t\n\t\t\t\n\t\t\t\n\n\t\t\t\t\t\t<\/div>\n\t\t\t\t<\/div>\n\t\t\t\t<\/div>\n\t\t<div class=\"elementor-element elementor-element-152d5b08 e-con-full e-flex e-con e-child\" data-id=\"152d5b08\" data-element_type=\"container\" data-e-type=\"container\">\n\t\t\t\t<div class=\"elementor-element elementor-element-9f4f1be elementor-align-left elementor-invisible elementor-widget elementor-widget-button\" data-id=\"9f4f1be\" data-element_type=\"widget\" data-e-type=\"widget\" data-settings=\"{&quot;_animation&quot;:&quot;fadeInUp&quot;,&quot;_animation_delay&quot;:450,&quot;ekit_we_effect_on&quot;:&quot;none&quot;}\" data-widget_type=\"button.default\">\n\t\t\t\t\t\t\t\t\t\t<a class=\"elementor-button elementor-button-link elementor-size-md\" href=\"https:\/\/forumqualenergia.it\/2023\/wp-content\/uploads\/2023\/12\/MASTRAPASQUA.pdf\" target=\"_blank\">\n\t\t\t\t\t\t<span class=\"elementor-button-content-wrapper\">\n\t\t\t\t\t\t\t\t\t<span class=\"elementor-button-text\">Consulta le slide<\/span>\n\t\t\t\t\t<\/span>\n\t\t\t\t\t<\/a>\n\t\t\t\t\t\t\t\t<\/div>\n\t\t\t\t<div class=\"elementor-element elementor-element-4605bb9d elementor-widget elementor-widget-text-editor\" data-id=\"4605bb9d\" data-element_type=\"widget\" data-e-type=\"widget\" data-settings=\"{&quot;ekit_we_effect_on&quot;:&quot;none&quot;}\" data-widget_type=\"text-editor.default\">\n\t\t\t\t\t\t\t\t\t<p>Sostenibilit\u00e0 e decarbonizzazione nella refrigerazione<\/p>\t\t\t\t\t\t\t\t<\/div>\n\t\t\t\t<\/div>\n\t\t\t\t\t<\/div>\n\t\t\t\t<\/div>\n\t\t<div class=\"elementor-element elementor-element-fd45ed e-flex e-con-boxed e-con e-parent\" data-id=\"fd45ed\" data-element_type=\"container\" data-e-type=\"container\">\n\t\t\t\t\t<div class=\"e-con-inner\">\n\t\t\t\t<div class=\"elementor-element elementor-element-1c85f392 elementor-widget-divider--view-line elementor-widget elementor-widget-divider\" data-id=\"1c85f392\" data-element_type=\"widget\" data-e-type=\"widget\" data-settings=\"{&quot;ekit_we_effect_on&quot;:&quot;none&quot;}\" data-widget_type=\"divider.default\">\n\t\t\t\t\t\t\t<div class=\"elementor-divider\">\n\t\t\t<span class=\"elementor-divider-separator\">\n\t\t\t\t\t\t<\/span>\n\t\t<\/div>\n\t\t\t\t\t\t<\/div>\n\t\t\t\t\t<\/div>\n\t\t\t\t<\/div>\n\t\t<div class=\"elementor-element elementor-element-19591c31 e-flex e-con-boxed e-con e-parent\" data-id=\"19591c31\" data-element_type=\"container\" data-e-type=\"container\">\n\t\t\t\t\t<div class=\"e-con-inner\">\n\t\t<div class=\"elementor-element elementor-element-2b2dacba e-con-full e-flex e-con e-child\" data-id=\"2b2dacba\" data-element_type=\"container\" data-e-type=\"container\">\n\t\t\t\t<div class=\"elementor-element elementor-element-395a8832 elementor-widget elementor-widget-image\" data-id=\"395a8832\" data-element_type=\"widget\" data-e-type=\"widget\" data-settings=\"{&quot;ekit_we_effect_on&quot;:&quot;none&quot;}\" data-widget_type=\"image.default\">\n\t\t\t\t\t\t\t\t\t\t\t\t\t\t\t\t<a href=\"https:\/\/www.rockwool.com\/\" target=\"_blank\">\n\t\t\t\t\t\t\t<img loading=\"lazy\" decoding=\"async\" width=\"250\" height=\"250\" src=\"https:\/\/forumqualenergia.it\/2023\/wp-content\/uploads\/sites\/24\/2020\/11\/Rockwool250x250.jpg\" class=\"attachment-medium size-medium wp-image-1228\" alt=\"\" srcset=\"https:\/\/forumqualenergia.it\/2023\/wp-content\/uploads\/sites\/24\/2020\/11\/Rockwool250x250.jpg 250w, https:\/\/forumqualenergia.it\/2023\/wp-content\/uploads\/sites\/24\/2020\/11\/Rockwool250x250-150x150.jpg 150w, https:\/\/forumqualenergia.it\/2023\/wp-content\/uploads\/sites\/24\/2020\/11\/Rockwool250x250-144x144.jpg 144w\" sizes=\"(max-width: 250px) 100vw, 250px\" \/>\t\t\t\t\t\t\t\t<\/a>\n\t\t\t\t\t\t\t\t\t\t\t\t\t\t\t<\/div>\n\t\t\t\t<\/div>\n\t\t<div class=\"elementor-element elementor-element-5718444e e-con-full e-flex e-con e-child\" data-id=\"5718444e\" data-element_type=\"container\" data-e-type=\"container\">\n\t\t\t\t<div class=\"elementor-element elementor-element-1b03eb5b elementor-widget elementor-widget-exhibz-speaker\" data-id=\"1b03eb5b\" data-element_type=\"widget\" data-e-type=\"widget\" data-settings=\"{&quot;ekit_we_effect_on&quot;:&quot;none&quot;}\" data-widget_type=\"exhibz-speaker.default\">\n\t\t\t\t<div class=\"elementor-widget-container\">\n\t\t\t\t\t\t\t\t            <div class=\"ts-speaker\" style=\"--speaker-color: #25CD44\">\n                <div class=\"speaker-img\">\n\t\t\t\t\t                        <img decoding=\"async\" src=\"https:\/\/staging.forumqualenergia.it\/2023\/wp-content\/uploads\/sites\/24\/2022\/11\/Paolo-Migliavacca-300x300-1.png\"\n                             alt=\"Paolo Migliavacca 300x300\">\n\t\t\t\t\t                    <a href=\"#popup_1b03eb5b8075\"\n                       class=\"view-speaker ts-image-popup\" data-effect=\"mfp-zoom-in\">\n                        <i class=\"icon icon-plus\"><\/i>\n                    <\/a>\n                <\/div>\n                <div class=\"ts-speaker-info\">\n                    <h3 class=\"ts-title\">\n                        <a href=\"https:\/\/forumqualenergia.it\/2023\/blog\/speaker\/paolo-migliavacca\/\"> Paolo Migliavacca <\/a>\n                    <\/h3>\n                    <p>\n\t\t\t\t\t\tBusiness Director Rockwool Italia                    <\/p>\n                <\/div>\n                <!--- speaker info end -->\n                <!-- popup start-->\n                <div id=\"popup_1b03eb5b8075\"\n                     class=\"container ts-speaker-popup mfp-hide\">\n                    <div class=\"row\">\n                        <div class=\"col-lg-6\">\n                            <div class=\"ts-speaker-popup-img\">\n\t\t\t\t\t\t\t\t                                    <img decoding=\"async\" src=\"https:\/\/staging.forumqualenergia.it\/2023\/wp-content\/uploads\/sites\/24\/2022\/11\/Paolo-Migliavacca-300x300-1.png\"\n                                         alt=\"Paolo Migliavacca 300x300\">\n\t\t\t\t\t\t\t\t                            <\/div>\n                        <\/div>\n                        <!-- col end-->\n                        <div class=\"col-lg-6\">\n                            <div class=\"ts-speaker-popup-content\">\n                                <h3 class=\"ts-title\"><a\n                                            href=\"https:\/\/forumqualenergia.it\/2023\/blog\/speaker\/paolo-migliavacca\/\"> Paolo Migliavacca <\/a>\n                                <\/h3>\n                                <span class=\"speakder-designation\"> Business Director Rockwool Italia<\/span>\n\t\t\t\t\t\t\t\t                                    <img decoding=\"async\" src=\"\"\n                                         alt=\"\">\n\t\t\t\t\t\t\t\t                                <p>\n\t\t\t\t\t\t\t\t\t<p class=\"x_xcontentpasted0\"><span class=\"x_xcontentpasted01\">Paolo Migliavacca, milanese di nascita e formazione, si laurea in Ingegneria Gestionale presso il Politecnico di Milano nel 2004. L\u2019inizio della sua carriera professionale coincide con l\u2019ingresso in ROCKWOOL Italia, dove ha contribuito in modo significativo alla crescita dell\u2019azienda, oggi leader in soluzioni per isolamento in lana di roccia.<\/span><\/p>\r\n<p class=\"x_xcontentpasted0\"><span class=\"x_xcontentpasted01\">All\u2019interno della societ\u00e0 riveste\u202fnegli anni diversi incarichi\u202fdi crescente responsabilit\u00e0\u202fsia nell\u2019area Marketing\u202fsia in ambito\u202fCommerciale, maturando una solida esperienza nello sviluppo del business.\u00a0<\/span><\/p>\r\n<p class=\"x_xcontentpasted0\"><span class=\"x_xcontentpasted01\">Attualmente, Paolo Migliavacca riveste il ruolo di Business Unit Director per ROCKWOOL Italia e i Paesi della regione Est Adriatic dove implementa strategie volte a garantire il successo continuo dell\u2019azienda in un mercato in costante evoluzione.<\/span><\/p>                                <\/p>\n                                <div class=\"ts-speakers-social\">\n\t\t\t\t\t\t\t\t\t\t\t\t\t\t\t\t\t\t\t\t\t\t\t\t\t\t\t\t                                <\/div>\n                            <\/div>\n                            <!-- ts-speaker-popup-content end-->\n                        <\/div>\n                        <!-- col end-->\n                    <\/div>\n                    <!-- row end-->\n                <\/div>\n                <!-- popup end-->\n            <\/div>\n            <!-- ts-speaker end  -->\n\t\t\n\n\t\t\t\n\t\t\t\n\t\t\t\n\n\t\t\t\t\t\t<\/div>\n\t\t\t\t<\/div>\n\t\t\t\t<\/div>\n\t\t<div class=\"elementor-element elementor-element-4a59671a e-con-full e-flex e-con e-child\" data-id=\"4a59671a\" data-element_type=\"container\" data-e-type=\"container\">\n\t\t\t\t<div class=\"elementor-element elementor-element-489f21aa elementor-align-left elementor-invisible elementor-widget elementor-widget-button\" data-id=\"489f21aa\" data-element_type=\"widget\" data-e-type=\"widget\" data-settings=\"{&quot;_animation&quot;:&quot;fadeInUp&quot;,&quot;_animation_delay&quot;:450,&quot;ekit_we_effect_on&quot;:&quot;none&quot;}\" data-widget_type=\"button.default\">\n\t\t\t\t\t\t\t\t\t\t<a class=\"elementor-button elementor-button-link elementor-size-md\" href=\"https:\/\/forumqualenergia.it\/2023\/wp-content\/uploads\/2023\/12\/Migliavacca-Rockwool.pdf\" target=\"_blank\">\n\t\t\t\t\t\t<span class=\"elementor-button-content-wrapper\">\n\t\t\t\t\t\t\t\t\t<span class=\"elementor-button-text\">Scarica le slide<\/span>\n\t\t\t\t\t<\/span>\n\t\t\t\t\t<\/a>\n\t\t\t\t\t\t\t\t<\/div>\n\t\t\t\t<div class=\"elementor-element elementor-element-68316f57 elementor-widget elementor-widget-text-editor\" data-id=\"68316f57\" data-element_type=\"widget\" data-e-type=\"widget\" data-settings=\"{&quot;ekit_we_effect_on&quot;:&quot;none&quot;}\" data-widget_type=\"text-editor.default\">\n\t\t\t\t\t\t\t\t\t<p>Rockwool: rigenerazione urbana ed edilizia sostenibile<\/p>\t\t\t\t\t\t\t\t<\/div>\n\t\t\t\t<\/div>\n\t\t\t\t\t<\/div>\n\t\t\t\t<\/div>\n\t\t<div class=\"elementor-element elementor-element-2a8ac82d e-flex e-con-boxed e-con e-parent\" data-id=\"2a8ac82d\" data-element_type=\"container\" data-e-type=\"container\">\n\t\t\t\t\t<div class=\"e-con-inner\">\n\t\t\t\t<div class=\"elementor-element elementor-element-385f8548 elementor-widget-divider--view-line elementor-widget elementor-widget-divider\" data-id=\"385f8548\" data-element_type=\"widget\" data-e-type=\"widget\" data-settings=\"{&quot;ekit_we_effect_on&quot;:&quot;none&quot;}\" data-widget_type=\"divider.default\">\n\t\t\t\t\t\t\t<div class=\"elementor-divider\">\n\t\t\t<span class=\"elementor-divider-separator\">\n\t\t\t\t\t\t<\/span>\n\t\t<\/div>\n\t\t\t\t\t\t<\/div>\n\t\t\t\t\t<\/div>\n\t\t\t\t<\/div>\n\t\t<div class=\"elementor-element elementor-element-7f07040e e-flex e-con-boxed e-con e-parent\" data-id=\"7f07040e\" data-element_type=\"container\" data-e-type=\"container\">\n\t\t\t\t\t<div class=\"e-con-inner\">\n\t\t<div class=\"elementor-element elementor-element-37b94e49 e-con-full e-flex e-con e-child\" data-id=\"37b94e49\" data-element_type=\"container\" data-e-type=\"container\">\n\t\t\t\t<div class=\"elementor-element elementor-element-2266da98 elementor-widget elementor-widget-image\" data-id=\"2266da98\" data-element_type=\"widget\" data-e-type=\"widget\" data-settings=\"{&quot;ekit_we_effect_on&quot;:&quot;none&quot;}\" data-widget_type=\"image.default\">\n\t\t\t\t\t\t\t\t\t\t\t\t\t\t\t\t<a href=\"https:\/\/www.consorzioricrea.org\/\" target=\"_blank\">\n\t\t\t\t\t\t\t<img loading=\"lazy\" decoding=\"async\" width=\"150\" height=\"44\" src=\"https:\/\/forumqualenergia.it\/2023\/wp-content\/uploads\/sites\/24\/2025\/09\/ricrea.jpg\" class=\"attachment-medium size-medium wp-image-7889\" alt=\"\" \/>\t\t\t\t\t\t\t\t<\/a>\n\t\t\t\t\t\t\t\t\t\t\t\t\t\t\t<\/div>\n\t\t\t\t<\/div>\n\t\t<div class=\"elementor-element elementor-element-1f3d0ad8 e-con-full e-flex e-con e-child\" data-id=\"1f3d0ad8\" data-element_type=\"container\" data-e-type=\"container\">\n\t\t\t\t<div class=\"elementor-element elementor-element-22d6371d elementor-widget elementor-widget-exhibz-speaker\" data-id=\"22d6371d\" data-element_type=\"widget\" data-e-type=\"widget\" data-settings=\"{&quot;ekit_we_effect_on&quot;:&quot;none&quot;}\" data-widget_type=\"exhibz-speaker.default\">\n\t\t\t\t<div class=\"elementor-widget-container\">\n\t\t\t\t\t\t\t\t            <div class=\"ts-speaker\" style=\"--speaker-color: #25CD44\">\n                <div class=\"speaker-img\">\n\t\t\t\t\t                        <img decoding=\"async\" src=\"https:\/\/staging.forumqualenergia.it\/2023\/wp-content\/uploads\/sites\/24\/2020\/11\/domenico-rinaldini.jpg\"\n                             alt=\"\">\n\t\t\t\t\t                    <a href=\"#popup_22d6371d8080\"\n                       class=\"view-speaker ts-image-popup\" data-effect=\"mfp-zoom-in\">\n                        <i class=\"icon icon-plus\"><\/i>\n                    <\/a>\n                <\/div>\n                <div class=\"ts-speaker-info\">\n                    <h3 class=\"ts-title\">\n                        <a href=\"https:\/\/forumqualenergia.it\/2023\/blog\/speaker\/domenico-rinaldini\/\"> Domenico Rinaldini <\/a>\n                    <\/h3>\n                    <p>\n\t\t\t\t\t\tPresidente Ricrea                    <\/p>\n                <\/div>\n                <!--- speaker info end -->\n                <!-- popup start-->\n                <div id=\"popup_22d6371d8080\"\n                     class=\"container ts-speaker-popup mfp-hide\">\n                    <div class=\"row\">\n                        <div class=\"col-lg-6\">\n                            <div class=\"ts-speaker-popup-img\">\n\t\t\t\t\t\t\t\t                                    <img decoding=\"async\" src=\"https:\/\/staging.forumqualenergia.it\/2023\/wp-content\/uploads\/sites\/24\/2020\/11\/domenico-rinaldini.jpg\"\n                                         alt=\"\">\n\t\t\t\t\t\t\t\t                            <\/div>\n                        <\/div>\n                        <!-- col end-->\n                        <div class=\"col-lg-6\">\n                            <div class=\"ts-speaker-popup-content\">\n                                <h3 class=\"ts-title\"><a\n                                            href=\"https:\/\/forumqualenergia.it\/2023\/blog\/speaker\/domenico-rinaldini\/\"> Domenico Rinaldini <\/a>\n                                <\/h3>\n                                <span class=\"speakder-designation\"> Presidente Ricrea<\/span>\n\t\t\t\t\t\t\t\t                                    <img decoding=\"async\" src=\"\"\n                                         alt=\"\">\n\t\t\t\t\t\t\t\t                                <p>\n\t\t\t\t\t\t\t\t\tSposato, con due figli, Domenico Rinaldini vive a Piacenza da quasi 30 anni. \u00c8 Presidente di RICREA, il Consorzio Nazionale per il Riciclo e il Recupero degli Imballaggi in Acciaio e anche Vice Presidente CONAI, Consorzio Nazionale Imballaggi, in rappresentanza delle aziende produttrici di imballaggi. \u00c8 inoltre consigliere di ANFIMA, Associazione Nazionale Fabbricanti Imballaggi Metallici e Affini aderente a Confindustria, e Vice Presidente di SEFA, Associazione Europea dei Fabbricanti di Fusti Acciaio e Presidente di EIPA (European Packaging Industrial Association) che raggruppa le associazioni dei fabbricanti di fusti nuovi, dei produttori di fusti rigenerati e dei fabbricanti di fusti in fibra. Forte di una esperienza di oltre 40 anni in aziende operanti nella lavorazione dell\u2019acciaio, e in particolar modo nella produzione di fusti in acciaio destinato all\u2019industria, Rinaldini \u00e8 stato per 17 anni amministratore delegato per l\u2019Italia della Greif, primo gruppo mondiale produttore di imballaggio industriale in acciaio.                                <\/p>\n                                <div class=\"ts-speakers-social\">\n\t\t\t\t\t\t\t\t\t\t\t\t\t\t\t\t\t\t\t\t\t\t\t\t\t\t\t\t                                <\/div>\n                            <\/div>\n                            <!-- ts-speaker-popup-content end-->\n                        <\/div>\n                        <!-- col end-->\n                    <\/div>\n                    <!-- row end-->\n                <\/div>\n                <!-- popup end-->\n            <\/div>\n            <!-- ts-speaker end  -->\n\t\t\n\n\t\t\t\n\t\t\t\n\t\t\t\n\n\t\t\t\t\t\t<\/div>\n\t\t\t\t<\/div>\n\t\t\t\t<\/div>\n\t\t<div class=\"elementor-element elementor-element-3ef58e5d e-con-full e-flex e-con e-child\" data-id=\"3ef58e5d\" data-element_type=\"container\" data-e-type=\"container\">\n\t\t\t\t<div class=\"elementor-element elementor-element-2418e20a elementor-align-left elementor-invisible elementor-widget elementor-widget-button\" data-id=\"2418e20a\" data-element_type=\"widget\" data-e-type=\"widget\" data-settings=\"{&quot;_animation&quot;:&quot;fadeInUp&quot;,&quot;_animation_delay&quot;:450,&quot;ekit_we_effect_on&quot;:&quot;none&quot;}\" data-widget_type=\"button.default\">\n\t\t\t\t\t\t\t\t\t\t<a class=\"elementor-button elementor-button-link elementor-size-md\" href=\"https:\/\/forumqualenergia.it\/2023\/wp-content\/uploads\/2023\/12\/RInaldini-RICREA-QualeEnergia.pdf\" target=\"_blank\">\n\t\t\t\t\t\t<span class=\"elementor-button-content-wrapper\">\n\t\t\t\t\t\t\t\t\t<span class=\"elementor-button-text\">Scarica le slide<\/span>\n\t\t\t\t\t<\/span>\n\t\t\t\t\t<\/a>\n\t\t\t\t\t\t\t\t<\/div>\n\t\t\t\t<div class=\"elementor-element elementor-element-659c7786 elementor-widget elementor-widget-text-editor\" data-id=\"659c7786\" data-element_type=\"widget\" data-e-type=\"widget\" data-settings=\"{&quot;ekit_we_effect_on&quot;:&quot;none&quot;}\" data-widget_type=\"text-editor.default\">\n\t\t\t\t\t\t\t\t\t<p>Il riciclo degli imballaggi in acciaio<\/p>\t\t\t\t\t\t\t\t<\/div>\n\t\t\t\t<\/div>\n\t\t\t\t\t<\/div>\n\t\t\t\t<\/div>\n\t\t<div class=\"elementor-element elementor-element-33c37953 e-flex e-con-boxed e-con e-parent\" data-id=\"33c37953\" data-element_type=\"container\" data-e-type=\"container\">\n\t\t\t\t\t<div class=\"e-con-inner\">\n\t\t\t\t<div class=\"elementor-element elementor-element-501181a2 elementor-widget-divider--view-line elementor-widget elementor-widget-divider\" data-id=\"501181a2\" data-element_type=\"widget\" data-e-type=\"widget\" data-settings=\"{&quot;ekit_we_effect_on&quot;:&quot;none&quot;}\" data-widget_type=\"divider.default\">\n\t\t\t\t\t\t\t<div class=\"elementor-divider\">\n\t\t\t<span class=\"elementor-divider-separator\">\n\t\t\t\t\t\t<\/span>\n\t\t<\/div>\n\t\t\t\t\t\t<\/div>\n\t\t\t\t\t<\/div>\n\t\t\t\t<\/div>\n\t\t<div class=\"elementor-element elementor-element-2b0c0858 e-flex e-con-boxed e-con e-parent\" data-id=\"2b0c0858\" data-element_type=\"container\" data-e-type=\"container\">\n\t\t\t\t\t<div class=\"e-con-inner\">\n\t\t<div class=\"elementor-element elementor-element-26afcb7f e-con-full e-flex e-con e-child\" data-id=\"26afcb7f\" data-element_type=\"container\" data-e-type=\"container\">\n\t\t\t\t<div class=\"elementor-element elementor-element-6041bfe1 elementor-widget elementor-widget-image\" data-id=\"6041bfe1\" data-element_type=\"widget\" data-e-type=\"widget\" data-settings=\"{&quot;ekit_we_effect_on&quot;:&quot;none&quot;}\" data-widget_type=\"image.default\">\n\t\t\t\t\t\t\t\t\t\t\t\t\t\t\t\t<a href=\"https:\/\/www.sienambiente.it\/\" target=\"_blank\">\n\t\t\t\t\t\t\t<img loading=\"lazy\" decoding=\"async\" width=\"300\" height=\"180\" src=\"https:\/\/forumqualenergia.it\/2023\/wp-content\/uploads\/sites\/24\/2023\/12\/Sienambiente-300x180.png\" class=\"attachment-medium size-medium wp-image-6550\" alt=\"\" srcset=\"https:\/\/forumqualenergia.it\/2023\/wp-content\/uploads\/sites\/24\/2023\/12\/Sienambiente-300x180.png 300w, https:\/\/forumqualenergia.it\/2023\/wp-content\/uploads\/sites\/24\/2023\/12\/Sienambiente-768x462.png 768w, https:\/\/forumqualenergia.it\/2023\/wp-content\/uploads\/sites\/24\/2023\/12\/Sienambiente.png 800w\" sizes=\"(max-width: 300px) 100vw, 300px\" \/>\t\t\t\t\t\t\t\t<\/a>\n\t\t\t\t\t\t\t\t\t\t\t\t\t\t\t<\/div>\n\t\t\t\t<\/div>\n\t\t<div class=\"elementor-element elementor-element-5d2a1f01 e-con-full e-flex e-con e-child\" data-id=\"5d2a1f01\" data-element_type=\"container\" data-e-type=\"container\">\n\t\t\t\t<div class=\"elementor-element elementor-element-7647fec2 elementor-widget elementor-widget-exhibz-speaker\" data-id=\"7647fec2\" data-element_type=\"widget\" data-e-type=\"widget\" data-settings=\"{&quot;ekit_we_effect_on&quot;:&quot;none&quot;}\" data-widget_type=\"exhibz-speaker.default\">\n\t\t\t\t<div class=\"elementor-widget-container\">\n\t\t\t\t\t\t\t\t            <div class=\"ts-speaker\" style=\"--speaker-color: #25CD44\">\n                <div class=\"speaker-img\">\n\t\t\t\t\t                        <img decoding=\"async\" src=\"https:\/\/staging.forumqualenergia.it\/2023\/wp-content\/uploads\/sites\/24\/2023\/12\/Alfredo-ROsini.jpg\"\n                             alt=\"Alfredo Rosini\">\n\t\t\t\t\t                    <a href=\"#popup_7647fec28035\"\n                       class=\"view-speaker ts-image-popup\" data-effect=\"mfp-zoom-in\">\n                        <i class=\"icon icon-plus\"><\/i>\n                    <\/a>\n                <\/div>\n                <div class=\"ts-speaker-info\">\n                    <h3 class=\"ts-title\">\n                        <a href=\"https:\/\/forumqualenergia.it\/2023\/blog\/speaker\/alfredo-rosini\/\"> Alfredo Rosini <\/a>\n                    <\/h3>\n                    <p>\n\t\t\t\t\t\tAD Iren Ambiente Toscana e Sienambiente                    <\/p>\n                <\/div>\n                <!--- speaker info end -->\n                <!-- popup start-->\n                <div id=\"popup_7647fec28035\"\n                     class=\"container ts-speaker-popup mfp-hide\">\n                    <div class=\"row\">\n                        <div class=\"col-lg-6\">\n                            <div class=\"ts-speaker-popup-img\">\n\t\t\t\t\t\t\t\t                                    <img decoding=\"async\" src=\"https:\/\/staging.forumqualenergia.it\/2023\/wp-content\/uploads\/sites\/24\/2023\/12\/Alfredo-ROsini.jpg\"\n                                         alt=\"Alfredo Rosini\">\n\t\t\t\t\t\t\t\t                            <\/div>\n                        <\/div>\n                        <!-- col end-->\n                        <div class=\"col-lg-6\">\n                            <div class=\"ts-speaker-popup-content\">\n                                <h3 class=\"ts-title\"><a\n                                            href=\"https:\/\/forumqualenergia.it\/2023\/blog\/speaker\/alfredo-rosini\/\"> Alfredo Rosini <\/a>\n                                <\/h3>\n                                <span class=\"speakder-designation\"> AD Iren Ambiente Toscana e Sienambiente<\/span>\n\t\t\t\t\t\t\t\t                                    <img decoding=\"async\" src=\"\"\n                                         alt=\"\">\n\t\t\t\t\t\t\t\t                                <p>\n\t\t\t\t\t\t\t\t\t<p class=\"x_MsoNormal\">Genovese di nascita, 49 anni, Alfredo Rosini \u00e8 laureato in Giurisprudenza e ha conseguito un Master sull\u2019organizzazione aziendale. Sviluppa la prima parte della sua carriera nella consulenza aziendale particolarmente indirizzata alle aziende di servizio pubblico e alle pubbliche amministrazioni portando a termine rilevanti progetti di riorganizzazione, integrazione e sviluppo delle imprese e delle persone che ci lavorano.<br \/>Dal 2006 inizia l\u2019esperienza come Manager svolgendo incarichi di Direzione Generale nel settore rifiuti sia raccolte che impianti. Nel 2020 entra in Iren Ambiente assumendo incarichi nelle aziende Toscane acquisite dal Gruppo come Amministratore Delegato di\u00a0 Iren Ambiente Toscana Spa (Holding delle partecipazioni), Sienambiente Spa (societ\u00e0 degli impianti della Provincia di Siena) e Semia Green Srl e consigliere in varie societ\u00e0 come Futura Spa e Revet Spa.<\/p>\r\n<p class=\"x_MsoNormal\">La grande passione per la tecnologia lo ha portato a far parte del Admission &amp; Review Board di Digital Tree incubatore di imprese dedite all\u2019intelligenza artificiale.<\/p>\r\n<p class=\"x_MsoNormal\">Grande camminatore \u00e8 appassionato di viaggi, sci e tennis.<\/p>                                <\/p>\n                                <div class=\"ts-speakers-social\">\n\t\t\t\t\t\t\t\t\t\t\t\t\t\t\t\t\t\t\t\t\t\t\t\t\t\t\t\t                                <\/div>\n                            <\/div>\n                            <!-- ts-speaker-popup-content end-->\n                        <\/div>\n                        <!-- col end-->\n                    <\/div>\n                    <!-- row end-->\n                <\/div>\n                <!-- popup end-->\n            <\/div>\n            <!-- ts-speaker end  -->\n\t\t\n\n\t\t\t\n\t\t\t\n\t\t\t\n\n\t\t\t\t\t\t<\/div>\n\t\t\t\t<\/div>\n\t\t\t\t<\/div>\n\t\t<div class=\"elementor-element elementor-element-28a0a4c3 e-con-full e-flex e-con e-child\" data-id=\"28a0a4c3\" data-element_type=\"container\" data-e-type=\"container\">\n\t\t\t\t<div class=\"elementor-element elementor-element-7be00b77 elementor-align-left elementor-invisible elementor-widget elementor-widget-button\" data-id=\"7be00b77\" data-element_type=\"widget\" data-e-type=\"widget\" data-settings=\"{&quot;_animation&quot;:&quot;fadeInUp&quot;,&quot;_animation_delay&quot;:450,&quot;ekit_we_effect_on&quot;:&quot;none&quot;}\" data-widget_type=\"button.default\">\n\t\t\t\t\t\t\t\t\t\t<a class=\"elementor-button elementor-button-link elementor-size-md\" href=\"http:\/\/Emissioni%20di%20CO2%20del%20nuovo%20impianto%20Le%20Cortine\" target=\"_blank\">\n\t\t\t\t\t\t<span class=\"elementor-button-content-wrapper\">\n\t\t\t\t\t\t\t\t\t<span class=\"elementor-button-text\">Leggi le slide<\/span>\n\t\t\t\t\t<\/span>\n\t\t\t\t\t<\/a>\n\t\t\t\t\t\t\t\t<\/div>\n\t\t\t\t<div class=\"elementor-element elementor-element-42973798 elementor-widget elementor-widget-text-editor\" data-id=\"42973798\" data-element_type=\"widget\" data-e-type=\"widget\" data-settings=\"{&quot;ekit_we_effect_on&quot;:&quot;none&quot;}\" data-widget_type=\"text-editor.default\">\n\t\t\t\t\t\t\t\t\tErion, insieme dentro il cambiamento\t\t\t\t\t\t\t\t<\/div>\n\t\t\t\t<\/div>\n\t\t\t\t\t<\/div>\n\t\t\t\t<\/div>\n\t\t\t\t<\/div>\n\t\t","protected":false},"excerpt":{"rendered":"<p>Documenti Scarica le presentazioni delle relatrici e dei relatori. Pagina in aggiornamento con i materiali per i quali \u00e8 stata concessa liberatoria Davide Albani Head of Business Unit Leitwind Davide Albani Head of Business Unit Leitwind Dopo aver conseguito una laurea in Ingegneria Gestionale presso l\u2019Universit\u00e0 di Padova e un Master in International Management a [&hellip;]<\/p>\n","protected":false},"author":5,"featured_media":0,"parent":0,"menu_order":0,"comment_status":"closed","ping_status":"closed","template":"","meta":{"footnotes":""},"class_list":["post-6534","page","type-page","status-publish","hentry"],"yoast_head":"<!-- This site is optimized with the Yoast SEO plugin v27.3 - https:\/\/yoast.com\/product\/yoast-seo-wordpress\/ -->\n<title>DOCUMENTI - ForumQualEnergia 2023<\/title>\n<meta name=\"robots\" content=\"index, follow, max-snippet:-1, max-image-preview:large, max-video-preview:-1\" \/>\n<link rel=\"canonical\" href=\"https:\/\/forumqualenergia.it\/2023\/documenti\/\" \/>\n<meta property=\"og:locale\" content=\"it_IT\" \/>\n<meta property=\"og:type\" content=\"article\" \/>\n<meta property=\"og:title\" content=\"DOCUMENTI - ForumQualEnergia 2023\" \/>\n<meta property=\"og:description\" content=\"Documenti Scarica le presentazioni delle relatrici e dei relatori. Pagina in aggiornamento con i materiali per i quali \u00e8 stata concessa liberatoria Davide Albani Head of Business Unit Leitwind Davide Albani Head of Business Unit Leitwind Dopo aver conseguito una laurea in Ingegneria Gestionale presso l\u2019Universit\u00e0 di Padova e un Master in International Management a [&hellip;]\" \/>\n<meta property=\"og:url\" content=\"https:\/\/forumqualenergia.it\/2023\/documenti\/\" \/>\n<meta property=\"og:site_name\" content=\"ForumQualEnergia 2023\" \/>\n<meta property=\"article:modified_time\" content=\"2025-09-18T10:51:47+00:00\" \/>\n<meta property=\"og:image\" content=\"https:\/\/staging.forumqualenergia.it\/2023\/wp-content\/uploads\/sites\/24\/2024\/01\/Logo-Leitwind-vettoriale_ATTUALE-300x70.png\" \/>\n<meta name=\"twitter:card\" content=\"summary_large_image\" \/>\n<meta name=\"twitter:label1\" content=\"Tempo di lettura stimato\" \/>\n\t<meta name=\"twitter:data1\" content=\"18 minuti\" \/>\n<script type=\"application\/ld+json\" class=\"yoast-schema-graph\">{\"@context\":\"https:\\\/\\\/schema.org\",\"@graph\":[{\"@type\":\"WebPage\",\"@id\":\"https:\\\/\\\/forumqualenergia.it\\\/2023\\\/documenti\\\/\",\"url\":\"https:\\\/\\\/forumqualenergia.it\\\/2023\\\/documenti\\\/\",\"name\":\"DOCUMENTI - ForumQualEnergia 2023\",\"isPartOf\":{\"@id\":\"https:\\\/\\\/forumqualenergia.it\\\/2023\\\/#website\"},\"primaryImageOfPage\":{\"@id\":\"https:\\\/\\\/forumqualenergia.it\\\/2023\\\/documenti\\\/#primaryimage\"},\"image\":{\"@id\":\"https:\\\/\\\/forumqualenergia.it\\\/2023\\\/documenti\\\/#primaryimage\"},\"thumbnailUrl\":\"https:\\\/\\\/staging.forumqualenergia.it\\\/2023\\\/wp-content\\\/uploads\\\/sites\\\/24\\\/2024\\\/01\\\/Logo-Leitwind-vettoriale_ATTUALE-300x70.png\",\"datePublished\":\"2023-12-28T17:07:57+00:00\",\"dateModified\":\"2025-09-18T10:51:47+00:00\",\"inLanguage\":\"it-IT\",\"potentialAction\":[{\"@type\":\"ReadAction\",\"target\":[\"https:\\\/\\\/forumqualenergia.it\\\/2023\\\/documenti\\\/\"]}]},{\"@type\":\"ImageObject\",\"inLanguage\":\"it-IT\",\"@id\":\"https:\\\/\\\/forumqualenergia.it\\\/2023\\\/documenti\\\/#primaryimage\",\"url\":\"https:\\\/\\\/staging.forumqualenergia.it\\\/2023\\\/wp-content\\\/uploads\\\/sites\\\/24\\\/2024\\\/01\\\/Logo-Leitwind-vettoriale_ATTUALE-300x70.png\",\"contentUrl\":\"https:\\\/\\\/staging.forumqualenergia.it\\\/2023\\\/wp-content\\\/uploads\\\/sites\\\/24\\\/2024\\\/01\\\/Logo-Leitwind-vettoriale_ATTUALE-300x70.png\"},{\"@type\":\"WebSite\",\"@id\":\"https:\\\/\\\/forumqualenergia.it\\\/2023\\\/#website\",\"url\":\"https:\\\/\\\/forumqualenergia.it\\\/2023\\\/\",\"name\":\"ForumQualEnergia 2023\",\"description\":\"Il forum della sostenibilit\u00e0 energetica\",\"publisher\":{\"@id\":\"https:\\\/\\\/forumqualenergia.it\\\/2023\\\/#organization\"},\"potentialAction\":[{\"@type\":\"SearchAction\",\"target\":{\"@type\":\"EntryPoint\",\"urlTemplate\":\"https:\\\/\\\/forumqualenergia.it\\\/2023\\\/?s={search_term_string}\"},\"query-input\":{\"@type\":\"PropertyValueSpecification\",\"valueRequired\":true,\"valueName\":\"search_term_string\"}}],\"inLanguage\":\"it-IT\"},{\"@type\":\"Organization\",\"@id\":\"https:\\\/\\\/forumqualenergia.it\\\/2023\\\/#organization\",\"name\":\"ForumQualEnergia 2023\",\"url\":\"https:\\\/\\\/forumqualenergia.it\\\/2023\\\/\",\"logo\":{\"@type\":\"ImageObject\",\"inLanguage\":\"it-IT\",\"@id\":\"https:\\\/\\\/forumqualenergia.it\\\/2023\\\/#\\\/schema\\\/logo\\\/image\\\/\",\"url\":\"https:\\\/\\\/forumqualenergia.it\\\/2023\\\/wp-content\\\/uploads\\\/sites\\\/24\\\/2025\\\/08\\\/forumqualenergia-logo-2023.png\",\"contentUrl\":\"https:\\\/\\\/forumqualenergia.it\\\/2023\\\/wp-content\\\/uploads\\\/sites\\\/24\\\/2025\\\/08\\\/forumqualenergia-logo-2023.png\",\"width\":600,\"height\":182,\"caption\":\"ForumQualEnergia 2023\"},\"image\":{\"@id\":\"https:\\\/\\\/forumqualenergia.it\\\/2023\\\/#\\\/schema\\\/logo\\\/image\\\/\"}}]}<\/script>\n<!-- \/ Yoast SEO plugin. -->","yoast_head_json":{"title":"DOCUMENTI - ForumQualEnergia 2023","robots":{"index":"index","follow":"follow","max-snippet":"max-snippet:-1","max-image-preview":"max-image-preview:large","max-video-preview":"max-video-preview:-1"},"canonical":"https:\/\/forumqualenergia.it\/2023\/documenti\/","og_locale":"it_IT","og_type":"article","og_title":"DOCUMENTI - ForumQualEnergia 2023","og_description":"Documenti Scarica le presentazioni delle relatrici e dei relatori. Pagina in aggiornamento con i materiali per i quali \u00e8 stata concessa liberatoria Davide Albani Head of Business Unit Leitwind Davide Albani Head of Business Unit Leitwind Dopo aver conseguito una laurea in Ingegneria Gestionale presso l\u2019Universit\u00e0 di Padova e un Master in International Management a [&hellip;]","og_url":"https:\/\/forumqualenergia.it\/2023\/documenti\/","og_site_name":"ForumQualEnergia 2023","article_modified_time":"2025-09-18T10:51:47+00:00","og_image":[{"url":"https:\/\/staging.forumqualenergia.it\/2023\/wp-content\/uploads\/sites\/24\/2024\/01\/Logo-Leitwind-vettoriale_ATTUALE-300x70.png","type":"","width":"","height":""}],"twitter_card":"summary_large_image","twitter_misc":{"Tempo di lettura stimato":"18 minuti"},"schema":{"@context":"https:\/\/schema.org","@graph":[{"@type":"WebPage","@id":"https:\/\/forumqualenergia.it\/2023\/documenti\/","url":"https:\/\/forumqualenergia.it\/2023\/documenti\/","name":"DOCUMENTI - ForumQualEnergia 2023","isPartOf":{"@id":"https:\/\/forumqualenergia.it\/2023\/#website"},"primaryImageOfPage":{"@id":"https:\/\/forumqualenergia.it\/2023\/documenti\/#primaryimage"},"image":{"@id":"https:\/\/forumqualenergia.it\/2023\/documenti\/#primaryimage"},"thumbnailUrl":"https:\/\/staging.forumqualenergia.it\/2023\/wp-content\/uploads\/sites\/24\/2024\/01\/Logo-Leitwind-vettoriale_ATTUALE-300x70.png","datePublished":"2023-12-28T17:07:57+00:00","dateModified":"2025-09-18T10:51:47+00:00","inLanguage":"it-IT","potentialAction":[{"@type":"ReadAction","target":["https:\/\/forumqualenergia.it\/2023\/documenti\/"]}]},{"@type":"ImageObject","inLanguage":"it-IT","@id":"https:\/\/forumqualenergia.it\/2023\/documenti\/#primaryimage","url":"https:\/\/staging.forumqualenergia.it\/2023\/wp-content\/uploads\/sites\/24\/2024\/01\/Logo-Leitwind-vettoriale_ATTUALE-300x70.png","contentUrl":"https:\/\/staging.forumqualenergia.it\/2023\/wp-content\/uploads\/sites\/24\/2024\/01\/Logo-Leitwind-vettoriale_ATTUALE-300x70.png"},{"@type":"WebSite","@id":"https:\/\/forumqualenergia.it\/2023\/#website","url":"https:\/\/forumqualenergia.it\/2023\/","name":"ForumQualEnergia 2023","description":"Il forum della sostenibilit\u00e0 energetica","publisher":{"@id":"https:\/\/forumqualenergia.it\/2023\/#organization"},"potentialAction":[{"@type":"SearchAction","target":{"@type":"EntryPoint","urlTemplate":"https:\/\/forumqualenergia.it\/2023\/?s={search_term_string}"},"query-input":{"@type":"PropertyValueSpecification","valueRequired":true,"valueName":"search_term_string"}}],"inLanguage":"it-IT"},{"@type":"Organization","@id":"https:\/\/forumqualenergia.it\/2023\/#organization","name":"ForumQualEnergia 2023","url":"https:\/\/forumqualenergia.it\/2023\/","logo":{"@type":"ImageObject","inLanguage":"it-IT","@id":"https:\/\/forumqualenergia.it\/2023\/#\/schema\/logo\/image\/","url":"https:\/\/forumqualenergia.it\/2023\/wp-content\/uploads\/sites\/24\/2025\/08\/forumqualenergia-logo-2023.png","contentUrl":"https:\/\/forumqualenergia.it\/2023\/wp-content\/uploads\/sites\/24\/2025\/08\/forumqualenergia-logo-2023.png","width":600,"height":182,"caption":"ForumQualEnergia 2023"},"image":{"@id":"https:\/\/forumqualenergia.it\/2023\/#\/schema\/logo\/image\/"}}]}},"_links":{"self":[{"href":"https:\/\/forumqualenergia.it\/2023\/wp-json\/wp\/v2\/pages\/6534","targetHints":{"allow":["GET"]}}],"collection":[{"href":"https:\/\/forumqualenergia.it\/2023\/wp-json\/wp\/v2\/pages"}],"about":[{"href":"https:\/\/forumqualenergia.it\/2023\/wp-json\/wp\/v2\/types\/page"}],"author":[{"embeddable":true,"href":"https:\/\/forumqualenergia.it\/2023\/wp-json\/wp\/v2\/users\/5"}],"replies":[{"embeddable":true,"href":"https:\/\/forumqualenergia.it\/2023\/wp-json\/wp\/v2\/comments?post=6534"}],"version-history":[{"count":0,"href":"https:\/\/forumqualenergia.it\/2023\/wp-json\/wp\/v2\/pages\/6534\/revisions"}],"wp:attachment":[{"href":"https:\/\/forumqualenergia.it\/2023\/wp-json\/wp\/v2\/media?parent=6534"}],"curies":[{"name":"wp","href":"https:\/\/api.w.org\/{rel}","templated":true}]}}